{"id":125,"date":"2022-11-08T13:27:09","date_gmt":"2022-11-08T13:27:09","guid":{"rendered":"https:\/\/villabornancini.it\/?page_id=125"},"modified":"2026-03-25T15:01:33","modified_gmt":"2026-03-25T14:01:33","slug":"wedding","status":"publish","type":"page","link":"https:\/\/villabornancini.it\/es\/wedding","title":{"rendered":"<span style=\"color: #ffcc99;\">Boda<\/span>&nbsp;&nbsp;&nbsp;&nbsp;&nbsp;&nbsp;  <img class=\"alignnone wp-image-46980\" src=\"https:\/\/villabornancini.it\/wp-content\/uploads\/2026\/01\/badge-weddingawards_it_IT-150x150.png\" alt=\"\" width=\"90\" height=\"90\">"},"content":{"rendered":"<p><\/p>\n<h1><span style=\"color: #ffcc00;\">Transformaremos tus sue\u00f1os en realidad<\/span><\/h1>\n<table style=\"float: right;\">\n<tbody>\n<tr>\n<td style=\"text-align: right;\" width=\"604\">\n<nav class=\"navbar\"><a href=\"https:\/\/villabornancini.it\/tour-virtuali\"><span style=\"color: #ff9900;\">Recorridos Virtuales<\/span><\/a>&nbsp;&nbsp;&nbsp;<a href=\"https:\/\/villabornancini.it\/i-reels-dei-nostri-sposi\"><span style=\"color: #ff9900;\">Reels<\/span><\/a>&nbsp;&nbsp;&nbsp;<a href=\"https:\/\/villabornancini.it\/posiziona-tavoli\"><span style=\"color: #ff9900;\">Disposici\u00f3n de la mesa<\/span><\/a>&nbsp;&nbsp;&nbsp;<a href=\"https:\/\/villabornancini.it\/proposte-di-menu\"><span style=\"color: #ff9900;\">Catering Recomendado<\/span><\/a>&nbsp;&nbsp;&nbsp;<a href=\"https:\/\/villabornancini.it\/agenda-degli-sposi\"><span style=\"color: #ff9900;\">Organizador de Bodas<\/span><\/a>&nbsp;&nbsp;&nbsp;<a href=\"https:\/\/villabornancini.it\/adempimenti-siae\"><span style=\"color: #ff9900;\">Requisitos de SIAE<\/span><\/a><\/nav>\n<\/td>\n<\/tr>\n<\/tbody>\n<\/table>\n<p><img loading=\"lazy\" decoding=\"async\" class=\"alignnone wp-image-855 size-full\" src=\"https:\/\/villabornancini.it\/wp-content\/uploads\/2023\/01\/sposi-in-villa-29-scaled.jpg\" alt=\"\" width=\"2560\" height=\"1707\" srcset=\"https:\/\/villabornancini.it\/wp-content\/uploads\/2023\/01\/sposi-in-villa-29-scaled.jpg 2560w, https:\/\/villabornancini.it\/wp-content\/uploads\/2023\/01\/sposi-in-villa-29-scaled-350x233.jpg 350w, https:\/\/villabornancini.it\/wp-content\/uploads\/2023\/01\/sposi-in-villa-29-300x200.jpg 300w, https:\/\/villabornancini.it\/wp-content\/uploads\/2023\/01\/sposi-in-villa-29-1024x683.jpg 1024w, https:\/\/villabornancini.it\/wp-content\/uploads\/2023\/01\/sposi-in-villa-29-768x512.jpg 768w, https:\/\/villabornancini.it\/wp-content\/uploads\/2023\/01\/sposi-in-villa-29-1536x1024.jpg 1536w, https:\/\/villabornancini.it\/wp-content\/uploads\/2023\/01\/sposi-in-villa-29-2048x1365.jpg 2048w\" sizes=\"auto, (max-width: 706px) 89vw, (max-width: 767px) 82vw, 740px\" \/><\/p>\n<h3><span style=\"color: #ffcc00;\">Villa Bornancini ofrece a sus clientes la ubicaci\u00f3n de grandes y prestigiosos espacios internos e externos ofreciendo un servicio de Organizaci\u00f3n de Bodas<\/span><\/h3>\n<p><span style=\"color: #ff9900;\"><a href=\"https:\/\/villabornancini.it\/wp-content\/uploads\/2024\/09\/IMG_20240914_184124_HDR-scaled.jpg\"><img loading=\"lazy\" decoding=\"async\" class=\"alignleft wp-image-37127\" src=\"https:\/\/villabornancini.it\/wp-content\/uploads\/2024\/09\/IMG_20240914_184124_HDR-224x300.jpg\" alt=\"\" width=\"180\" height=\"241\" srcset=\"https:\/\/villabornancini.it\/wp-content\/uploads\/2024\/09\/IMG_20240914_184124_HDR-224x300.jpg 224w, https:\/\/villabornancini.it\/wp-content\/uploads\/2024\/09\/IMG_20240914_184124_HDR-scaled-350x468.jpg 350w, https:\/\/villabornancini.it\/wp-content\/uploads\/2024\/09\/IMG_20240914_184124_HDR-766x1024.jpg 766w, https:\/\/villabornancini.it\/wp-content\/uploads\/2024\/09\/IMG_20240914_184124_HDR-768x1026.jpg 768w, https:\/\/villabornancini.it\/wp-content\/uploads\/2024\/09\/IMG_20240914_184124_HDR-1149x1536.jpg 1149w, https:\/\/villabornancini.it\/wp-content\/uploads\/2024\/09\/IMG_20240914_184124_HDR-1532x2048.jpg 1532w, https:\/\/villabornancini.it\/wp-content\/uploads\/2024\/09\/IMG_20240914_184124_HDR-250x334.jpg 250w, https:\/\/villabornancini.it\/wp-content\/uploads\/2024\/09\/IMG_20240914_184124_HDR-550x735.jpg 550w, https:\/\/villabornancini.it\/wp-content\/uploads\/2024\/09\/IMG_20240914_184124_HDR-800x1069.jpg 800w, https:\/\/villabornancini.it\/wp-content\/uploads\/2024\/09\/IMG_20240914_184124_HDR-135x180.jpg 135w, https:\/\/villabornancini.it\/wp-content\/uploads\/2024\/09\/IMG_20240914_184124_HDR-374x500.jpg 374w, https:\/\/villabornancini.it\/wp-content\/uploads\/2024\/09\/IMG_20240914_184124_HDR-scaled.jpg 1916w\" sizes=\"auto, (max-width: 180px) 100vw, 180px\" \/><\/a><a href=\"https:\/\/villabornancini.it\/wp-content\/uploads\/2025\/09\/jasminadamjan_wedding-207-scaled.jpg\"><img loading=\"lazy\" decoding=\"async\" class=\"wp-image-46861 alignleft\" src=\"https:\/\/villabornancini.it\/wp-content\/uploads\/2025\/09\/jasminadamjan_wedding-207-scaled.jpg\" alt=\"\" width=\"161\" height=\"241\" srcset=\"https:\/\/villabornancini.it\/wp-content\/uploads\/2025\/09\/jasminadamjan_wedding-207-scaled.jpg 1707w, https:\/\/villabornancini.it\/wp-content\/uploads\/2025\/09\/jasminadamjan_wedding-207-200x300.jpg 200w, https:\/\/villabornancini.it\/wp-content\/uploads\/2025\/09\/jasminadamjan_wedding-207-683x1024.jpg 683w, https:\/\/villabornancini.it\/wp-content\/uploads\/2025\/09\/jasminadamjan_wedding-207-768x1152.jpg 768w, https:\/\/villabornancini.it\/wp-content\/uploads\/2025\/09\/jasminadamjan_wedding-207-1024x1536.jpg 1024w, https:\/\/villabornancini.it\/wp-content\/uploads\/2025\/09\/jasminadamjan_wedding-207-1365x2048.jpg 1365w, https:\/\/villabornancini.it\/wp-content\/uploads\/2025\/09\/jasminadamjan_wedding-207-250x375.jpg 250w, https:\/\/villabornancini.it\/wp-content\/uploads\/2025\/09\/jasminadamjan_wedding-207-550x825.jpg 550w, https:\/\/villabornancini.it\/wp-content\/uploads\/2025\/09\/jasminadamjan_wedding-207-800x1200.jpg 800w, https:\/\/villabornancini.it\/wp-content\/uploads\/2025\/09\/jasminadamjan_wedding-207-120x180.jpg 120w, https:\/\/villabornancini.it\/wp-content\/uploads\/2025\/09\/jasminadamjan_wedding-207-333x500.jpg 333w\" sizes=\"auto, (max-width: 161px) 100vw, 161px\" \/><\/a><\/span><\/p>\n<p><span style=\"color: #ff9900;\">Gracias a un acuerdo con el Ayuntamiento de Cinto Caomaggiore, Villa Bornancini fue elegida Casa Municipal.<br \/>\nEsto permite celebrar bodas civiles v\u00e1lidas por ley directamente en nuestra Villa.<br \/>\n&nbsp;<br \/>\n<span style=\"color: #ff9900;\">Adem\u00e1s, al elegir Villa Bornancini, tendr\u00e1s la oportunidad de celebrar el rito religioso dentro de la sugerente<\/span><\/span><\/p>\n<details>\n<summary><span style=\"color: #ffcc00;\">Abad\u00eda Benedictina de <em>\"Santa Mar\u00eda en Sylvis\"<\/em><\/span><\/summary>\n<p>&nbsp;<\/p>\n<p><span style=\"color: #ffcc99;\"><a href=\"https:\/\/villabornancini.it\/wp-content\/uploads\/2023\/12\/Santa-Maria-in-Sylvis.jpg\"><img loading=\"lazy\" decoding=\"async\" class=\"alignleft wp-image-30990 size-medium\" style=\"border: 8px groove #915205;\" src=\"https:\/\/villabornancini.it\/wp-content\/uploads\/2023\/12\/Santa-Maria-in-Sylvis-300x200.jpg\" alt=\"\" width=\"300\" height=\"200\" srcset=\"https:\/\/villabornancini.it\/wp-content\/uploads\/2023\/12\/Santa-Maria-in-Sylvis-300x200.jpg 300w, https:\/\/villabornancini.it\/wp-content\/uploads\/2023\/12\/Santa-Maria-in-Sylvis-350x233.jpg 350w, https:\/\/villabornancini.it\/wp-content\/uploads\/2023\/12\/Santa-Maria-in-Sylvis-250x167.jpg 250w, https:\/\/villabornancini.it\/wp-content\/uploads\/2023\/12\/Santa-Maria-in-Sylvis-550x366.jpg 550w, https:\/\/villabornancini.it\/wp-content\/uploads\/2023\/12\/Santa-Maria-in-Sylvis-270x180.jpg 270w, https:\/\/villabornancini.it\/wp-content\/uploads\/2023\/12\/Santa-Maria-in-Sylvis-450x300.jpg 450w, https:\/\/villabornancini.it\/wp-content\/uploads\/2023\/12\/Santa-Maria-in-Sylvis.jpg 680w\" sizes=\"auto, (max-width: 300px) 100vw, 300px\" \/><\/a>La antigua abad\u00eda benedictina de Santa Mar\u00eda en Sylvis de Sesto al Reghena, fundada hacia el a\u00f1o 735 y construida en estilo rom\u00e1nico-bizantino (tres naves, cripta subterr\u00e1nea y presbiterio elevado) est\u00e1 decorada con un ciclo de frescos de la escuela de Giotto.<br \/>\nDurante la ceremonia, los c\u00f3nyuges, testigos y familiares cercanos encontrar\u00e1n un lugar en el presbiterio elevado.<br \/>\nLa Antigua Abad\u00eda se encuentra a s\u00f3lo 5 minutos de Villa Bornancini.<br \/>\n<\/span><\/p>\n<\/details>\n<p>&nbsp;<\/p>\n<fieldset>\n<h3><em><span style=\"color: #ff9900;\">Espacios Internos<\/span><\/em><\/h3>\n<\/fieldset>\n<table>\n<tbody>\n<tr>\n<td width=\"302\">\n<h3><em><span style=\"color: #ffcc00;\">El sal\u00f3n de la Villa, para bienvenida y aperitivos.<\/span><\/em><\/h3>\n<\/td>\n<td width=\"302\">\n<h3><em><span style=\"color: #ffcc00;\">La antigua bodega, un espacio con capacidad para 60 personas.<\/span><\/em><\/h3>\n<\/td>\n<\/tr>\n<tr>\n<td width=\"302\"><a href=\"https:\/\/villabornancini.it\/wp-content\/uploads\/2025\/04\/IMG-20231120-WA0025-550x735-1-350x347-1.jpg\"><img loading=\"lazy\" decoding=\"async\" class=\"alignnone wp-image-42390\" src=\"https:\/\/villabornancini.it\/wp-content\/uploads\/2025\/04\/IMG-20231120-WA0025-550x735-1-350x347-1.jpg\" alt=\"\" width=\"340\" height=\"344\" srcset=\"https:\/\/villabornancini.it\/wp-content\/uploads\/2025\/04\/IMG-20231120-WA0025-550x735-1-350x347-1.jpg 550w, https:\/\/villabornancini.it\/wp-content\/uploads\/2025\/04\/IMG-20231120-WA0025-550x735-1-350x347-1-297x300.jpg 297w, https:\/\/villabornancini.it\/wp-content\/uploads\/2025\/04\/IMG-20231120-WA0025-550x735-1-350x347-1-100x100.jpg 100w, https:\/\/villabornancini.it\/wp-content\/uploads\/2025\/04\/IMG-20231120-WA0025-550x735-1-350x347-1-48x48.jpg 48w, https:\/\/villabornancini.it\/wp-content\/uploads\/2025\/04\/IMG-20231120-WA0025-550x735-1-350x347-1-250x253.jpg 250w, https:\/\/villabornancini.it\/wp-content\/uploads\/2025\/04\/IMG-20231120-WA0025-550x735-1-350x347-1-178x180.jpg 178w, https:\/\/villabornancini.it\/wp-content\/uploads\/2025\/04\/IMG-20231120-WA0025-550x735-1-350x347-1-495x500.jpg 495w, https:\/\/villabornancini.it\/wp-content\/uploads\/2025\/04\/IMG-20231120-WA0025-550x735-1-350x347-1-350x354.jpg 350w\" sizes=\"auto, (max-width: 340px) 100vw, 340px\" \/><\/a><\/td>\n<td width=\"302\"><a href=\"https:\/\/villabornancini.it\/wp-content\/uploads\/2023\/11\/IMG-20231120-WA0003.jpg\"><img loading=\"lazy\" decoding=\"async\" class=\"wp-image-30471 alignleft\" src=\"https:\/\/villabornancini.it\/wp-content\/uploads\/2023\/11\/IMG-20231120-WA0003-300x225.jpg\" alt=\"\" width=\"660\" height=\"495\" srcset=\"https:\/\/villabornancini.it\/wp-content\/uploads\/2023\/11\/IMG-20231120-WA0003-300x225.jpg 300w, https:\/\/villabornancini.it\/wp-content\/uploads\/2023\/11\/IMG-20231120-WA0003-350x263.jpg 350w, https:\/\/villabornancini.it\/wp-content\/uploads\/2023\/11\/IMG-20231120-WA0003-768x576.jpg 768w, https:\/\/villabornancini.it\/wp-content\/uploads\/2023\/11\/IMG-20231120-WA0003-250x188.jpg 250w, https:\/\/villabornancini.it\/wp-content\/uploads\/2023\/11\/IMG-20231120-WA0003-550x413.jpg 550w, https:\/\/villabornancini.it\/wp-content\/uploads\/2023\/11\/IMG-20231120-WA0003-800x600.jpg 800w, https:\/\/villabornancini.it\/wp-content\/uploads\/2023\/11\/IMG-20231120-WA0003-240x180.jpg 240w, https:\/\/villabornancini.it\/wp-content\/uploads\/2023\/11\/IMG-20231120-WA0003-400x300.jpg 400w, https:\/\/villabornancini.it\/wp-content\/uploads\/2023\/11\/IMG-20231120-WA0003-667x500.jpg 667w, https:\/\/villabornancini.it\/wp-content\/uploads\/2023\/11\/IMG-20231120-WA0003.jpg 1024w\" sizes=\"auto, (max-width: 660px) 100vw, 660px\" \/><\/a><\/td>\n<\/tr>\n<\/tbody>\n<\/table>\n<fieldset>\n<h3><em><span style=\"color: #ff9900;\">Espacios Exteriores<\/span><\/em><\/h3>\n<\/fieldset>\n<h2><span style=\"color: #ffcc00;\">El Invernadero de Dino tiene capacidad para 140 personas<\/span><\/h2>\n<table>\n<tbody>\n<tr>\n<td width=\"326\">\n<p><figure id=\"attachment_46858\" aria-describedby=\"caption-attachment-46858\" style=\"width: 400px\" class=\"wp-caption alignnone\"><a href=\"https:\/\/villabornancini.it\/wp-content\/uploads\/2025\/09\/jasminadamjan_wedding-529-scaled.jpg\"><img loading=\"lazy\" decoding=\"async\" class=\"wp-image-46858\" src=\"https:\/\/villabornancini.it\/wp-content\/uploads\/2025\/09\/jasminadamjan_wedding-529-scaled.jpg\" alt=\"\" width=\"400\" height=\"267\" srcset=\"https:\/\/villabornancini.it\/wp-content\/uploads\/2025\/09\/jasminadamjan_wedding-529-scaled.jpg 2560w, https:\/\/villabornancini.it\/wp-content\/uploads\/2025\/09\/jasminadamjan_wedding-529-300x200.jpg 300w, https:\/\/villabornancini.it\/wp-content\/uploads\/2025\/09\/jasminadamjan_wedding-529-1024x683.jpg 1024w, https:\/\/villabornancini.it\/wp-content\/uploads\/2025\/09\/jasminadamjan_wedding-529-768x512.jpg 768w, https:\/\/villabornancini.it\/wp-content\/uploads\/2025\/09\/jasminadamjan_wedding-529-1536x1024.jpg 1536w, https:\/\/villabornancini.it\/wp-content\/uploads\/2025\/09\/jasminadamjan_wedding-529-2048x1365.jpg 2048w, https:\/\/villabornancini.it\/wp-content\/uploads\/2025\/09\/jasminadamjan_wedding-529-250x167.jpg 250w, https:\/\/villabornancini.it\/wp-content\/uploads\/2025\/09\/jasminadamjan_wedding-529-550x367.jpg 550w, https:\/\/villabornancini.it\/wp-content\/uploads\/2025\/09\/jasminadamjan_wedding-529-800x533.jpg 800w, https:\/\/villabornancini.it\/wp-content\/uploads\/2025\/09\/jasminadamjan_wedding-529-270x180.jpg 270w, https:\/\/villabornancini.it\/wp-content\/uploads\/2025\/09\/jasminadamjan_wedding-529-450x300.jpg 450w, https:\/\/villabornancini.it\/wp-content\/uploads\/2025\/09\/jasminadamjan_wedding-529-750x500.jpg 750w\" sizes=\"auto, (max-width: 400px) 100vw, 400px\" \/><\/a><figcaption id=\"caption-attachment-46858\" class=\"wp-caption-text\">photos by Ne\u017ea Cerkovnik, Weddings by Agnes<\/figcaption><\/figure><\/td>\n<td width=\"326\">\n<p><figure id=\"attachment_46859\" aria-describedby=\"caption-attachment-46859\" style=\"width: 400px\" class=\"wp-caption alignnone\"><a href=\"https:\/\/villabornancini.it\/wp-content\/uploads\/2025\/09\/jasminadamjan_wedding-744-scaled.jpg\"><img loading=\"lazy\" decoding=\"async\" class=\"wp-image-46859\" src=\"https:\/\/villabornancini.it\/wp-content\/uploads\/2025\/09\/jasminadamjan_wedding-744-scaled.jpg\" alt=\"\" width=\"400\" height=\"267\" srcset=\"https:\/\/villabornancini.it\/wp-content\/uploads\/2025\/09\/jasminadamjan_wedding-744-scaled.jpg 2560w, https:\/\/villabornancini.it\/wp-content\/uploads\/2025\/09\/jasminadamjan_wedding-744-300x200.jpg 300w, https:\/\/villabornancini.it\/wp-content\/uploads\/2025\/09\/jasminadamjan_wedding-744-1024x683.jpg 1024w, https:\/\/villabornancini.it\/wp-content\/uploads\/2025\/09\/jasminadamjan_wedding-744-768x512.jpg 768w, https:\/\/villabornancini.it\/wp-content\/uploads\/2025\/09\/jasminadamjan_wedding-744-1536x1024.jpg 1536w, https:\/\/villabornancini.it\/wp-content\/uploads\/2025\/09\/jasminadamjan_wedding-744-2048x1365.jpg 2048w, https:\/\/villabornancini.it\/wp-content\/uploads\/2025\/09\/jasminadamjan_wedding-744-250x167.jpg 250w, https:\/\/villabornancini.it\/wp-content\/uploads\/2025\/09\/jasminadamjan_wedding-744-550x367.jpg 550w, https:\/\/villabornancini.it\/wp-content\/uploads\/2025\/09\/jasminadamjan_wedding-744-800x533.jpg 800w, https:\/\/villabornancini.it\/wp-content\/uploads\/2025\/09\/jasminadamjan_wedding-744-270x180.jpg 270w, https:\/\/villabornancini.it\/wp-content\/uploads\/2025\/09\/jasminadamjan_wedding-744-450x300.jpg 450w, https:\/\/villabornancini.it\/wp-content\/uploads\/2025\/09\/jasminadamjan_wedding-744-750x500.jpg 750w\" sizes=\"auto, (max-width: 400px) 100vw, 400px\" \/><\/a><figcaption id=\"caption-attachment-46859\" class=\"wp-caption-text\">photos by Ne\u017ea Cerkovnik, Weddings by Agnes<\/figcaption><\/figure><\/td>\n<\/tr>\n<tr>\n<td width=\"326\"><a href=\"https:\/\/villabornancini.it\/wp-content\/uploads\/2024\/08\/IMG-20240827-WA0000.jpg\"><img loading=\"lazy\" decoding=\"async\" class=\"alignleft wp-image-36616\" src=\"https:\/\/villabornancini.it\/wp-content\/uploads\/2024\/08\/IMG-20240827-WA0000-1024x1024.jpg\" alt=\"\" width=\"400\" height=\"400\" srcset=\"https:\/\/villabornancini.it\/wp-content\/uploads\/2024\/08\/IMG-20240827-WA0000-1024x1024.jpg 1024w, https:\/\/villabornancini.it\/wp-content\/uploads\/2024\/08\/IMG-20240827-WA0000-250x250.jpg 250w, https:\/\/villabornancini.it\/wp-content\/uploads\/2024\/08\/IMG-20240827-WA0000-100x100.jpg 100w, https:\/\/villabornancini.it\/wp-content\/uploads\/2024\/08\/IMG-20240827-WA0000-350x350.jpg 350w, https:\/\/villabornancini.it\/wp-content\/uploads\/2024\/08\/IMG-20240827-WA0000-300x300.jpg 300w, https:\/\/villabornancini.it\/wp-content\/uploads\/2024\/08\/IMG-20240827-WA0000-150x150.jpg 150w, https:\/\/villabornancini.it\/wp-content\/uploads\/2024\/08\/IMG-20240827-WA0000-768x768.jpg 768w, https:\/\/villabornancini.it\/wp-content\/uploads\/2024\/08\/IMG-20240827-WA0000-48x48.jpg 48w, https:\/\/villabornancini.it\/wp-content\/uploads\/2024\/08\/IMG-20240827-WA0000-550x550.jpg 550w, https:\/\/villabornancini.it\/wp-content\/uploads\/2024\/08\/IMG-20240827-WA0000-800x800.jpg 800w, https:\/\/villabornancini.it\/wp-content\/uploads\/2024\/08\/IMG-20240827-WA0000-180x180.jpg 180w, https:\/\/villabornancini.it\/wp-content\/uploads\/2024\/08\/IMG-20240827-WA0000-500x500.jpg 500w, https:\/\/villabornancini.it\/wp-content\/uploads\/2024\/08\/IMG-20240827-WA0000.jpg 1440w\" sizes=\"auto, (max-width: 400px) 100vw, 400px\" \/><\/a><\/td>\n<td width=\"326\"><a href=\"https:\/\/villabornancini.it\/wp-content\/uploads\/2025\/03\/WhatsApp-Image-2023-09-02-at-18.21.38.jpeg\"><img loading=\"lazy\" decoding=\"async\" class=\"alignnone wp-image-41017\" src=\"https:\/\/villabornancini.it\/wp-content\/uploads\/2025\/03\/WhatsApp-Image-2023-09-02-at-18.21.38.jpeg\" alt=\"\" width=\"400\" height=\"400\" srcset=\"https:\/\/villabornancini.it\/wp-content\/uploads\/2025\/03\/WhatsApp-Image-2023-09-02-at-18.21.38.jpeg 1194w, https:\/\/villabornancini.it\/wp-content\/uploads\/2025\/03\/WhatsApp-Image-2023-09-02-at-18.21.38-250x250.jpeg 250w, https:\/\/villabornancini.it\/wp-content\/uploads\/2025\/03\/WhatsApp-Image-2023-09-02-at-18.21.38-100x100.jpeg 100w, https:\/\/villabornancini.it\/wp-content\/uploads\/2025\/03\/WhatsApp-Image-2023-09-02-at-18.21.38-350x350.jpeg 350w, https:\/\/villabornancini.it\/wp-content\/uploads\/2025\/03\/WhatsApp-Image-2023-09-02-at-18.21.38-300x300.jpeg 300w, https:\/\/villabornancini.it\/wp-content\/uploads\/2025\/03\/WhatsApp-Image-2023-09-02-at-18.21.38-1024x1024.jpeg 1024w, https:\/\/villabornancini.it\/wp-content\/uploads\/2025\/03\/WhatsApp-Image-2023-09-02-at-18.21.38-150x150.jpeg 150w, https:\/\/villabornancini.it\/wp-content\/uploads\/2025\/03\/WhatsApp-Image-2023-09-02-at-18.21.38-768x768.jpeg 768w, https:\/\/villabornancini.it\/wp-content\/uploads\/2025\/03\/WhatsApp-Image-2023-09-02-at-18.21.38-48x48.jpeg 48w, https:\/\/villabornancini.it\/wp-content\/uploads\/2025\/03\/WhatsApp-Image-2023-09-02-at-18.21.38-550x550.jpeg 550w, https:\/\/villabornancini.it\/wp-content\/uploads\/2025\/03\/WhatsApp-Image-2023-09-02-at-18.21.38-800x800.jpeg 800w, https:\/\/villabornancini.it\/wp-content\/uploads\/2025\/03\/WhatsApp-Image-2023-09-02-at-18.21.38-180x180.jpeg 180w, https:\/\/villabornancini.it\/wp-content\/uploads\/2025\/03\/WhatsApp-Image-2023-09-02-at-18.21.38-500x500.jpeg 500w\" sizes=\"auto, (max-width: 400px) 100vw, 400px\" \/><\/a><\/td>\n<\/tr>\n<\/tbody>\n<\/table>\n<h3><span style=\"color: #ffcc99;\">el escenario adecuado para diferentes tipos de bodas, eventos corporativos y ceremonias simb\u00f3licas.<br \/>\nSe calienta para los d\u00edas m\u00e1s frescos de primavera y oto\u00f1o y se enfr\u00eda para la temporada de verano.<\/span><\/h3>\n<h2><span style=\"color: #ffcc00;\">Una boda en el Invernadero de Dino<\/span><\/h2>\n<div style=\"width: 525px;\" class=\"wp-video\"><video class=\"wp-video-shortcode\" id=\"video-125-5\" width=\"525\" height=\"295\" preload=\"metadata\" controls=\"controls\"><source type=\"video\/mp4\" src=\"https:\/\/villabornancini.it\/wp-content\/uploads\/2024\/08\/Filmato-online-video-cutter.com_.mp4?_=5\" \/><a href=\"https:\/\/villabornancini.it\/wp-content\/uploads\/2024\/08\/Filmato-online-video-cutter.com_.mp4\">https:\/\/villabornancini.it\/wp-content\/uploads\/2024\/08\/Filmato-online-video-cutter.com_.mp4<\/a><\/video><\/div>\n<h3><span style=\"color: #ffcc99;\">El invernadero,&nbsp; <span class=\"HwtZe\" lang=\"es\"><span class=\"jCAhz ChMk0b\"><span class=\"ryNqvb\">inserta en el parque centenario, se presenta a las parejas de forma sugerente y con un aura vintage que la convierte en un lugar encantador para eventos importantes<\/span><\/span><\/span>.<\/span><\/h3>\n<p>&nbsp;<br \/>\n<a href=\"https:\/\/villabornancini.it\/wp-content\/uploads\/2023\/11\/DSC_3279.jpg\"><img loading=\"lazy\" decoding=\"async\" class=\"alignleft wp-image-30558\" src=\"https:\/\/villabornancini.it\/wp-content\/uploads\/2023\/11\/DSC_3279-1024x683.jpg\" alt=\"\" width=\"400\" height=\"267\" srcset=\"https:\/\/villabornancini.it\/wp-content\/uploads\/2023\/11\/DSC_3279-1024x683.jpg 1024w, https:\/\/villabornancini.it\/wp-content\/uploads\/2023\/11\/DSC_3279-350x234.jpg 350w, https:\/\/villabornancini.it\/wp-content\/uploads\/2023\/11\/DSC_3279-300x200.jpg 300w, https:\/\/villabornancini.it\/wp-content\/uploads\/2023\/11\/DSC_3279-768x513.jpg 768w, https:\/\/villabornancini.it\/wp-content\/uploads\/2023\/11\/DSC_3279-1536x1025.jpg 1536w, https:\/\/villabornancini.it\/wp-content\/uploads\/2023\/11\/DSC_3279-250x167.jpg 250w, https:\/\/villabornancini.it\/wp-content\/uploads\/2023\/11\/DSC_3279-550x367.jpg 550w, https:\/\/villabornancini.it\/wp-content\/uploads\/2023\/11\/DSC_3279-800x534.jpg 800w, https:\/\/villabornancini.it\/wp-content\/uploads\/2023\/11\/DSC_3279-270x180.jpg 270w, https:\/\/villabornancini.it\/wp-content\/uploads\/2023\/11\/DSC_3279-450x300.jpg 450w, https:\/\/villabornancini.it\/wp-content\/uploads\/2023\/11\/DSC_3279-749x500.jpg 749w, https:\/\/villabornancini.it\/wp-content\/uploads\/2023\/11\/DSC_3279.jpg 1798w\" sizes=\"auto, (max-width: 400px) 100vw, 400px\" \/><\/a><a href=\"https:\/\/villabornancini.it\/wp-content\/uploads\/2025\/09\/jasminadamjan_wedding-4-scaled.jpg\"><img loading=\"lazy\" decoding=\"async\" class=\"alignnone wp-image-46857\" src=\"https:\/\/villabornancini.it\/wp-content\/uploads\/2025\/09\/jasminadamjan_wedding-4-scaled.jpg\" alt=\"\" width=\"400\" height=\"267\" srcset=\"https:\/\/villabornancini.it\/wp-content\/uploads\/2025\/09\/jasminadamjan_wedding-4-scaled.jpg 2560w, https:\/\/villabornancini.it\/wp-content\/uploads\/2025\/09\/jasminadamjan_wedding-4-300x200.jpg 300w, https:\/\/villabornancini.it\/wp-content\/uploads\/2025\/09\/jasminadamjan_wedding-4-1024x683.jpg 1024w, https:\/\/villabornancini.it\/wp-content\/uploads\/2025\/09\/jasminadamjan_wedding-4-768x512.jpg 768w, https:\/\/villabornancini.it\/wp-content\/uploads\/2025\/09\/jasminadamjan_wedding-4-1536x1024.jpg 1536w, https:\/\/villabornancini.it\/wp-content\/uploads\/2025\/09\/jasminadamjan_wedding-4-2048x1365.jpg 2048w, https:\/\/villabornancini.it\/wp-content\/uploads\/2025\/09\/jasminadamjan_wedding-4-250x167.jpg 250w, https:\/\/villabornancini.it\/wp-content\/uploads\/2025\/09\/jasminadamjan_wedding-4-550x367.jpg 550w, https:\/\/villabornancini.it\/wp-content\/uploads\/2025\/09\/jasminadamjan_wedding-4-800x533.jpg 800w, https:\/\/villabornancini.it\/wp-content\/uploads\/2025\/09\/jasminadamjan_wedding-4-270x180.jpg 270w, https:\/\/villabornancini.it\/wp-content\/uploads\/2025\/09\/jasminadamjan_wedding-4-450x300.jpg 450w, https:\/\/villabornancini.it\/wp-content\/uploads\/2025\/09\/jasminadamjan_wedding-4-750x500.jpg 750w\" sizes=\"auto, (max-width: 400px) 100vw, 400px\" \/><\/a><br \/>\n&nbsp;<\/p>\n<h3><span style=\"color: #ffcc99;\">El invernadero de Dino es un lugar original e innovador, un lugar encantado con una arquitectura \u00fanica que combina h\u00e1bilmente el brillo de los cristales y el verde de la vegetaci\u00f3n, y ofrece a sus invitados un ambiente refinado y un marco especial para hacer de su boda algo \u00fanico.<\/span><\/h3>\n<p>&nbsp;<\/p>\n<p><img loading=\"lazy\" decoding=\"async\" class=\"alignnone wp-image-28607 size-full\" src=\"https:\/\/villabornancini.it\/wp-content\/uploads\/2023\/09\/02092023-_MG_7175-scaled.jpg\" alt=\"\" width=\"2560\" height=\"1707\" srcset=\"https:\/\/villabornancini.it\/wp-content\/uploads\/2023\/09\/02092023-_MG_7175-scaled.jpg 2560w, https:\/\/villabornancini.it\/wp-content\/uploads\/2023\/09\/02092023-_MG_7175-scaled-350x233.jpg 350w, https:\/\/villabornancini.it\/wp-content\/uploads\/2023\/09\/02092023-_MG_7175-300x200.jpg 300w, https:\/\/villabornancini.it\/wp-content\/uploads\/2023\/09\/02092023-_MG_7175-1024x683.jpg 1024w, https:\/\/villabornancini.it\/wp-content\/uploads\/2023\/09\/02092023-_MG_7175-768x512.jpg 768w, https:\/\/villabornancini.it\/wp-content\/uploads\/2023\/09\/02092023-_MG_7175-1536x1024.jpg 1536w, https:\/\/villabornancini.it\/wp-content\/uploads\/2023\/09\/02092023-_MG_7175-2048x1365.jpg 2048w\" sizes=\"auto, (max-width: 706px) 89vw, (max-width: 767px) 82vw, 740px\" \/><\/p>\n<details>\n<summary><span style=\"color: #ff9900;\">\u00bfY en caso de mal tiempo?<\/span><\/summary>\n<p><span style=\"color: #ffcc99;\">Un t\u00fanel extensible conectar\u00e1 la sala de cocina de Catering y los Ba\u00f1os con el Invernadero.<\/span><br \/>\n&nbsp;<br \/>\n<a href=\"https:\/\/villabornancini.it\/wp-content\/uploads\/2025\/03\/IMG-20250327-WA0001.jpg\"><img loading=\"lazy\" decoding=\"async\" class=\"wp-image-41428 alignleft\" src=\"https:\/\/villabornancini.it\/wp-content\/uploads\/2025\/03\/IMG-20250327-WA0001-766x1024.jpg\" alt=\"\" width=\"400\" height=\"535\" srcset=\"https:\/\/villabornancini.it\/wp-content\/uploads\/2025\/03\/IMG-20250327-WA0001-766x1024.jpg 766w, https:\/\/villabornancini.it\/wp-content\/uploads\/2025\/03\/IMG-20250327-WA0001-350x468.jpg 350w, https:\/\/villabornancini.it\/wp-content\/uploads\/2025\/03\/IMG-20250327-WA0001-224x300.jpg 224w, https:\/\/villabornancini.it\/wp-content\/uploads\/2025\/03\/IMG-20250327-WA0001-768x1027.jpg 768w, https:\/\/villabornancini.it\/wp-content\/uploads\/2025\/03\/IMG-20250327-WA0001-1149x1536.jpg 1149w, https:\/\/villabornancini.it\/wp-content\/uploads\/2025\/03\/IMG-20250327-WA0001-250x334.jpg 250w, https:\/\/villabornancini.it\/wp-content\/uploads\/2025\/03\/IMG-20250327-WA0001-550x735.jpg 550w, https:\/\/villabornancini.it\/wp-content\/uploads\/2025\/03\/IMG-20250327-WA0001-800x1069.jpg 800w, https:\/\/villabornancini.it\/wp-content\/uploads\/2025\/03\/IMG-20250327-WA0001-135x180.jpg 135w, https:\/\/villabornancini.it\/wp-content\/uploads\/2025\/03\/IMG-20250327-WA0001-374x500.jpg 374w, https:\/\/villabornancini.it\/wp-content\/uploads\/2025\/03\/IMG-20250327-WA0001.jpg 1532w\" sizes=\"auto, (max-width: 400px) 100vw, 400px\" \/><\/a><a href=\"https:\/\/villabornancini.it\/wp-content\/uploads\/2025\/03\/IMG-20250327-WA0007.jpg\"><img loading=\"lazy\" decoding=\"async\" class=\"alignnone wp-image-41429\" src=\"https:\/\/villabornancini.it\/wp-content\/uploads\/2025\/03\/IMG-20250327-WA0007-766x1024.jpg\" alt=\"\" width=\"400\" height=\"535\" srcset=\"https:\/\/villabornancini.it\/wp-content\/uploads\/2025\/03\/IMG-20250327-WA0007-766x1024.jpg 766w, https:\/\/villabornancini.it\/wp-content\/uploads\/2025\/03\/IMG-20250327-WA0007-350x468.jpg 350w, https:\/\/villabornancini.it\/wp-content\/uploads\/2025\/03\/IMG-20250327-WA0007-224x300.jpg 224w, https:\/\/villabornancini.it\/wp-content\/uploads\/2025\/03\/IMG-20250327-WA0007-768x1027.jpg 768w, https:\/\/villabornancini.it\/wp-content\/uploads\/2025\/03\/IMG-20250327-WA0007-1149x1536.jpg 1149w, https:\/\/villabornancini.it\/wp-content\/uploads\/2025\/03\/IMG-20250327-WA0007-250x334.jpg 250w, https:\/\/villabornancini.it\/wp-content\/uploads\/2025\/03\/IMG-20250327-WA0007-550x735.jpg 550w, https:\/\/villabornancini.it\/wp-content\/uploads\/2025\/03\/IMG-20250327-WA0007-800x1069.jpg 800w, https:\/\/villabornancini.it\/wp-content\/uploads\/2025\/03\/IMG-20250327-WA0007-135x180.jpg 135w, https:\/\/villabornancini.it\/wp-content\/uploads\/2025\/03\/IMG-20250327-WA0007-374x500.jpg 374w, https:\/\/villabornancini.it\/wp-content\/uploads\/2025\/03\/IMG-20250327-WA0007.jpg 1532w\" sizes=\"auto, (max-width: 400px) 100vw, 400px\" \/><\/a><\/p>\n<\/details>\n<h3><span style=\"color: #ffcc99;\">Los c\u00f3nyuges que decidan organizar una boda de invierno en un invernadero tendr\u00e1n la oportunidad de jugar m\u00e1s all\u00e1 de todos los l\u00edmites con los colores y las c\u00e1lidas sugerencias t\u00edpicas de esta temporada.<br \/>\nSi bien la elecci\u00f3n puede parecer inusual, el invernadero de Dino adquiere una serie de caracter\u00edsticas que son perfectas para hacer que su boda de invierno sea m\u00e1gica.<\/span><\/h3>\n<h3><em><span style=\"color: #ffcc00;\">El Jard\u00edn y el parque centenario de 4500 m\u00b2<\/span><\/em><\/h3>\n<table>\n<tbody>\n<tr>\n<td style=\"text-align: center;\" width=\"326\"><a href=\"https:\/\/villabornancini.it\/wp-content\/uploads\/2025\/05\/P5120003-scaled.jpg\"><img loading=\"lazy\" decoding=\"async\" class=\"alignnone wp-image-43778 size-medium\" src=\"https:\/\/villabornancini.it\/wp-content\/uploads\/2025\/05\/P5120003-300x225.jpg\" alt=\"\" width=\"300\" height=\"225\" srcset=\"https:\/\/villabornancini.it\/wp-content\/uploads\/2025\/05\/P5120003-300x225.jpg 300w, https:\/\/villabornancini.it\/wp-content\/uploads\/2025\/05\/P5120003-1024x768.jpg 1024w, https:\/\/villabornancini.it\/wp-content\/uploads\/2025\/05\/P5120003-768x576.jpg 768w, https:\/\/villabornancini.it\/wp-content\/uploads\/2025\/05\/P5120003-1536x1152.jpg 1536w, https:\/\/villabornancini.it\/wp-content\/uploads\/2025\/05\/P5120003-2048x1536.jpg 2048w, https:\/\/villabornancini.it\/wp-content\/uploads\/2025\/05\/P5120003-250x188.jpg 250w, https:\/\/villabornancini.it\/wp-content\/uploads\/2025\/05\/P5120003-550x413.jpg 550w, https:\/\/villabornancini.it\/wp-content\/uploads\/2025\/05\/P5120003-800x600.jpg 800w, https:\/\/villabornancini.it\/wp-content\/uploads\/2025\/05\/P5120003-240x180.jpg 240w, https:\/\/villabornancini.it\/wp-content\/uploads\/2025\/05\/P5120003-400x300.jpg 400w, https:\/\/villabornancini.it\/wp-content\/uploads\/2025\/05\/P5120003-667x500.jpg 667w, https:\/\/villabornancini.it\/wp-content\/uploads\/2025\/05\/P5120003-350x263.jpg 350w\" sizes=\"auto, (max-width: 300px) 100vw, 300px\" \/><\/a><\/td>\n<td width=\"326\"><a href=\"https:\/\/villabornancini.it\/wp-content\/uploads\/2023\/11\/231.jpg\"><img loading=\"lazy\" decoding=\"async\" class=\" alignnone wp-image-30476 size-medium\" src=\"https:\/\/villabornancini.it\/wp-content\/uploads\/2023\/11\/231-300x225.jpg\" alt=\"\" width=\"300\" height=\"225\" srcset=\"https:\/\/villabornancini.it\/wp-content\/uploads\/2023\/11\/231-300x225.jpg 300w, https:\/\/villabornancini.it\/wp-content\/uploads\/2023\/11\/231-350x263.jpg 350w, https:\/\/villabornancini.it\/wp-content\/uploads\/2023\/11\/231-768x576.jpg 768w, https:\/\/villabornancini.it\/wp-content\/uploads\/2023\/11\/231-250x188.jpg 250w, https:\/\/villabornancini.it\/wp-content\/uploads\/2023\/11\/231-550x413.jpg 550w, https:\/\/villabornancini.it\/wp-content\/uploads\/2023\/11\/231-800x600.jpg 800w, https:\/\/villabornancini.it\/wp-content\/uploads\/2023\/11\/231-240x180.jpg 240w, https:\/\/villabornancini.it\/wp-content\/uploads\/2023\/11\/231-400x300.jpg 400w, https:\/\/villabornancini.it\/wp-content\/uploads\/2023\/11\/231-667x500.jpg 667w, https:\/\/villabornancini.it\/wp-content\/uploads\/2023\/11\/231.jpg 1024w\" sizes=\"auto, (max-width: 300px) 100vw, 300px\" \/><\/a><\/td>\n<\/tr>\n<\/tbody>\n<\/table>\n<h3><em><span style=\"color: #ffcc00;\">Aparcamiento privado al final del parque<\/span><\/em><\/h3>\n<details>\n<summary><span style=\"color: #ff9900;\">\u00bfD\u00f3nde est\u00e1 situado el parking de Villa Bornancini?<\/span><\/summary>\n<p><span style=\"color: #ffcc99;\">Siguiendo la carretera que bordea la iglesia \"Via Guglielmo Marconi\" se llega al aparcamiento privado situado al final del parque.<\/span><br \/>\n&nbsp;<br \/>\n<a href=\"https:\/\/villabornancini.it\/wp-content\/uploads\/2026\/03\/NuovoParkingES.jpg\"><img loading=\"lazy\" decoding=\"async\" class=\"alignnone wp-image-46999 size-full\" src=\"https:\/\/villabornancini.it\/wp-content\/uploads\/2026\/03\/NuovoParkingES.jpg\" alt=\"\" width=\"927\" height=\"700\" srcset=\"https:\/\/villabornancini.it\/wp-content\/uploads\/2026\/03\/NuovoParkingES.jpg 927w, https:\/\/villabornancini.it\/wp-content\/uploads\/2026\/03\/NuovoParkingES-300x227.jpg 300w, https:\/\/villabornancini.it\/wp-content\/uploads\/2026\/03\/NuovoParkingES-768x580.jpg 768w, https:\/\/villabornancini.it\/wp-content\/uploads\/2026\/03\/NuovoParkingES-250x189.jpg 250w, https:\/\/villabornancini.it\/wp-content\/uploads\/2026\/03\/NuovoParkingES-550x415.jpg 550w, https:\/\/villabornancini.it\/wp-content\/uploads\/2026\/03\/NuovoParkingES-800x604.jpg 800w, https:\/\/villabornancini.it\/wp-content\/uploads\/2026\/03\/NuovoParkingES-238x180.jpg 238w, https:\/\/villabornancini.it\/wp-content\/uploads\/2026\/03\/NuovoParkingES-397x300.jpg 397w, https:\/\/villabornancini.it\/wp-content\/uploads\/2026\/03\/NuovoParkingES-662x500.jpg 662w\" sizes=\"auto, (max-width: 706px) 89vw, (max-width: 767px) 82vw, 740px\" \/><\/a><\/p>\n<\/details>\n<p>&nbsp;<\/p>\n<table>\n<tbody>\n<tr>\n<td style=\"text-align: center;\" width=\"326\"><a href=\"https:\/\/villabornancini.it\/wp-content\/uploads\/2023\/11\/IMG-20231120-WA0023.jpg\"><img loading=\"lazy\" decoding=\"async\" class=\" alignnone wp-image-30477 size-medium\" src=\"https:\/\/villabornancini.it\/wp-content\/uploads\/2023\/11\/IMG-20231120-WA0023-224x300.jpg\" alt=\"\" width=\"224\" height=\"300\" srcset=\"https:\/\/villabornancini.it\/wp-content\/uploads\/2023\/11\/IMG-20231120-WA0023-224x300.jpg 224w, https:\/\/villabornancini.it\/wp-content\/uploads\/2023\/11\/IMG-20231120-WA0023-350x468.jpg 350w, https:\/\/villabornancini.it\/wp-content\/uploads\/2023\/11\/IMG-20231120-WA0023-766x1024.jpg 766w, https:\/\/villabornancini.it\/wp-content\/uploads\/2023\/11\/IMG-20231120-WA0023-768x1027.jpg 768w, https:\/\/villabornancini.it\/wp-content\/uploads\/2023\/11\/IMG-20231120-WA0023-1149x1536.jpg 1149w, https:\/\/villabornancini.it\/wp-content\/uploads\/2023\/11\/IMG-20231120-WA0023-250x334.jpg 250w, https:\/\/villabornancini.it\/wp-content\/uploads\/2023\/11\/IMG-20231120-WA0023-550x735.jpg 550w, https:\/\/villabornancini.it\/wp-content\/uploads\/2023\/11\/IMG-20231120-WA0023-800x1069.jpg 800w, https:\/\/villabornancini.it\/wp-content\/uploads\/2023\/11\/IMG-20231120-WA0023-135x180.jpg 135w, https:\/\/villabornancini.it\/wp-content\/uploads\/2023\/11\/IMG-20231120-WA0023-374x500.jpg 374w, https:\/\/villabornancini.it\/wp-content\/uploads\/2023\/11\/IMG-20231120-WA0023.jpg 1532w\" sizes=\"auto, (max-width: 224px) 100vw, 224px\" \/><\/a><\/td>\n<td width=\"326\"><a href=\"https:\/\/villabornancini.it\/wp-content\/uploads\/2023\/11\/IMG-20231120-WA0019.jpg\"><img loading=\"lazy\" decoding=\"async\" class=\" alignnone wp-image-30478 size-medium\" src=\"https:\/\/villabornancini.it\/wp-content\/uploads\/2023\/11\/IMG-20231120-WA0019-224x300.jpg\" alt=\"\" width=\"224\" height=\"300\" srcset=\"https:\/\/villabornancini.it\/wp-content\/uploads\/2023\/11\/IMG-20231120-WA0019-224x300.jpg 224w, https:\/\/villabornancini.it\/wp-content\/uploads\/2023\/11\/IMG-20231120-WA0019-350x468.jpg 350w, https:\/\/villabornancini.it\/wp-content\/uploads\/2023\/11\/IMG-20231120-WA0019-766x1024.jpg 766w, https:\/\/villabornancini.it\/wp-content\/uploads\/2023\/11\/IMG-20231120-WA0019-768x1027.jpg 768w, https:\/\/villabornancini.it\/wp-content\/uploads\/2023\/11\/IMG-20231120-WA0019-1149x1536.jpg 1149w, https:\/\/villabornancini.it\/wp-content\/uploads\/2023\/11\/IMG-20231120-WA0019-250x334.jpg 250w, https:\/\/villabornancini.it\/wp-content\/uploads\/2023\/11\/IMG-20231120-WA0019-550x735.jpg 550w, https:\/\/villabornancini.it\/wp-content\/uploads\/2023\/11\/IMG-20231120-WA0019-800x1069.jpg 800w, https:\/\/villabornancini.it\/wp-content\/uploads\/2023\/11\/IMG-20231120-WA0019-135x180.jpg 135w, https:\/\/villabornancini.it\/wp-content\/uploads\/2023\/11\/IMG-20231120-WA0019-374x500.jpg 374w, https:\/\/villabornancini.it\/wp-content\/uploads\/2023\/11\/IMG-20231120-WA0019.jpg 1532w\" sizes=\"auto, (max-width: 224px) 100vw, 224px\" \/><\/a><\/td>\n<\/tr>\n<\/tbody>\n<\/table>\n<h3><span style=\"color: #ff9900;\">Esencialidad, atenci\u00f3n al detalle y profesionalidad son los elementos fundamentales que crear\u00e1n el leit motiv de tu evento teniendo en cuenta la filosof\u00eda com\u00fan: dejar vivir tus emociones y respirar el ambiente de hogar a todos aquellos que entran por las puertas de Villa Bornancini.<\/span><\/h3>\n<p>&nbsp;<\/p>\n<p style=\"text-align: center;\"><span style=\"color: #ffcc00;\"><a class=\"fasc-button fasc-size-medium fasc-type-glossy fasc-rounded-medium\" style=\"background-color: #045d80; color: #ebe40c;\" href=\"https:\/\/villabornancini.it\/chiedi-un-preventivo-per-il-tuo-evento\"><span style=\"color: #ffcc00;\">Pide una oferta para tu EVENTO<\/span><\/a><\/span><\/p>\n<p>&nbsp;<br \/>\n<a href=\"https:\/\/villabornancini.it\/wp-content\/uploads\/2023\/10\/DSC_3283-scaled.jpg\"><img loading=\"lazy\" decoding=\"async\" class=\"wp-image-29179 size-large aligncenter\" style=\"border: 10px groove #915205;\" src=\"https:\/\/villabornancini.it\/wp-content\/uploads\/2023\/10\/DSC_3283-1024x684.jpg\" alt=\"\" width=\"525\" height=\"351\" srcset=\"https:\/\/villabornancini.it\/wp-content\/uploads\/2023\/10\/DSC_3283-1024x684.jpg 1024w, https:\/\/villabornancini.it\/wp-content\/uploads\/2023\/10\/DSC_3283-scaled-350x234.jpg 350w, https:\/\/villabornancini.it\/wp-content\/uploads\/2023\/10\/DSC_3283-300x200.jpg 300w, https:\/\/villabornancini.it\/wp-content\/uploads\/2023\/10\/DSC_3283-768x513.jpg 768w, https:\/\/villabornancini.it\/wp-content\/uploads\/2023\/10\/DSC_3283-1536x1025.jpg 1536w, https:\/\/villabornancini.it\/wp-content\/uploads\/2023\/10\/DSC_3283-2048x1367.jpg 2048w\" sizes=\"auto, (max-width: 525px) 100vw, 525px\" \/><\/a><\/p>\n<p style=\"text-align: center;\"><span style=\"color: #ffcc00;\"><a class=\"fasc-button fasc-size-medium fasc-type-glossy fasc-rounded-medium\" style=\"background-color: #045d80; color: #ebe40c;\" target=\"_blank\" rel=\"noopener\" href=\"https:\/\/villabornancini.it\/wp-content\/uploads\/2023\/10\/Locandina-Villa-Bornancini-2023-Spagnolo.pdf\"><span style=\"color: #ffcc00;\">Mira el Folleto<\/span><\/a><\/span><\/p>\n<p style=\"text-align: center;\"><span style=\"color: #ffcc00;\">Si no desea utilizar un servicio de catering, puede elegir de nuestro cat\u00e1logo las mesas y sillas de su elecci\u00f3n con o sin manteler\u00eda y vajilla.<\/span><\/p>\n<table>\n<tbody>\n<tr>\n<td width=\"362\">\n<p style=\"text-align: center;\"><span style=\"color: #ffcc00;\"><a class=\"fasc-button fasc-size-medium fasc-type-glossy fasc-rounded-medium\" style=\"background-color: #045d80; color: #ebe40c;\" href=\"https:\/\/villabornancini.it\/noleggio\"><span style=\"color: #ffcc00;\">Ver el Cat\u00e1logo<\/span><\/a><\/span><\/p>\n<\/td>\n<\/tr>\n<\/tbody>\n<\/table>\n<table>\n<tbody>\n<tr>\n<td style=\"text-align: center;\" width=\"349\">\n<h2><span style=\"color: #ffcc00;\">Alquiler de autobuses y minibuses<\/span><\/h2>\n<p><span style=\"color: #ffcc99;\">Disponemos de todos los servicios de transporte privado para llegar a Villa Bornancini, desde coches con ch\u00f3fer o minibuses de 8 plazas hasta autobuses ejecutivos para viajes de larga distancia.<\/span><\/td>\n<\/tr>\n<\/tbody>\n<\/table>\n<\/td>\n<\/tr>\n<\/tbody>\n<\/table>\n<p><a href=\"https:\/\/villabornancini.it\/wp-content\/uploads\/2026\/01\/badge-weddingawards_it_IT.png\"><img loading=\"lazy\" decoding=\"async\" class=\"alignnone wp-image-46980 size-thumbnail\" src=\"https:\/\/villabornancini.it\/wp-content\/uploads\/2026\/01\/badge-weddingawards_it_IT-150x150.png\" alt=\"\" width=\"150\" height=\"150\" srcset=\"https:\/\/villabornancini.it\/wp-content\/uploads\/2026\/01\/badge-weddingawards_it_IT-150x150.png 150w, https:\/\/villabornancini.it\/wp-content\/uploads\/2026\/01\/badge-weddingawards_it_IT-300x300.png 300w, https:\/\/villabornancini.it\/wp-content\/uploads\/2026\/01\/badge-weddingawards_it_IT-100x100.png 100w, https:\/\/villabornancini.it\/wp-content\/uploads\/2026\/01\/badge-weddingawards_it_IT-48x48.png 48w, https:\/\/villabornancini.it\/wp-content\/uploads\/2026\/01\/badge-weddingawards_it_IT-250x251.png 250w, https:\/\/villabornancini.it\/wp-content\/uploads\/2026\/01\/badge-weddingawards_it_IT-180x180.png 180w, https:\/\/villabornancini.it\/wp-content\/uploads\/2026\/01\/badge-weddingawards_it_IT-299x300.png 299w, https:\/\/villabornancini.it\/wp-content\/uploads\/2026\/01\/badge-weddingawards_it_IT.png 500w\" sizes=\"auto, (max-width: 150px) 100vw, 150px\" \/><\/a><\/p>\n<div>\n<div>\n<h3><span style=\"color: #ff9900;\">Rese\u00f1as en Matrimonio.com<\/span><\/h3>\n<\/div>\n<p><script src=\"https:\/\/cdn1.matrimonio.com\/js\/wp-widget.js?symfnw-IT73-1-20250723-002_www_m_\"><\/script><\/p>\n<div id=\"wp-widget-reviews\">\n<div id=\"wp-widget-preview\">Leggi <a href=\"https:\/\/www.matrimonio.com\/ville-matrimoni\/villa-bornancini--e82551\/opinioni\" rel=\"nofollow\">le nostre recensioni<\/a> a &nbsp;<br \/>\n<a href=\"https:\/\/www.matrimonio.com\" rel=\"nofollow\"><br \/>\n<img decoding=\"async\" src=\"https:\/\/cdn1.matrimonio.com\/assets\/img\/logos\/gen_logoHeader.svg\" height=\"20\"><br \/>\n<\/a><\/div>\n<\/div>\n<p><script>wpShowReviews(82551, \"black\");<\/script><br \/>\n<script type=\"text\/javascript\">var nibirumail_advice_text = 'villabornancini.it utiliza cookies para ofrecerle una mejor experiencia de navegaci\u00f3n. Utilizando nuestro servicio usted acepta el uso de cookies de acuerdo con nuestra pol\u00edtica de cookies. <a href=\"https:\/\/villabornancini.it\/?page_id=1432&lang=es\" target=\"_blank\">Saber m\u00e1s.<\/a>. <a href=\"javascript:;\" class=\"nibirumail_agreement\">Acepto.<\/a>';<\/script><br \/>\n<script type=\"text\/javascript\">var cookie_policy_url = 'https:\/\/villabornancini.it\/?page_id=1432&lang=es';<\/script><br \/>\n<script type=\"text\/javascript\" src=\"https:\/\/nibirumail.com\/docs\/scripts\/nibirumail.cookie.min.js\"><\/script><\/p>","protected":false},"excerpt":{"rendered":"<p>Transformaremos tus sue\u00f1os en realidad Recorridos Virtuales&nbsp;&nbsp;&nbsp;Reels&nbsp;&nbsp;&nbsp;Disposici\u00f3n de la mesa&nbsp;&nbsp;&nbsp;Catering Recomendado&nbsp;&nbsp;&nbsp;Organizador de Bodas&nbsp;&nbsp;&nbsp;Requisitos de SIAE Villa Bornancini ofrece a sus clientes la ubicaci\u00f3n de grandes y prestigiosos espacios internos e externos ofreciendo un servicio de Organizaci\u00f3n de Bodas Gracias a un acuerdo con el Ayuntamiento de Cinto Caomaggiore, Villa Bornancini fue elegida Casa Municipal. Esto &hellip; <\/p>\n<p class=\"link-more\"><a href=\"https:\/\/villabornancini.it\/es\/wedding\" class=\"more-link\">Continuar leyendo<span class=\"screen-reader-text\"> \"<span style=\"color: #ffcc99;\">Boda<\/span>&nbsp;&nbsp;&nbsp;&nbsp;&nbsp;&nbsp;  <img loading=\"lazy\" decoding=\"async\" class=\"alignnone wp-image-46980\" src=\"https:\/\/villabornancini.it\/wp-content\/uploads\/2026\/01\/badge-weddingawards_it_IT-150x150.png\" alt=\"\" width=\"90\" height=\"90\" srcset=\"https:\/\/villabornancini.it\/wp-content\/uploads\/2026\/01\/badge-weddingawards_it_IT-150x150.png 150w, https:\/\/villabornancini.it\/wp-content\/uploads\/2026\/01\/badge-weddingawards_it_IT-300x300.png 300w, https:\/\/villabornancini.it\/wp-content\/uploads\/2026\/01\/badge-weddingawards_it_IT-100x100.png 100w, https:\/\/villabornancini.it\/wp-content\/uploads\/2026\/01\/badge-weddingawards_it_IT-48x48.png 48w, https:\/\/villabornancini.it\/wp-content\/uploads\/2026\/01\/badge-weddingawards_it_IT-250x251.png 250w, https:\/\/villabornancini.it\/wp-content\/uploads\/2026\/01\/badge-weddingawards_it_IT-180x180.png 180w, https:\/\/villabornancini.it\/wp-content\/uploads\/2026\/01\/badge-weddingawards_it_IT-299x300.png 299w, https:\/\/villabornancini.it\/wp-content\/uploads\/2026\/01\/badge-weddingawards_it_IT.png 500w\" sizes=\"auto, (max-width: 90px) 100vw, 90px\" \/>\"<\/span><\/a><\/p>\n","protected":false},"author":1,"featured_media":0,"parent":0,"menu_order":0,"comment_status":"closed","ping_status":"closed","template":"","meta":{"footnotes":""},"class_list":["post-125","page","type-page","status-publish","hentry"],"_links":{"self":[{"href":"https:\/\/villabornancini.it\/es\/wp-json\/wp\/v2\/pages\/125","targetHints":{"allow":["GET"]}}],"collection":[{"href":"https:\/\/villabornancini.it\/es\/wp-json\/wp\/v2\/pages"}],"about":[{"href":"https:\/\/villabornancini.it\/es\/wp-json\/wp\/v2\/types\/page"}],"author":[{"embeddable":true,"href":"https:\/\/villabornancini.it\/es\/wp-json\/wp\/v2\/users\/1"}],"replies":[{"embeddable":true,"href":"https:\/\/villabornancini.it\/es\/wp-json\/wp\/v2\/comments?post=125"}],"version-history":[{"count":185,"href":"https:\/\/villabornancini.it\/es\/wp-json\/wp\/v2\/pages\/125\/revisions"}],"predecessor-version":[{"id":856,"href":"https:\/\/villabornancini.it\/es\/wp-json\/wp\/v2\/pages\/125\/revisions\/856"}],"wp:attachment":[{"href":"https:\/\/villabornancini.it\/es\/wp-json\/wp\/v2\/media?parent=125"}],"curies":[{"name":"wp","href":"https:\/\/api.w.org\/{rel}","templated":true}]}}