{"id":40755,"date":"2025-03-13T09:38:38","date_gmt":"2025-03-13T08:38:38","guid":{"rendered":"https:\/\/villabornancini.it\/?page_id=40755"},"modified":"2026-04-19T13:46:11","modified_gmt":"2026-04-19T11:46:11","slug":"tovagliato","status":"publish","type":"page","link":"https:\/\/villabornancini.it\/es\/tovagliato","title":{"rendered":"Manteler\u00eda"},"content":{"rendered":"<p><\/p>\n<h3><span style=\"color: #ffcc00;\">Nuestra colecci\u00f3n abarca desde tejidos cl\u00e1sicos hasta dise\u00f1os modernos, disponibles en una amplia gama de colores y acabados, para adaptarse a cualquier tema o estado de \u00e1nimo.<\/span><\/h3>\n<p><span style=\"color: #ffcc00;\"><a class=\"fasc-button fasc-size-medium fasc-type-glossy fasc-rounded-medium\" style=\"background-color: #045d80; color: #ebe40c;\" href=\"https:\/\/villabornancini.it\/noleggio\"><span style=\"color: #ffcc00;\">Regresar a Alquiler<\/span><\/a><\/span><br \/>\n&nbsp;<\/p>\n<h2><span style=\"color: #ffcc99;\">Manteles 330X330 Cm. 21,50\u20ac - Servilletas 50x50 cm. \u20ac. 0.65<\/span><\/h2>\n<table>\n<tbody>\n<tr>\n<td width=\"214\">\n<p><figure id=\"attachment_40757\" aria-describedby=\"caption-attachment-40757\" style=\"width: 300px\" class=\"wp-caption alignnone\"><a href=\"https:\/\/villabornancini.it\/wp-content\/uploads\/2025\/03\/panam-testa-di-moro.webp\"><img loading=\"lazy\" decoding=\"async\" class=\"wp-image-40757\" src=\"https:\/\/villabornancini.it\/wp-content\/uploads\/2025\/03\/panam-testa-di-moro-300x300.webp\" alt=\"\" width=\"300\" height=\"300\" srcset=\"https:\/\/villabornancini.it\/wp-content\/uploads\/2025\/03\/panam-testa-di-moro-300x300.webp 300w, https:\/\/villabornancini.it\/wp-content\/uploads\/2025\/03\/panam-testa-di-moro-250x250.webp 250w, https:\/\/villabornancini.it\/wp-content\/uploads\/2025\/03\/panam-testa-di-moro-100x100.webp 100w, https:\/\/villabornancini.it\/wp-content\/uploads\/2025\/03\/panam-testa-di-moro-350x350.webp 350w, https:\/\/villabornancini.it\/wp-content\/uploads\/2025\/03\/panam-testa-di-moro-150x150.webp 150w, https:\/\/villabornancini.it\/wp-content\/uploads\/2025\/03\/panam-testa-di-moro-768x768.webp 768w, https:\/\/villabornancini.it\/wp-content\/uploads\/2025\/03\/panam-testa-di-moro-48x48.webp 48w, https:\/\/villabornancini.it\/wp-content\/uploads\/2025\/03\/panam-testa-di-moro-550x550.webp 550w, https:\/\/villabornancini.it\/wp-content\/uploads\/2025\/03\/panam-testa-di-moro-800x800.webp 800w, https:\/\/villabornancini.it\/wp-content\/uploads\/2025\/03\/panam-testa-di-moro-180x180.webp 180w, https:\/\/villabornancini.it\/wp-content\/uploads\/2025\/03\/panam-testa-di-moro-500x500.webp 500w, https:\/\/villabornancini.it\/wp-content\/uploads\/2025\/03\/panam-testa-di-moro.webp 1000w\" sizes=\"auto, (max-width: 300px) 100vw, 300px\" \/><\/a><figcaption id=\"caption-attachment-40757\" class=\"wp-caption-text\"><span style=\"color: #ffcc00;\">Mantel panam\u00e1 cabeza de moro<\/span><\/figcaption><\/figure><\/td>\n<td width=\"214\">\n<p><figure id=\"attachment_40758\" aria-describedby=\"caption-attachment-40758\" style=\"width: 300px\" class=\"wp-caption alignnone\"><a href=\"https:\/\/villabornancini.it\/wp-content\/uploads\/2025\/03\/panama-rosa-cipria.webp\"><img loading=\"lazy\" decoding=\"async\" class=\"wp-image-40758\" src=\"https:\/\/villabornancini.it\/wp-content\/uploads\/2025\/03\/panama-rosa-cipria-300x300.webp\" alt=\"\" width=\"300\" height=\"300\" srcset=\"https:\/\/villabornancini.it\/wp-content\/uploads\/2025\/03\/panama-rosa-cipria-300x300.webp 300w, https:\/\/villabornancini.it\/wp-content\/uploads\/2025\/03\/panama-rosa-cipria-250x250.webp 250w, https:\/\/villabornancini.it\/wp-content\/uploads\/2025\/03\/panama-rosa-cipria-100x100.webp 100w, https:\/\/villabornancini.it\/wp-content\/uploads\/2025\/03\/panama-rosa-cipria-350x350.webp 350w, https:\/\/villabornancini.it\/wp-content\/uploads\/2025\/03\/panama-rosa-cipria-150x150.webp 150w, https:\/\/villabornancini.it\/wp-content\/uploads\/2025\/03\/panama-rosa-cipria-768x768.webp 768w, https:\/\/villabornancini.it\/wp-content\/uploads\/2025\/03\/panama-rosa-cipria-48x48.webp 48w, https:\/\/villabornancini.it\/wp-content\/uploads\/2025\/03\/panama-rosa-cipria-550x550.webp 550w, https:\/\/villabornancini.it\/wp-content\/uploads\/2025\/03\/panama-rosa-cipria-800x800.webp 800w, https:\/\/villabornancini.it\/wp-content\/uploads\/2025\/03\/panama-rosa-cipria-180x180.webp 180w, https:\/\/villabornancini.it\/wp-content\/uploads\/2025\/03\/panama-rosa-cipria-500x500.webp 500w, https:\/\/villabornancini.it\/wp-content\/uploads\/2025\/03\/panama-rosa-cipria.webp 1000w\" sizes=\"auto, (max-width: 300px) 100vw, 300px\" \/><\/a><figcaption id=\"caption-attachment-40758\" class=\"wp-caption-text\"><span style=\"color: #ffcc00;\">Mantel panam\u00e1 rosa empolvado<\/span><\/figcaption><\/figure><\/td>\n<td width=\"214\">\n<p><figure id=\"attachment_40759\" aria-describedby=\"caption-attachment-40759\" style=\"width: 300px\" class=\"wp-caption alignnone\"><a href=\"https:\/\/villabornancini.it\/wp-content\/uploads\/2025\/03\/panama-bianco-opaco.webp\"><img loading=\"lazy\" decoding=\"async\" class=\"wp-image-40759 size-medium\" src=\"https:\/\/villabornancini.it\/wp-content\/uploads\/2025\/03\/panama-bianco-opaco-300x300.webp\" alt=\"\" width=\"300\" height=\"300\" srcset=\"https:\/\/villabornancini.it\/wp-content\/uploads\/2025\/03\/panama-bianco-opaco-300x300.webp 300w, https:\/\/villabornancini.it\/wp-content\/uploads\/2025\/03\/panama-bianco-opaco-250x250.webp 250w, https:\/\/villabornancini.it\/wp-content\/uploads\/2025\/03\/panama-bianco-opaco-100x100.webp 100w, https:\/\/villabornancini.it\/wp-content\/uploads\/2025\/03\/panama-bianco-opaco-350x350.webp 350w, https:\/\/villabornancini.it\/wp-content\/uploads\/2025\/03\/panama-bianco-opaco-150x150.webp 150w, https:\/\/villabornancini.it\/wp-content\/uploads\/2025\/03\/panama-bianco-opaco-768x768.webp 768w, https:\/\/villabornancini.it\/wp-content\/uploads\/2025\/03\/panama-bianco-opaco-48x48.webp 48w, https:\/\/villabornancini.it\/wp-content\/uploads\/2025\/03\/panama-bianco-opaco-550x550.webp 550w, https:\/\/villabornancini.it\/wp-content\/uploads\/2025\/03\/panama-bianco-opaco-800x800.webp 800w, https:\/\/villabornancini.it\/wp-content\/uploads\/2025\/03\/panama-bianco-opaco-180x180.webp 180w, https:\/\/villabornancini.it\/wp-content\/uploads\/2025\/03\/panama-bianco-opaco-500x500.webp 500w, https:\/\/villabornancini.it\/wp-content\/uploads\/2025\/03\/panama-bianco-opaco.webp 1000w\" sizes=\"auto, (max-width: 300px) 100vw, 300px\" \/><\/a><figcaption id=\"caption-attachment-40759\" class=\"wp-caption-text\"><span style=\"color: #ffcc00;\">Mantel panam\u00e1 blanco<\/span><\/figcaption><\/figure><\/td>\n<\/tr>\n<tr>\n<td width=\"214\">\n<p><figure id=\"attachment_40761\" aria-describedby=\"caption-attachment-40761\" style=\"width: 300px\" class=\"wp-caption alignnone\"><a href=\"https:\/\/villabornancini.it\/wp-content\/uploads\/2025\/03\/panama-ottanio.webp\"><img loading=\"lazy\" decoding=\"async\" class=\"wp-image-40761 size-medium\" src=\"https:\/\/villabornancini.it\/wp-content\/uploads\/2025\/03\/panama-ottanio-300x300.webp\" alt=\"\" width=\"300\" height=\"300\" srcset=\"https:\/\/villabornancini.it\/wp-content\/uploads\/2025\/03\/panama-ottanio-300x300.webp 300w, https:\/\/villabornancini.it\/wp-content\/uploads\/2025\/03\/panama-ottanio-250x250.webp 250w, https:\/\/villabornancini.it\/wp-content\/uploads\/2025\/03\/panama-ottanio-100x100.webp 100w, https:\/\/villabornancini.it\/wp-content\/uploads\/2025\/03\/panama-ottanio-350x350.webp 350w, https:\/\/villabornancini.it\/wp-content\/uploads\/2025\/03\/panama-ottanio-150x150.webp 150w, https:\/\/villabornancini.it\/wp-content\/uploads\/2025\/03\/panama-ottanio-768x768.webp 768w, https:\/\/villabornancini.it\/wp-content\/uploads\/2025\/03\/panama-ottanio-48x48.webp 48w, https:\/\/villabornancini.it\/wp-content\/uploads\/2025\/03\/panama-ottanio-550x550.webp 550w, https:\/\/villabornancini.it\/wp-content\/uploads\/2025\/03\/panama-ottanio-800x800.webp 800w, https:\/\/villabornancini.it\/wp-content\/uploads\/2025\/03\/panama-ottanio-180x180.webp 180w, https:\/\/villabornancini.it\/wp-content\/uploads\/2025\/03\/panama-ottanio-500x500.webp 500w, https:\/\/villabornancini.it\/wp-content\/uploads\/2025\/03\/panama-ottanio.webp 1000w\" sizes=\"auto, (max-width: 300px) 100vw, 300px\" \/><\/a><figcaption id=\"caption-attachment-40761\" class=\"wp-caption-text\"><span style=\"color: #ffcc00;\">Mantel Panam\u00e1 verde azulado<\/span><\/figcaption><\/figure><\/td>\n<td width=\"214\">\n<p><figure id=\"attachment_40762\" aria-describedby=\"caption-attachment-40762\" style=\"width: 300px\" class=\"wp-caption alignnone\"><a href=\"https:\/\/villabornancini.it\/wp-content\/uploads\/2025\/03\/panama-corda-opaco.webp\"><img loading=\"lazy\" decoding=\"async\" class=\"wp-image-40762 size-medium\" src=\"https:\/\/villabornancini.it\/wp-content\/uploads\/2025\/03\/panama-corda-opaco-300x300.webp\" alt=\"\" width=\"300\" height=\"300\" srcset=\"https:\/\/villabornancini.it\/wp-content\/uploads\/2025\/03\/panama-corda-opaco-300x300.webp 300w, https:\/\/villabornancini.it\/wp-content\/uploads\/2025\/03\/panama-corda-opaco-250x250.webp 250w, https:\/\/villabornancini.it\/wp-content\/uploads\/2025\/03\/panama-corda-opaco-100x100.webp 100w, https:\/\/villabornancini.it\/wp-content\/uploads\/2025\/03\/panama-corda-opaco-350x350.webp 350w, https:\/\/villabornancini.it\/wp-content\/uploads\/2025\/03\/panama-corda-opaco-150x150.webp 150w, https:\/\/villabornancini.it\/wp-content\/uploads\/2025\/03\/panama-corda-opaco-768x768.webp 768w, https:\/\/villabornancini.it\/wp-content\/uploads\/2025\/03\/panama-corda-opaco-48x48.webp 48w, https:\/\/villabornancini.it\/wp-content\/uploads\/2025\/03\/panama-corda-opaco-550x550.webp 550w, https:\/\/villabornancini.it\/wp-content\/uploads\/2025\/03\/panama-corda-opaco-800x800.webp 800w, https:\/\/villabornancini.it\/wp-content\/uploads\/2025\/03\/panama-corda-opaco-180x180.webp 180w, https:\/\/villabornancini.it\/wp-content\/uploads\/2025\/03\/panama-corda-opaco-500x500.webp 500w, https:\/\/villabornancini.it\/wp-content\/uploads\/2025\/03\/panama-corda-opaco.webp 1000w\" sizes=\"auto, (max-width: 300px) 100vw, 300px\" \/><\/a><figcaption id=\"caption-attachment-40762\" class=\"wp-caption-text\"><span style=\"color: #ffcc00;\">Mantel Panam\u00e1 cuerda<\/span><\/figcaption><\/figure><\/td>\n<td width=\"214\">\n<p><figure id=\"attachment_40763\" aria-describedby=\"caption-attachment-40763\" style=\"width: 300px\" class=\"wp-caption alignnone\"><a href=\"https:\/\/villabornancini.it\/wp-content\/uploads\/2025\/03\/panama-azzurro-polvere.webp\"><img loading=\"lazy\" decoding=\"async\" class=\"wp-image-40763 size-medium\" src=\"https:\/\/villabornancini.it\/wp-content\/uploads\/2025\/03\/panama-azzurro-polvere-300x300.webp\" alt=\"\" width=\"300\" height=\"300\" srcset=\"https:\/\/villabornancini.it\/wp-content\/uploads\/2025\/03\/panama-azzurro-polvere-300x300.webp 300w, https:\/\/villabornancini.it\/wp-content\/uploads\/2025\/03\/panama-azzurro-polvere-250x250.webp 250w, https:\/\/villabornancini.it\/wp-content\/uploads\/2025\/03\/panama-azzurro-polvere-100x100.webp 100w, https:\/\/villabornancini.it\/wp-content\/uploads\/2025\/03\/panama-azzurro-polvere-350x350.webp 350w, https:\/\/villabornancini.it\/wp-content\/uploads\/2025\/03\/panama-azzurro-polvere-150x150.webp 150w, https:\/\/villabornancini.it\/wp-content\/uploads\/2025\/03\/panama-azzurro-polvere-768x768.webp 768w, https:\/\/villabornancini.it\/wp-content\/uploads\/2025\/03\/panama-azzurro-polvere-48x48.webp 48w, https:\/\/villabornancini.it\/wp-content\/uploads\/2025\/03\/panama-azzurro-polvere-550x550.webp 550w, https:\/\/villabornancini.it\/wp-content\/uploads\/2025\/03\/panama-azzurro-polvere-800x800.webp 800w, https:\/\/villabornancini.it\/wp-content\/uploads\/2025\/03\/panama-azzurro-polvere-180x180.webp 180w, https:\/\/villabornancini.it\/wp-content\/uploads\/2025\/03\/panama-azzurro-polvere-500x500.webp 500w, https:\/\/villabornancini.it\/wp-content\/uploads\/2025\/03\/panama-azzurro-polvere.webp 1000w\" sizes=\"auto, (max-width: 300px) 100vw, 300px\" \/><\/a><figcaption id=\"caption-attachment-40763\" class=\"wp-caption-text\"><span style=\"color: #ffcc00;\">Mantel panam\u00e1 azul empolvado<\/span><\/figcaption><\/figure><\/td>\n<\/tr>\n<tr>\n<td width=\"214\">\n<p><figure id=\"attachment_40764\" aria-describedby=\"caption-attachment-40764\" style=\"width: 300px\" class=\"wp-caption alignnone\"><a href=\"https:\/\/villabornancini.it\/wp-content\/uploads\/2025\/03\/tovaglia-verde-salvia.webp\"><img loading=\"lazy\" decoding=\"async\" class=\"wp-image-40764 size-medium\" src=\"https:\/\/villabornancini.it\/wp-content\/uploads\/2025\/03\/tovaglia-verde-salvia-300x300.webp\" alt=\"\" width=\"300\" height=\"300\" srcset=\"https:\/\/villabornancini.it\/wp-content\/uploads\/2025\/03\/tovaglia-verde-salvia-300x300.webp 300w, https:\/\/villabornancini.it\/wp-content\/uploads\/2025\/03\/tovaglia-verde-salvia-250x250.webp 250w, https:\/\/villabornancini.it\/wp-content\/uploads\/2025\/03\/tovaglia-verde-salvia-100x100.webp 100w, https:\/\/villabornancini.it\/wp-content\/uploads\/2025\/03\/tovaglia-verde-salvia-350x350.webp 350w, https:\/\/villabornancini.it\/wp-content\/uploads\/2025\/03\/tovaglia-verde-salvia-150x150.webp 150w, https:\/\/villabornancini.it\/wp-content\/uploads\/2025\/03\/tovaglia-verde-salvia-768x768.webp 768w, https:\/\/villabornancini.it\/wp-content\/uploads\/2025\/03\/tovaglia-verde-salvia-48x48.webp 48w, https:\/\/villabornancini.it\/wp-content\/uploads\/2025\/03\/tovaglia-verde-salvia-550x550.webp 550w, https:\/\/villabornancini.it\/wp-content\/uploads\/2025\/03\/tovaglia-verde-salvia-800x800.webp 800w, https:\/\/villabornancini.it\/wp-content\/uploads\/2025\/03\/tovaglia-verde-salvia-180x180.webp 180w, https:\/\/villabornancini.it\/wp-content\/uploads\/2025\/03\/tovaglia-verde-salvia-500x500.webp 500w, https:\/\/villabornancini.it\/wp-content\/uploads\/2025\/03\/tovaglia-verde-salvia.webp 1000w\" sizes=\"auto, (max-width: 300px) 100vw, 300px\" \/><\/a><figcaption id=\"caption-attachment-40764\" class=\"wp-caption-text\"><span style=\"color: #ffcc00;\">Mantel Panam\u00e1 Verde Salvia<\/span><\/figcaption><\/figure><\/td>\n<td width=\"214\">\n<p><figure id=\"attachment_40765\" aria-describedby=\"caption-attachment-40765\" style=\"width: 300px\" class=\"wp-caption alignnone\"><a href=\"https:\/\/villabornancini.it\/wp-content\/uploads\/2025\/03\/tovaglia-toile-de-jouy-verde.webp\"><img loading=\"lazy\" decoding=\"async\" class=\"wp-image-40765 size-medium\" src=\"https:\/\/villabornancini.it\/wp-content\/uploads\/2025\/03\/tovaglia-toile-de-jouy-verde-300x300.webp\" alt=\"\" width=\"300\" height=\"300\" srcset=\"https:\/\/villabornancini.it\/wp-content\/uploads\/2025\/03\/tovaglia-toile-de-jouy-verde-300x300.webp 300w, https:\/\/villabornancini.it\/wp-content\/uploads\/2025\/03\/tovaglia-toile-de-jouy-verde-250x250.webp 250w, https:\/\/villabornancini.it\/wp-content\/uploads\/2025\/03\/tovaglia-toile-de-jouy-verde-100x100.webp 100w, https:\/\/villabornancini.it\/wp-content\/uploads\/2025\/03\/tovaglia-toile-de-jouy-verde-350x350.webp 350w, https:\/\/villabornancini.it\/wp-content\/uploads\/2025\/03\/tovaglia-toile-de-jouy-verde-150x150.webp 150w, https:\/\/villabornancini.it\/wp-content\/uploads\/2025\/03\/tovaglia-toile-de-jouy-verde-768x768.webp 768w, https:\/\/villabornancini.it\/wp-content\/uploads\/2025\/03\/tovaglia-toile-de-jouy-verde-48x48.webp 48w, https:\/\/villabornancini.it\/wp-content\/uploads\/2025\/03\/tovaglia-toile-de-jouy-verde-550x550.webp 550w, https:\/\/villabornancini.it\/wp-content\/uploads\/2025\/03\/tovaglia-toile-de-jouy-verde-800x800.webp 800w, https:\/\/villabornancini.it\/wp-content\/uploads\/2025\/03\/tovaglia-toile-de-jouy-verde-180x180.webp 180w, https:\/\/villabornancini.it\/wp-content\/uploads\/2025\/03\/tovaglia-toile-de-jouy-verde-500x500.webp 500w, https:\/\/villabornancini.it\/wp-content\/uploads\/2025\/03\/tovaglia-toile-de-jouy-verde.webp 1000w\" sizes=\"auto, (max-width: 300px) 100vw, 300px\" \/><\/a><figcaption id=\"caption-attachment-40765\" class=\"wp-caption-text\"><span style=\"color: #ffcc00;\">Mantel de toile de jouy verde<\/span><\/figcaption><\/figure><\/td>\n<td width=\"214\">\n<p><figure id=\"attachment_40766\" aria-describedby=\"caption-attachment-40766\" style=\"width: 300px\" class=\"wp-caption alignnone\"><a href=\"https:\/\/villabornancini.it\/wp-content\/uploads\/2025\/03\/tovaglia-toile-de-jouy-blu.webp\"><img loading=\"lazy\" decoding=\"async\" class=\"wp-image-40766 size-medium\" src=\"https:\/\/villabornancini.it\/wp-content\/uploads\/2025\/03\/tovaglia-toile-de-jouy-blu-300x300.webp\" alt=\"\" width=\"300\" height=\"300\" srcset=\"https:\/\/villabornancini.it\/wp-content\/uploads\/2025\/03\/tovaglia-toile-de-jouy-blu-300x300.webp 300w, https:\/\/villabornancini.it\/wp-content\/uploads\/2025\/03\/tovaglia-toile-de-jouy-blu-250x250.webp 250w, https:\/\/villabornancini.it\/wp-content\/uploads\/2025\/03\/tovaglia-toile-de-jouy-blu-100x100.webp 100w, https:\/\/villabornancini.it\/wp-content\/uploads\/2025\/03\/tovaglia-toile-de-jouy-blu-350x350.webp 350w, https:\/\/villabornancini.it\/wp-content\/uploads\/2025\/03\/tovaglia-toile-de-jouy-blu-150x150.webp 150w, https:\/\/villabornancini.it\/wp-content\/uploads\/2025\/03\/tovaglia-toile-de-jouy-blu-768x768.webp 768w, https:\/\/villabornancini.it\/wp-content\/uploads\/2025\/03\/tovaglia-toile-de-jouy-blu-48x48.webp 48w, https:\/\/villabornancini.it\/wp-content\/uploads\/2025\/03\/tovaglia-toile-de-jouy-blu-550x550.webp 550w, https:\/\/villabornancini.it\/wp-content\/uploads\/2025\/03\/tovaglia-toile-de-jouy-blu-800x800.webp 800w, https:\/\/villabornancini.it\/wp-content\/uploads\/2025\/03\/tovaglia-toile-de-jouy-blu-180x180.webp 180w, https:\/\/villabornancini.it\/wp-content\/uploads\/2025\/03\/tovaglia-toile-de-jouy-blu-500x500.webp 500w, https:\/\/villabornancini.it\/wp-content\/uploads\/2025\/03\/tovaglia-toile-de-jouy-blu.webp 1000w\" sizes=\"auto, (max-width: 300px) 100vw, 300px\" \/><\/a><figcaption id=\"caption-attachment-40766\" class=\"wp-caption-text\"><span style=\"color: #ffcc00;\">Mantel de toile de jouy azul<\/span><\/figcaption><\/figure><\/td>\n<\/tr>\n<\/tbody>\n<\/table>\n<p><script type=\"text\/javascript\">var nibirumail_advice_text = 'villabornancini.it utiliza cookies para ofrecerle una mejor experiencia de navegaci\u00f3n. Utilizando nuestro servicio usted acepta el uso de cookies de acuerdo con nuestra pol\u00edtica de cookies. <a href=\"https:\/\/villabornancini.it\/?page_id=1432&lang=es\" target=\"_blank\">Saber m\u00e1s.<\/a>. <a href=\"javascript:;\" class=\"nibirumail_agreement\">Acepto.<\/a>';<\/script><br \/>\n<script type=\"text\/javascript\">var cookie_policy_url = 'https:\/\/villabornancini.it\/?page_id=1432&lang=es';<\/script><br \/>\n<script type=\"text\/javascript\" src=\"https:\/\/nibirumail.com\/docs\/scripts\/nibirumail.cookie.min.js\"><\/script><\/p>","protected":false},"excerpt":{"rendered":"<p>Nuestra colecci\u00f3n abarca desde tejidos cl\u00e1sicos hasta dise\u00f1os modernos, disponibles en una amplia gama de colores y acabados, para adaptarse a cualquier tema o estado de \u00e1nimo. Regresar a Alquiler &nbsp; Manteles 330X330 Cm. 21,50\u20ac - Servilletas 50x50 cm. \u20ac. 0.65<\/p>\n","protected":false},"author":1,"featured_media":0,"parent":0,"menu_order":0,"comment_status":"closed","ping_status":"closed","template":"","meta":{"footnotes":""},"class_list":["post-40755","page","type-page","status-publish","hentry"],"_links":{"self":[{"href":"https:\/\/villabornancini.it\/es\/wp-json\/wp\/v2\/pages\/40755","targetHints":{"allow":["GET"]}}],"collection":[{"href":"https:\/\/villabornancini.it\/es\/wp-json\/wp\/v2\/pages"}],"about":[{"href":"https:\/\/villabornancini.it\/es\/wp-json\/wp\/v2\/types\/page"}],"author":[{"embeddable":true,"href":"https:\/\/villabornancini.it\/es\/wp-json\/wp\/v2\/users\/1"}],"replies":[{"embeddable":true,"href":"https:\/\/villabornancini.it\/es\/wp-json\/wp\/v2\/comments?post=40755"}],"version-history":[{"count":8,"href":"https:\/\/villabornancini.it\/es\/wp-json\/wp\/v2\/pages\/40755\/revisions"}],"predecessor-version":[{"id":47094,"href":"https:\/\/villabornancini.it\/es\/wp-json\/wp\/v2\/pages\/40755\/revisions\/47094"}],"wp:attachment":[{"href":"https:\/\/villabornancini.it\/es\/wp-json\/wp\/v2\/media?parent=40755"}],"curies":[{"name":"wp","href":"https:\/\/api.w.org\/{rel}","templated":true}]}}