{"id":40691,"date":"2025-03-12T17:26:48","date_gmt":"2025-03-12T16:26:48","guid":{"rendered":"https:\/\/villabornancini.it\/?page_id=40691"},"modified":"2025-03-28T14:30:17","modified_gmt":"2025-03-28T13:30:17","slug":"noleggio","status":"publish","type":"page","link":"https:\/\/villabornancini.it\/fr\/noleggio","title":{"rendered":"<span style=\"color: #ffcc99;\">Location<\/span>"},"content":{"rendered":"<p><\/p>\n<h3><span style=\"color: #ffcc00;\">Possiamo offrire una vasta selezione di articoli catering noleggiati da Mise En Place di Sacile (PN), caratterizzati da alta qualit\u00e0 e design elegante, sempre aggiornati per rispondere alle esigenze di ogni cliente.<\/span><\/h3>\n<p><span style=\"color: #ffcc00;\"><a class=\"fasc-button fasc-size-medium fasc-type-glossy fasc-rounded-medium\" style=\"background-color: #045d80; color: #ebe40c;\" href=\"https:\/\/villabornancini.it\/wedding\"><span style=\"color: #ffcc00;\">Retour au Mariage<\/span><\/a><\/span><br \/>\n&nbsp;<\/p>\n<table>\n<tbody>\n<tr>\n<td width=\"107\"><a href=\"https:\/\/villabornancini.it\/tavoli\"><img loading=\"lazy\" decoding=\"async\" class=\"alignnone wp-image-40718 size-thumbnail\" src=\"https:\/\/villabornancini.it\/wp-content\/uploads\/2025\/03\/TAVOLO-DIAM-180-CM-BASE-LEGNO-150x150.webp\" alt=\"\" width=\"150\" height=\"150\" srcset=\"https:\/\/villabornancini.it\/wp-content\/uploads\/2025\/03\/TAVOLO-DIAM-180-CM-BASE-LEGNO-150x150.webp 150w, https:\/\/villabornancini.it\/wp-content\/uploads\/2025\/03\/TAVOLO-DIAM-180-CM-BASE-LEGNO-250x250.webp 250w, https:\/\/villabornancini.it\/wp-content\/uploads\/2025\/03\/TAVOLO-DIAM-180-CM-BASE-LEGNO-100x100.webp 100w, https:\/\/villabornancini.it\/wp-content\/uploads\/2025\/03\/TAVOLO-DIAM-180-CM-BASE-LEGNO-350x350.webp 350w, https:\/\/villabornancini.it\/wp-content\/uploads\/2025\/03\/TAVOLO-DIAM-180-CM-BASE-LEGNO-300x300.webp 300w, https:\/\/villabornancini.it\/wp-content\/uploads\/2025\/03\/TAVOLO-DIAM-180-CM-BASE-LEGNO-768x768.webp 768w, https:\/\/villabornancini.it\/wp-content\/uploads\/2025\/03\/TAVOLO-DIAM-180-CM-BASE-LEGNO-48x48.webp 48w, https:\/\/villabornancini.it\/wp-content\/uploads\/2025\/03\/TAVOLO-DIAM-180-CM-BASE-LEGNO-550x550.webp 550w, https:\/\/villabornancini.it\/wp-content\/uploads\/2025\/03\/TAVOLO-DIAM-180-CM-BASE-LEGNO-800x800.webp 800w, https:\/\/villabornancini.it\/wp-content\/uploads\/2025\/03\/TAVOLO-DIAM-180-CM-BASE-LEGNO-180x180.webp 180w, https:\/\/villabornancini.it\/wp-content\/uploads\/2025\/03\/TAVOLO-DIAM-180-CM-BASE-LEGNO-500x500.webp 500w, https:\/\/villabornancini.it\/wp-content\/uploads\/2025\/03\/TAVOLO-DIAM-180-CM-BASE-LEGNO.webp 1000w\" sizes=\"auto, (max-width: 150px) 100vw, 150px\" \/><\/a><\/td>\n<td width=\"107\"><a href=\"https:\/\/villabornancini.it\/sedie-e-coprisedie\"><img loading=\"lazy\" decoding=\"async\" class=\"alignnone wp-image-40728 size-thumbnail\" src=\"https:\/\/villabornancini.it\/wp-content\/uploads\/2025\/03\/sedia-cross-in-legno-di-noce-150x150.webp\" alt=\"\" width=\"150\" height=\"150\" srcset=\"https:\/\/villabornancini.it\/wp-content\/uploads\/2025\/03\/sedia-cross-in-legno-di-noce-150x150.webp 150w, https:\/\/villabornancini.it\/wp-content\/uploads\/2025\/03\/sedia-cross-in-legno-di-noce-250x250.webp 250w, https:\/\/villabornancini.it\/wp-content\/uploads\/2025\/03\/sedia-cross-in-legno-di-noce-100x100.webp 100w, https:\/\/villabornancini.it\/wp-content\/uploads\/2025\/03\/sedia-cross-in-legno-di-noce-350x350.webp 350w, https:\/\/villabornancini.it\/wp-content\/uploads\/2025\/03\/sedia-cross-in-legno-di-noce-300x300.webp 300w, https:\/\/villabornancini.it\/wp-content\/uploads\/2025\/03\/sedia-cross-in-legno-di-noce-768x768.webp 768w, https:\/\/villabornancini.it\/wp-content\/uploads\/2025\/03\/sedia-cross-in-legno-di-noce-48x48.webp 48w, https:\/\/villabornancini.it\/wp-content\/uploads\/2025\/03\/sedia-cross-in-legno-di-noce-550x550.webp 550w, https:\/\/villabornancini.it\/wp-content\/uploads\/2025\/03\/sedia-cross-in-legno-di-noce-800x800.webp 800w, https:\/\/villabornancini.it\/wp-content\/uploads\/2025\/03\/sedia-cross-in-legno-di-noce-180x180.webp 180w, https:\/\/villabornancini.it\/wp-content\/uploads\/2025\/03\/sedia-cross-in-legno-di-noce-500x500.webp 500w, https:\/\/villabornancini.it\/wp-content\/uploads\/2025\/03\/sedia-cross-in-legno-di-noce.webp 1000w\" sizes=\"auto, (max-width: 150px) 100vw, 150px\" \/><\/a><\/td>\n<td width=\"107\"><a href=\"https:\/\/villabornancini.it\/tovagliato\"><img loading=\"lazy\" decoding=\"async\" class=\"alignnone wp-image-40761 size-thumbnail\" src=\"https:\/\/villabornancini.it\/wp-content\/uploads\/2025\/03\/panama-ottanio-150x150.webp\" alt=\"\" width=\"150\" height=\"150\" srcset=\"https:\/\/villabornancini.it\/wp-content\/uploads\/2025\/03\/panama-ottanio-150x150.webp 150w, https:\/\/villabornancini.it\/wp-content\/uploads\/2025\/03\/panama-ottanio-250x250.webp 250w, https:\/\/villabornancini.it\/wp-content\/uploads\/2025\/03\/panama-ottanio-100x100.webp 100w, https:\/\/villabornancini.it\/wp-content\/uploads\/2025\/03\/panama-ottanio-350x350.webp 350w, https:\/\/villabornancini.it\/wp-content\/uploads\/2025\/03\/panama-ottanio-300x300.webp 300w, https:\/\/villabornancini.it\/wp-content\/uploads\/2025\/03\/panama-ottanio-768x768.webp 768w, https:\/\/villabornancini.it\/wp-content\/uploads\/2025\/03\/panama-ottanio-48x48.webp 48w, https:\/\/villabornancini.it\/wp-content\/uploads\/2025\/03\/panama-ottanio-550x550.webp 550w, https:\/\/villabornancini.it\/wp-content\/uploads\/2025\/03\/panama-ottanio-800x800.webp 800w, https:\/\/villabornancini.it\/wp-content\/uploads\/2025\/03\/panama-ottanio-180x180.webp 180w, https:\/\/villabornancini.it\/wp-content\/uploads\/2025\/03\/panama-ottanio-500x500.webp 500w, https:\/\/villabornancini.it\/wp-content\/uploads\/2025\/03\/panama-ottanio.webp 1000w\" sizes=\"auto, (max-width: 150px) 100vw, 150px\" \/><\/a><\/td>\n<td width=\"107\"><a href=\"https:\/\/villabornancini.it\/piatti-e-stoviglie\"><img loading=\"lazy\" decoding=\"async\" class=\"alignnone wp-image-40803 size-thumbnail\" src=\"https:\/\/villabornancini.it\/wp-content\/uploads\/2025\/03\/sottopiatto-ionica-filo-oro-cm-305-150x150.webp\" alt=\"\" width=\"150\" height=\"150\" srcset=\"https:\/\/villabornancini.it\/wp-content\/uploads\/2025\/03\/sottopiatto-ionica-filo-oro-cm-305-150x150.webp 150w, https:\/\/villabornancini.it\/wp-content\/uploads\/2025\/03\/sottopiatto-ionica-filo-oro-cm-305-250x250.webp 250w, https:\/\/villabornancini.it\/wp-content\/uploads\/2025\/03\/sottopiatto-ionica-filo-oro-cm-305-100x100.webp 100w, https:\/\/villabornancini.it\/wp-content\/uploads\/2025\/03\/sottopiatto-ionica-filo-oro-cm-305-350x350.webp 350w, https:\/\/villabornancini.it\/wp-content\/uploads\/2025\/03\/sottopiatto-ionica-filo-oro-cm-305-300x300.webp 300w, https:\/\/villabornancini.it\/wp-content\/uploads\/2025\/03\/sottopiatto-ionica-filo-oro-cm-305-768x768.webp 768w, https:\/\/villabornancini.it\/wp-content\/uploads\/2025\/03\/sottopiatto-ionica-filo-oro-cm-305-48x48.webp 48w, https:\/\/villabornancini.it\/wp-content\/uploads\/2025\/03\/sottopiatto-ionica-filo-oro-cm-305-550x550.webp 550w, https:\/\/villabornancini.it\/wp-content\/uploads\/2025\/03\/sottopiatto-ionica-filo-oro-cm-305-800x800.webp 800w, https:\/\/villabornancini.it\/wp-content\/uploads\/2025\/03\/sottopiatto-ionica-filo-oro-cm-305-180x180.webp 180w, https:\/\/villabornancini.it\/wp-content\/uploads\/2025\/03\/sottopiatto-ionica-filo-oro-cm-305-500x500.webp 500w, https:\/\/villabornancini.it\/wp-content\/uploads\/2025\/03\/sottopiatto-ionica-filo-oro-cm-305.webp 1000w\" sizes=\"auto, (max-width: 150px) 100vw, 150px\" \/><\/a><\/td>\n<td width=\"107\"><a href=\"https:\/\/villabornancini.it\/posateria\"><img loading=\"lazy\" decoding=\"async\" class=\"alignnone wp-image-40887 size-thumbnail\" src=\"https:\/\/villabornancini.it\/wp-content\/uploads\/2025\/03\/POSATERIA-BRONZO-800x800-1-150x150.webp\" alt=\"\" width=\"150\" height=\"150\" srcset=\"https:\/\/villabornancini.it\/wp-content\/uploads\/2025\/03\/POSATERIA-BRONZO-800x800-1-150x150.webp 150w, https:\/\/villabornancini.it\/wp-content\/uploads\/2025\/03\/POSATERIA-BRONZO-800x800-1-250x250.webp 250w, https:\/\/villabornancini.it\/wp-content\/uploads\/2025\/03\/POSATERIA-BRONZO-800x800-1-100x100.webp 100w, https:\/\/villabornancini.it\/wp-content\/uploads\/2025\/03\/POSATERIA-BRONZO-800x800-1-350x350.webp 350w, https:\/\/villabornancini.it\/wp-content\/uploads\/2025\/03\/POSATERIA-BRONZO-800x800-1-300x300.webp 300w, https:\/\/villabornancini.it\/wp-content\/uploads\/2025\/03\/POSATERIA-BRONZO-800x800-1-768x768.webp 768w, https:\/\/villabornancini.it\/wp-content\/uploads\/2025\/03\/POSATERIA-BRONZO-800x800-1-48x48.webp 48w, https:\/\/villabornancini.it\/wp-content\/uploads\/2025\/03\/POSATERIA-BRONZO-800x800-1-550x550.webp 550w, https:\/\/villabornancini.it\/wp-content\/uploads\/2025\/03\/POSATERIA-BRONZO-800x800-1-180x180.webp 180w, https:\/\/villabornancini.it\/wp-content\/uploads\/2025\/03\/POSATERIA-BRONZO-800x800-1-500x500.webp 500w, https:\/\/villabornancini.it\/wp-content\/uploads\/2025\/03\/POSATERIA-BRONZO-800x800-1.webp 800w\" sizes=\"auto, (max-width: 150px) 100vw, 150px\" \/><\/a><\/td>\n<td width=\"107\"><a href=\"https:\/\/villabornancini.it\/calici-e-bicchieri\"><img loading=\"lazy\" decoding=\"async\" class=\"alignnone wp-image-40902 size-thumbnail\" src=\"https:\/\/villabornancini.it\/wp-content\/uploads\/2025\/03\/calici-linea-MELODIA-800x800-1-150x150.webp\" alt=\"\" width=\"150\" height=\"150\" srcset=\"https:\/\/villabornancini.it\/wp-content\/uploads\/2025\/03\/calici-linea-MELODIA-800x800-1-150x150.webp 150w, https:\/\/villabornancini.it\/wp-content\/uploads\/2025\/03\/calici-linea-MELODIA-800x800-1-250x250.webp 250w, https:\/\/villabornancini.it\/wp-content\/uploads\/2025\/03\/calici-linea-MELODIA-800x800-1-100x100.webp 100w, https:\/\/villabornancini.it\/wp-content\/uploads\/2025\/03\/calici-linea-MELODIA-800x800-1-350x350.webp 350w, https:\/\/villabornancini.it\/wp-content\/uploads\/2025\/03\/calici-linea-MELODIA-800x800-1-300x300.webp 300w, https:\/\/villabornancini.it\/wp-content\/uploads\/2025\/03\/calici-linea-MELODIA-800x800-1-768x768.webp 768w, https:\/\/villabornancini.it\/wp-content\/uploads\/2025\/03\/calici-linea-MELODIA-800x800-1-48x48.webp 48w, https:\/\/villabornancini.it\/wp-content\/uploads\/2025\/03\/calici-linea-MELODIA-800x800-1-550x550.webp 550w, https:\/\/villabornancini.it\/wp-content\/uploads\/2025\/03\/calici-linea-MELODIA-800x800-1-180x180.webp 180w, https:\/\/villabornancini.it\/wp-content\/uploads\/2025\/03\/calici-linea-MELODIA-800x800-1-500x500.webp 500w, https:\/\/villabornancini.it\/wp-content\/uploads\/2025\/03\/calici-linea-MELODIA-800x800-1.webp 800w\" sizes=\"auto, (max-width: 150px) 100vw, 150px\" \/><\/a><\/td>\n<\/tr>\n<tr>\n<td width=\"107\"><a href=\"https:\/\/villabornancini.it\/tavoli\"><span style=\"color: #ffcc99;\">Tables<\/span><\/a><\/td>\n<td width=\"107\"><a href=\"https:\/\/villabornancini.it\/sedie-e-coprisedie\"><span style=\"color: #ffcc99;\">Chaises et housses de chaises<\/span><\/a><\/td>\n<td width=\"107\"><a href=\"https:\/\/villabornancini.it\/tovagliato\"><span style=\"color: #ffcc99;\">Lin de table<\/span><\/a><\/td>\n<td width=\"107\"><a href=\"https:\/\/villabornancini.it\/piatti-e-stoviglie\"><span style=\"color: #ffcc99;\">Piatti e Assiettes et plats<\/span><\/a><\/td>\n<td width=\"107\"><a href=\"https:\/\/villabornancini.it\/posateria\"><span style=\"color: #ffcc99;\">Couverts<\/span><\/a><\/td>\n<td width=\"107\"><a href=\"https:\/\/villabornancini.it\/calici-e-bicchieri\"><span style=\"color: #ffcc99;\">Gobelets et verres<\/span><\/a><\/td>\n<\/tr>\n<\/tbody>\n<\/table>\n<p><script type=\"text\/javascript\">var nibirumail_advice_text = 'villabornancini.it utilise des cookies pour vous offrir une meilleure exp\u00e9rience de navigation. En utilisant notre service, vous acceptez l'utilisation de cookies conform\u00e9ment \u00e0 notre politique en mati\u00e8re de cookies. <a href=\"https:\/\/villabornancini.it\/?page_id=1432&lang=fr\" target=\"_blank\">En savoir plus.<\/a>. <a href=\"javascript:;\" class=\"nibirumail_agreement\">je comprends.<\/a>';<\/script><br \/>\n<script type=\"text\/javascript\">var cookie_policy_url = 'https:\/\/villabornancini.it\/?page_id=1432&lang=fr';<\/script><br \/>\n<script type=\"text\/javascript\" src=\"https:\/\/nibirumail.com\/docs\/scripts\/nibirumail.cookie.min.js\"><\/script><\/p>","protected":false},"excerpt":{"rendered":"<p>Possiamo offrire una vasta selezione di articoli catering noleggiati da Mise En Place di Sacile (PN), caratterizzati da alta qualit\u00e0 e design elegante, sempre aggiornati per rispondere alle esigenze di ogni cliente. Retour au Mariage &nbsp; Tables Chaises et housses de chaises Lin de table Piatti e Assiettes et plats Couverts Gobelets et verres<\/p>\n","protected":false},"author":1,"featured_media":0,"parent":0,"menu_order":0,"comment_status":"closed","ping_status":"closed","template":"","meta":{"footnotes":""},"class_list":["post-40691","page","type-page","status-publish","hentry"],"_links":{"self":[{"href":"https:\/\/villabornancini.it\/fr\/wp-json\/wp\/v2\/pages\/40691","targetHints":{"allow":["GET"]}}],"collection":[{"href":"https:\/\/villabornancini.it\/fr\/wp-json\/wp\/v2\/pages"}],"about":[{"href":"https:\/\/villabornancini.it\/fr\/wp-json\/wp\/v2\/types\/page"}],"author":[{"embeddable":true,"href":"https:\/\/villabornancini.it\/fr\/wp-json\/wp\/v2\/users\/1"}],"replies":[{"embeddable":true,"href":"https:\/\/villabornancini.it\/fr\/wp-json\/wp\/v2\/comments?post=40691"}],"version-history":[{"count":30,"href":"https:\/\/villabornancini.it\/fr\/wp-json\/wp\/v2\/pages\/40691\/revisions"}],"predecessor-version":[{"id":41442,"href":"https:\/\/villabornancini.it\/fr\/wp-json\/wp\/v2\/pages\/40691\/revisions\/41442"}],"wp:attachment":[{"href":"https:\/\/villabornancini.it\/fr\/wp-json\/wp\/v2\/media?parent=40691"}],"curies":[{"name":"wp","href":"https:\/\/api.w.org\/{rel}","templated":true}]}}