{"id":40791,"date":"2025-03-13T11:34:59","date_gmt":"2025-03-13T10:34:59","guid":{"rendered":"https:\/\/villabornancini.it\/?page_id=40791"},"modified":"2025-03-13T18:23:15","modified_gmt":"2025-03-13T17:23:15","slug":"sottopiatti-e-piatti-pane","status":"publish","type":"page","link":"https:\/\/villabornancini.it\/fr\/sottopiatti-e-piatti-pane","title":{"rendered":"Sets de table et assiettes \u00e0 pain"},"content":{"rendered":"<p><span style=\"color: #ffcc00;\"><a class=\"fasc-button fasc-size-medium fasc-type-glossy fasc-rounded-medium\" style=\"background-color: #045d80; color: #ebe40c;\" href=\"https:\/\/villabornancini.it\/piatti-e-stoviglie\"><span style=\"color: #ffcc00;\">Retour aux assiettes et plats<br \/>\n<\/span><\/a><\/span><\/p>\n<table>\n<tbody>\n<tr>\n<td width=\"214\">\n<p><figure id=\"attachment_40792\" aria-describedby=\"caption-attachment-40792\" style=\"width: 300px\" class=\"wp-caption alignnone\"><a href=\"https:\/\/villabornancini.it\/wp-content\/uploads\/2025\/03\/sottopiatto-my-flower-cm-33.webp\"><img loading=\"lazy\" decoding=\"async\" class=\"wp-image-40792 size-medium\" src=\"https:\/\/villabornancini.it\/wp-content\/uploads\/2025\/03\/sottopiatto-my-flower-cm-33-300x300.webp\" alt=\"COD: PS00001\" width=\"300\" height=\"300\" srcset=\"https:\/\/villabornancini.it\/wp-content\/uploads\/2025\/03\/sottopiatto-my-flower-cm-33-300x300.webp 300w, https:\/\/villabornancini.it\/wp-content\/uploads\/2025\/03\/sottopiatto-my-flower-cm-33-250x250.webp 250w, https:\/\/villabornancini.it\/wp-content\/uploads\/2025\/03\/sottopiatto-my-flower-cm-33-100x100.webp 100w, https:\/\/villabornancini.it\/wp-content\/uploads\/2025\/03\/sottopiatto-my-flower-cm-33-350x350.webp 350w, https:\/\/villabornancini.it\/wp-content\/uploads\/2025\/03\/sottopiatto-my-flower-cm-33-150x150.webp 150w, https:\/\/villabornancini.it\/wp-content\/uploads\/2025\/03\/sottopiatto-my-flower-cm-33-768x768.webp 768w, https:\/\/villabornancini.it\/wp-content\/uploads\/2025\/03\/sottopiatto-my-flower-cm-33-48x48.webp 48w, https:\/\/villabornancini.it\/wp-content\/uploads\/2025\/03\/sottopiatto-my-flower-cm-33-550x550.webp 550w, https:\/\/villabornancini.it\/wp-content\/uploads\/2025\/03\/sottopiatto-my-flower-cm-33-800x800.webp 800w, https:\/\/villabornancini.it\/wp-content\/uploads\/2025\/03\/sottopiatto-my-flower-cm-33-180x180.webp 180w, https:\/\/villabornancini.it\/wp-content\/uploads\/2025\/03\/sottopiatto-my-flower-cm-33-500x500.webp 500w, https:\/\/villabornancini.it\/wp-content\/uploads\/2025\/03\/sottopiatto-my-flower-cm-33.webp 1000w\" sizes=\"auto, (max-width: 300px) 100vw, 300px\" \/><\/a><figcaption id=\"caption-attachment-40792\" class=\"wp-caption-text\"><span style=\"color: #ffcc00;\">Assiette de pr\u00e9sentation Myflower cr\u00e8me (d) cm 32<\/span><\/figcaption><\/figure><\/td>\n<td width=\"214\">\n<p><figure id=\"attachment_40793\" aria-describedby=\"caption-attachment-40793\" style=\"width: 300px\" class=\"wp-caption alignnone\"><a href=\"https:\/\/villabornancini.it\/wp-content\/uploads\/2025\/03\/piatto-pane-MY-FLOWER-CM-15.webp\"><img loading=\"lazy\" decoding=\"async\" class=\"wp-image-40793 size-medium\" src=\"https:\/\/villabornancini.it\/wp-content\/uploads\/2025\/03\/piatto-pane-MY-FLOWER-CM-15-300x300.webp\" alt=\"\" width=\"300\" height=\"300\" srcset=\"https:\/\/villabornancini.it\/wp-content\/uploads\/2025\/03\/piatto-pane-MY-FLOWER-CM-15-300x300.webp 300w, https:\/\/villabornancini.it\/wp-content\/uploads\/2025\/03\/piatto-pane-MY-FLOWER-CM-15-250x250.webp 250w, https:\/\/villabornancini.it\/wp-content\/uploads\/2025\/03\/piatto-pane-MY-FLOWER-CM-15-100x100.webp 100w, https:\/\/villabornancini.it\/wp-content\/uploads\/2025\/03\/piatto-pane-MY-FLOWER-CM-15-350x350.webp 350w, https:\/\/villabornancini.it\/wp-content\/uploads\/2025\/03\/piatto-pane-MY-FLOWER-CM-15-150x150.webp 150w, https:\/\/villabornancini.it\/wp-content\/uploads\/2025\/03\/piatto-pane-MY-FLOWER-CM-15-768x768.webp 768w, https:\/\/villabornancini.it\/wp-content\/uploads\/2025\/03\/piatto-pane-MY-FLOWER-CM-15-48x48.webp 48w, https:\/\/villabornancini.it\/wp-content\/uploads\/2025\/03\/piatto-pane-MY-FLOWER-CM-15-550x550.webp 550w, https:\/\/villabornancini.it\/wp-content\/uploads\/2025\/03\/piatto-pane-MY-FLOWER-CM-15-800x800.webp 800w, https:\/\/villabornancini.it\/wp-content\/uploads\/2025\/03\/piatto-pane-MY-FLOWER-CM-15-180x180.webp 180w, https:\/\/villabornancini.it\/wp-content\/uploads\/2025\/03\/piatto-pane-MY-FLOWER-CM-15-500x500.webp 500w, https:\/\/villabornancini.it\/wp-content\/uploads\/2025\/03\/piatto-pane-MY-FLOWER-CM-15.webp 1000w\" sizes=\"auto, (max-width: 300px) 100vw, 300px\" \/><\/a><figcaption id=\"caption-attachment-40793\" class=\"wp-caption-text\"><span style=\"color: #ffcc00;\">Assiette \u00e0 pain cr\u00e8me Myflower (d) cm 15<\/span><\/figcaption><\/figure><\/td>\n<td width=\"214\">\n<p><figure id=\"attachment_40794\" aria-describedby=\"caption-attachment-40794\" style=\"width: 300px\" class=\"wp-caption alignnone\"><a href=\"https:\/\/villabornancini.it\/wp-content\/uploads\/2025\/03\/sottopiatto-sissy-cm-31.webp\"><img loading=\"lazy\" decoding=\"async\" class=\"wp-image-40794 size-medium\" src=\"https:\/\/villabornancini.it\/wp-content\/uploads\/2025\/03\/sottopiatto-sissy-cm-31-300x300.webp\" alt=\"\" width=\"300\" height=\"300\" srcset=\"https:\/\/villabornancini.it\/wp-content\/uploads\/2025\/03\/sottopiatto-sissy-cm-31-300x300.webp 300w, https:\/\/villabornancini.it\/wp-content\/uploads\/2025\/03\/sottopiatto-sissy-cm-31-250x250.webp 250w, https:\/\/villabornancini.it\/wp-content\/uploads\/2025\/03\/sottopiatto-sissy-cm-31-100x100.webp 100w, https:\/\/villabornancini.it\/wp-content\/uploads\/2025\/03\/sottopiatto-sissy-cm-31-350x350.webp 350w, https:\/\/villabornancini.it\/wp-content\/uploads\/2025\/03\/sottopiatto-sissy-cm-31-150x150.webp 150w, https:\/\/villabornancini.it\/wp-content\/uploads\/2025\/03\/sottopiatto-sissy-cm-31-768x768.webp 768w, https:\/\/villabornancini.it\/wp-content\/uploads\/2025\/03\/sottopiatto-sissy-cm-31-48x48.webp 48w, https:\/\/villabornancini.it\/wp-content\/uploads\/2025\/03\/sottopiatto-sissy-cm-31-550x550.webp 550w, https:\/\/villabornancini.it\/wp-content\/uploads\/2025\/03\/sottopiatto-sissy-cm-31-800x800.webp 800w, https:\/\/villabornancini.it\/wp-content\/uploads\/2025\/03\/sottopiatto-sissy-cm-31-180x180.webp 180w, https:\/\/villabornancini.it\/wp-content\/uploads\/2025\/03\/sottopiatto-sissy-cm-31-500x500.webp 500w, https:\/\/villabornancini.it\/wp-content\/uploads\/2025\/03\/sottopiatto-sissy-cm-31.webp 1000w\" sizes=\"auto, (max-width: 300px) 100vw, 300px\" \/><\/a><figcaption id=\"caption-attachment-40794\" class=\"wp-caption-text\"><span style=\"color: #ffcc00;\">Sous-plaque Sissy (d) cm 31<\/span><\/figcaption><\/figure><\/td>\n<\/tr>\n<tr>\n<td width=\"214\">\n<p><figure id=\"attachment_40796\" aria-describedby=\"caption-attachment-40796\" style=\"width: 300px\" class=\"wp-caption alignnone\"><a href=\"https:\/\/villabornancini.it\/wp-content\/uploads\/2025\/03\/piatto-pane-SISSY-cm-17-1.webp\"><img loading=\"lazy\" decoding=\"async\" class=\"wp-image-40796 size-medium\" src=\"https:\/\/villabornancini.it\/wp-content\/uploads\/2025\/03\/piatto-pane-SISSY-cm-17-1-300x300.webp\" alt=\"\" width=\"300\" height=\"300\" srcset=\"https:\/\/villabornancini.it\/wp-content\/uploads\/2025\/03\/piatto-pane-SISSY-cm-17-1-300x300.webp 300w, https:\/\/villabornancini.it\/wp-content\/uploads\/2025\/03\/piatto-pane-SISSY-cm-17-1-250x250.webp 250w, https:\/\/villabornancini.it\/wp-content\/uploads\/2025\/03\/piatto-pane-SISSY-cm-17-1-100x100.webp 100w, https:\/\/villabornancini.it\/wp-content\/uploads\/2025\/03\/piatto-pane-SISSY-cm-17-1-350x350.webp 350w, https:\/\/villabornancini.it\/wp-content\/uploads\/2025\/03\/piatto-pane-SISSY-cm-17-1-150x150.webp 150w, https:\/\/villabornancini.it\/wp-content\/uploads\/2025\/03\/piatto-pane-SISSY-cm-17-1-768x768.webp 768w, https:\/\/villabornancini.it\/wp-content\/uploads\/2025\/03\/piatto-pane-SISSY-cm-17-1-48x48.webp 48w, https:\/\/villabornancini.it\/wp-content\/uploads\/2025\/03\/piatto-pane-SISSY-cm-17-1-550x550.webp 550w, https:\/\/villabornancini.it\/wp-content\/uploads\/2025\/03\/piatto-pane-SISSY-cm-17-1-800x800.webp 800w, https:\/\/villabornancini.it\/wp-content\/uploads\/2025\/03\/piatto-pane-SISSY-cm-17-1-180x180.webp 180w, https:\/\/villabornancini.it\/wp-content\/uploads\/2025\/03\/piatto-pane-SISSY-cm-17-1-500x500.webp 500w, https:\/\/villabornancini.it\/wp-content\/uploads\/2025\/03\/piatto-pane-SISSY-cm-17-1.webp 1000w\" sizes=\"auto, (max-width: 300px) 100vw, 300px\" \/><\/a><figcaption id=\"caption-attachment-40796\" class=\"wp-caption-text\"><span style=\"color: #ffcc00;\">Assiette \u00e0 pain Sissy (d) cm 17<\/span><\/figcaption><\/figure><\/td>\n<td width=\"214\">\n<p><figure id=\"attachment_40797\" aria-describedby=\"caption-attachment-40797\" style=\"width: 300px\" class=\"wp-caption alignnone\"><a href=\"https:\/\/villabornancini.it\/wp-content\/uploads\/2025\/03\/sottopiatto-chateau-cm-31.webp\"><img loading=\"lazy\" decoding=\"async\" class=\"wp-image-40797 size-medium\" src=\"https:\/\/villabornancini.it\/wp-content\/uploads\/2025\/03\/sottopiatto-chateau-cm-31-300x300.webp\" alt=\"\" width=\"300\" height=\"300\" srcset=\"https:\/\/villabornancini.it\/wp-content\/uploads\/2025\/03\/sottopiatto-chateau-cm-31-300x300.webp 300w, https:\/\/villabornancini.it\/wp-content\/uploads\/2025\/03\/sottopiatto-chateau-cm-31-250x250.webp 250w, https:\/\/villabornancini.it\/wp-content\/uploads\/2025\/03\/sottopiatto-chateau-cm-31-100x100.webp 100w, https:\/\/villabornancini.it\/wp-content\/uploads\/2025\/03\/sottopiatto-chateau-cm-31-350x350.webp 350w, https:\/\/villabornancini.it\/wp-content\/uploads\/2025\/03\/sottopiatto-chateau-cm-31-150x150.webp 150w, https:\/\/villabornancini.it\/wp-content\/uploads\/2025\/03\/sottopiatto-chateau-cm-31-768x768.webp 768w, https:\/\/villabornancini.it\/wp-content\/uploads\/2025\/03\/sottopiatto-chateau-cm-31-48x48.webp 48w, https:\/\/villabornancini.it\/wp-content\/uploads\/2025\/03\/sottopiatto-chateau-cm-31-550x550.webp 550w, https:\/\/villabornancini.it\/wp-content\/uploads\/2025\/03\/sottopiatto-chateau-cm-31-800x800.webp 800w, https:\/\/villabornancini.it\/wp-content\/uploads\/2025\/03\/sottopiatto-chateau-cm-31-180x180.webp 180w, https:\/\/villabornancini.it\/wp-content\/uploads\/2025\/03\/sottopiatto-chateau-cm-31-500x500.webp 500w, https:\/\/villabornancini.it\/wp-content\/uploads\/2025\/03\/sottopiatto-chateau-cm-31.webp 1000w\" sizes=\"auto, (max-width: 300px) 100vw, 300px\" \/><\/a><figcaption id=\"caption-attachment-40797\" class=\"wp-caption-text\"><span style=\"color: #ffcc00;\">Sous-assiette Ch\u00e2teau (d) cm 31<\/span><\/figcaption><\/figure><\/td>\n<td width=\"214\">\n<p><figure id=\"attachment_40798\" aria-describedby=\"caption-attachment-40798\" style=\"width: 300px\" class=\"wp-caption alignnone\"><a href=\"https:\/\/villabornancini.it\/wp-content\/uploads\/2025\/03\/piatto-pane-CHATEAU-cm-17-2.webp\"><img loading=\"lazy\" decoding=\"async\" class=\"wp-image-40798 size-medium\" src=\"https:\/\/villabornancini.it\/wp-content\/uploads\/2025\/03\/piatto-pane-CHATEAU-cm-17-2-300x300.webp\" alt=\"\" width=\"300\" height=\"300\" srcset=\"https:\/\/villabornancini.it\/wp-content\/uploads\/2025\/03\/piatto-pane-CHATEAU-cm-17-2-300x300.webp 300w, https:\/\/villabornancini.it\/wp-content\/uploads\/2025\/03\/piatto-pane-CHATEAU-cm-17-2-250x250.webp 250w, https:\/\/villabornancini.it\/wp-content\/uploads\/2025\/03\/piatto-pane-CHATEAU-cm-17-2-100x100.webp 100w, https:\/\/villabornancini.it\/wp-content\/uploads\/2025\/03\/piatto-pane-CHATEAU-cm-17-2-350x350.webp 350w, https:\/\/villabornancini.it\/wp-content\/uploads\/2025\/03\/piatto-pane-CHATEAU-cm-17-2-150x150.webp 150w, https:\/\/villabornancini.it\/wp-content\/uploads\/2025\/03\/piatto-pane-CHATEAU-cm-17-2-768x768.webp 768w, https:\/\/villabornancini.it\/wp-content\/uploads\/2025\/03\/piatto-pane-CHATEAU-cm-17-2-48x48.webp 48w, https:\/\/villabornancini.it\/wp-content\/uploads\/2025\/03\/piatto-pane-CHATEAU-cm-17-2-550x550.webp 550w, https:\/\/villabornancini.it\/wp-content\/uploads\/2025\/03\/piatto-pane-CHATEAU-cm-17-2-800x800.webp 800w, https:\/\/villabornancini.it\/wp-content\/uploads\/2025\/03\/piatto-pane-CHATEAU-cm-17-2-180x180.webp 180w, https:\/\/villabornancini.it\/wp-content\/uploads\/2025\/03\/piatto-pane-CHATEAU-cm-17-2-500x500.webp 500w, https:\/\/villabornancini.it\/wp-content\/uploads\/2025\/03\/piatto-pane-CHATEAU-cm-17-2.webp 1000w\" sizes=\"auto, (max-width: 300px) 100vw, 300px\" \/><\/a><figcaption id=\"caption-attachment-40798\" class=\"wp-caption-text\"><span style=\"color: #ffcc00;\">Assiette \u00e0 pain Ch\u00e2teau (d) cm 17<\/span><\/figcaption><\/figure><\/td>\n<\/tr>\n<tr>\n<td width=\"214\">\n<p><figure id=\"attachment_40799\" aria-describedby=\"caption-attachment-40799\" style=\"width: 300px\" class=\"wp-caption alignnone\"><a href=\"https:\/\/villabornancini.it\/wp-content\/uploads\/2025\/03\/sottopiatto-aura-cm-32.webp\"><img loading=\"lazy\" decoding=\"async\" class=\"wp-image-40799 size-medium\" src=\"https:\/\/villabornancini.it\/wp-content\/uploads\/2025\/03\/sottopiatto-aura-cm-32-300x300.webp\" alt=\"\" width=\"300\" height=\"300\" srcset=\"https:\/\/villabornancini.it\/wp-content\/uploads\/2025\/03\/sottopiatto-aura-cm-32-300x300.webp 300w, https:\/\/villabornancini.it\/wp-content\/uploads\/2025\/03\/sottopiatto-aura-cm-32-250x250.webp 250w, https:\/\/villabornancini.it\/wp-content\/uploads\/2025\/03\/sottopiatto-aura-cm-32-100x100.webp 100w, https:\/\/villabornancini.it\/wp-content\/uploads\/2025\/03\/sottopiatto-aura-cm-32-350x350.webp 350w, https:\/\/villabornancini.it\/wp-content\/uploads\/2025\/03\/sottopiatto-aura-cm-32-150x150.webp 150w, https:\/\/villabornancini.it\/wp-content\/uploads\/2025\/03\/sottopiatto-aura-cm-32-768x768.webp 768w, https:\/\/villabornancini.it\/wp-content\/uploads\/2025\/03\/sottopiatto-aura-cm-32-48x48.webp 48w, https:\/\/villabornancini.it\/wp-content\/uploads\/2025\/03\/sottopiatto-aura-cm-32-550x550.webp 550w, https:\/\/villabornancini.it\/wp-content\/uploads\/2025\/03\/sottopiatto-aura-cm-32-800x800.webp 800w, https:\/\/villabornancini.it\/wp-content\/uploads\/2025\/03\/sottopiatto-aura-cm-32-180x180.webp 180w, https:\/\/villabornancini.it\/wp-content\/uploads\/2025\/03\/sottopiatto-aura-cm-32-500x500.webp 500w, https:\/\/villabornancini.it\/wp-content\/uploads\/2025\/03\/sottopiatto-aura-cm-32.webp 1000w\" sizes=\"auto, (max-width: 300px) 100vw, 300px\" \/><\/a><figcaption id=\"caption-attachment-40799\" class=\"wp-caption-text\"><span style=\"color: #ffcc00;\">Sous-assiette Aura (d) cm 32<\/span><\/figcaption><\/figure><\/td>\n<td width=\"214\">\n<p><figure id=\"attachment_40800\" aria-describedby=\"caption-attachment-40800\" style=\"width: 300px\" class=\"wp-caption alignnone\"><a href=\"https:\/\/villabornancini.it\/wp-content\/uploads\/2025\/03\/piatto-pane-aura-cm-17-2.webp\"><img loading=\"lazy\" decoding=\"async\" class=\"wp-image-40800 size-medium\" src=\"https:\/\/villabornancini.it\/wp-content\/uploads\/2025\/03\/piatto-pane-aura-cm-17-2-300x300.webp\" alt=\"\" width=\"300\" height=\"300\" srcset=\"https:\/\/villabornancini.it\/wp-content\/uploads\/2025\/03\/piatto-pane-aura-cm-17-2-300x300.webp 300w, https:\/\/villabornancini.it\/wp-content\/uploads\/2025\/03\/piatto-pane-aura-cm-17-2-250x250.webp 250w, https:\/\/villabornancini.it\/wp-content\/uploads\/2025\/03\/piatto-pane-aura-cm-17-2-100x100.webp 100w, https:\/\/villabornancini.it\/wp-content\/uploads\/2025\/03\/piatto-pane-aura-cm-17-2-350x350.webp 350w, https:\/\/villabornancini.it\/wp-content\/uploads\/2025\/03\/piatto-pane-aura-cm-17-2-150x150.webp 150w, https:\/\/villabornancini.it\/wp-content\/uploads\/2025\/03\/piatto-pane-aura-cm-17-2-768x768.webp 768w, https:\/\/villabornancini.it\/wp-content\/uploads\/2025\/03\/piatto-pane-aura-cm-17-2-48x48.webp 48w, https:\/\/villabornancini.it\/wp-content\/uploads\/2025\/03\/piatto-pane-aura-cm-17-2-550x550.webp 550w, https:\/\/villabornancini.it\/wp-content\/uploads\/2025\/03\/piatto-pane-aura-cm-17-2-800x800.webp 800w, https:\/\/villabornancini.it\/wp-content\/uploads\/2025\/03\/piatto-pane-aura-cm-17-2-180x180.webp 180w, https:\/\/villabornancini.it\/wp-content\/uploads\/2025\/03\/piatto-pane-aura-cm-17-2-500x500.webp 500w, https:\/\/villabornancini.it\/wp-content\/uploads\/2025\/03\/piatto-pane-aura-cm-17-2.webp 1000w\" sizes=\"auto, (max-width: 300px) 100vw, 300px\" \/><\/a><figcaption id=\"caption-attachment-40800\" class=\"wp-caption-text\"><span style=\"color: #ffcc00;\">Assiette \u00e0 pain Aura (d) cm 17<\/span><\/figcaption><\/figure><\/td>\n<td width=\"214\">\n<p><figure id=\"attachment_40801\" aria-describedby=\"caption-attachment-40801\" style=\"width: 300px\" class=\"wp-caption alignnone\"><a href=\"https:\/\/villabornancini.it\/wp-content\/uploads\/2025\/03\/Sottopiatto-bouquet-porpora-cm-33.webp\"><img loading=\"lazy\" decoding=\"async\" class=\"wp-image-40801 size-medium\" src=\"https:\/\/villabornancini.it\/wp-content\/uploads\/2025\/03\/Sottopiatto-bouquet-porpora-cm-33-300x300.webp\" alt=\"\" width=\"300\" height=\"300\" srcset=\"https:\/\/villabornancini.it\/wp-content\/uploads\/2025\/03\/Sottopiatto-bouquet-porpora-cm-33-300x300.webp 300w, https:\/\/villabornancini.it\/wp-content\/uploads\/2025\/03\/Sottopiatto-bouquet-porpora-cm-33-250x250.webp 250w, https:\/\/villabornancini.it\/wp-content\/uploads\/2025\/03\/Sottopiatto-bouquet-porpora-cm-33-100x100.webp 100w, https:\/\/villabornancini.it\/wp-content\/uploads\/2025\/03\/Sottopiatto-bouquet-porpora-cm-33-350x350.webp 350w, https:\/\/villabornancini.it\/wp-content\/uploads\/2025\/03\/Sottopiatto-bouquet-porpora-cm-33-150x150.webp 150w, https:\/\/villabornancini.it\/wp-content\/uploads\/2025\/03\/Sottopiatto-bouquet-porpora-cm-33-768x768.webp 768w, https:\/\/villabornancini.it\/wp-content\/uploads\/2025\/03\/Sottopiatto-bouquet-porpora-cm-33-48x48.webp 48w, https:\/\/villabornancini.it\/wp-content\/uploads\/2025\/03\/Sottopiatto-bouquet-porpora-cm-33-550x550.webp 550w, https:\/\/villabornancini.it\/wp-content\/uploads\/2025\/03\/Sottopiatto-bouquet-porpora-cm-33-800x800.webp 800w, https:\/\/villabornancini.it\/wp-content\/uploads\/2025\/03\/Sottopiatto-bouquet-porpora-cm-33-180x180.webp 180w, https:\/\/villabornancini.it\/wp-content\/uploads\/2025\/03\/Sottopiatto-bouquet-porpora-cm-33-500x500.webp 500w, https:\/\/villabornancini.it\/wp-content\/uploads\/2025\/03\/Sottopiatto-bouquet-porpora-cm-33.webp 1000w\" sizes=\"auto, (max-width: 300px) 100vw, 300px\" \/><\/a><figcaption id=\"caption-attachment-40801\" class=\"wp-caption-text\"><span style=\"color: #ffcc00;\">Assiette de pr\u00e9sentation Bouquet Violet (d) cm 33<\/span><\/figcaption><\/figure><\/td>\n<\/tr>\n<tr>\n<td width=\"214\">\n<p><figure id=\"attachment_40802\" aria-describedby=\"caption-attachment-40802\" style=\"width: 300px\" class=\"wp-caption alignnone\"><a href=\"https:\/\/villabornancini.it\/wp-content\/uploads\/2025\/03\/piatto-pane-bouquet-porpora-cm-17-B.webp\"><img loading=\"lazy\" decoding=\"async\" class=\"wp-image-40802 size-medium\" src=\"https:\/\/villabornancini.it\/wp-content\/uploads\/2025\/03\/piatto-pane-bouquet-porpora-cm-17-B-300x300.webp\" alt=\"\" width=\"300\" height=\"300\" srcset=\"https:\/\/villabornancini.it\/wp-content\/uploads\/2025\/03\/piatto-pane-bouquet-porpora-cm-17-B-300x300.webp 300w, https:\/\/villabornancini.it\/wp-content\/uploads\/2025\/03\/piatto-pane-bouquet-porpora-cm-17-B-250x250.webp 250w, https:\/\/villabornancini.it\/wp-content\/uploads\/2025\/03\/piatto-pane-bouquet-porpora-cm-17-B-100x100.webp 100w, https:\/\/villabornancini.it\/wp-content\/uploads\/2025\/03\/piatto-pane-bouquet-porpora-cm-17-B-350x350.webp 350w, https:\/\/villabornancini.it\/wp-content\/uploads\/2025\/03\/piatto-pane-bouquet-porpora-cm-17-B-150x150.webp 150w, https:\/\/villabornancini.it\/wp-content\/uploads\/2025\/03\/piatto-pane-bouquet-porpora-cm-17-B-768x768.webp 768w, https:\/\/villabornancini.it\/wp-content\/uploads\/2025\/03\/piatto-pane-bouquet-porpora-cm-17-B-48x48.webp 48w, https:\/\/villabornancini.it\/wp-content\/uploads\/2025\/03\/piatto-pane-bouquet-porpora-cm-17-B-550x550.webp 550w, https:\/\/villabornancini.it\/wp-content\/uploads\/2025\/03\/piatto-pane-bouquet-porpora-cm-17-B-800x800.webp 800w, https:\/\/villabornancini.it\/wp-content\/uploads\/2025\/03\/piatto-pane-bouquet-porpora-cm-17-B-180x180.webp 180w, https:\/\/villabornancini.it\/wp-content\/uploads\/2025\/03\/piatto-pane-bouquet-porpora-cm-17-B-500x500.webp 500w, https:\/\/villabornancini.it\/wp-content\/uploads\/2025\/03\/piatto-pane-bouquet-porpora-cm-17-B.webp 1000w\" sizes=\"auto, (max-width: 300px) 100vw, 300px\" \/><\/a><figcaption id=\"caption-attachment-40802\" class=\"wp-caption-text\"><span style=\"color: #ffcc00;\">Assiette \u00e0 pain Bouquet Violet (d) cm 17<\/span><\/figcaption><\/figure><\/td>\n<td width=\"214\">\n<p><figure id=\"attachment_40803\" aria-describedby=\"caption-attachment-40803\" style=\"width: 300px\" class=\"wp-caption alignnone\"><a href=\"https:\/\/villabornancini.it\/wp-content\/uploads\/2025\/03\/sottopiatto-ionica-filo-oro-cm-305.webp\"><img loading=\"lazy\" decoding=\"async\" class=\"wp-image-40803 size-medium\" src=\"https:\/\/villabornancini.it\/wp-content\/uploads\/2025\/03\/sottopiatto-ionica-filo-oro-cm-305-300x300.webp\" alt=\"\" width=\"300\" height=\"300\" srcset=\"https:\/\/villabornancini.it\/wp-content\/uploads\/2025\/03\/sottopiatto-ionica-filo-oro-cm-305-300x300.webp 300w, https:\/\/villabornancini.it\/wp-content\/uploads\/2025\/03\/sottopiatto-ionica-filo-oro-cm-305-250x250.webp 250w, https:\/\/villabornancini.it\/wp-content\/uploads\/2025\/03\/sottopiatto-ionica-filo-oro-cm-305-100x100.webp 100w, https:\/\/villabornancini.it\/wp-content\/uploads\/2025\/03\/sottopiatto-ionica-filo-oro-cm-305-350x350.webp 350w, https:\/\/villabornancini.it\/wp-content\/uploads\/2025\/03\/sottopiatto-ionica-filo-oro-cm-305-150x150.webp 150w, https:\/\/villabornancini.it\/wp-content\/uploads\/2025\/03\/sottopiatto-ionica-filo-oro-cm-305-768x768.webp 768w, https:\/\/villabornancini.it\/wp-content\/uploads\/2025\/03\/sottopiatto-ionica-filo-oro-cm-305-48x48.webp 48w, https:\/\/villabornancini.it\/wp-content\/uploads\/2025\/03\/sottopiatto-ionica-filo-oro-cm-305-550x550.webp 550w, https:\/\/villabornancini.it\/wp-content\/uploads\/2025\/03\/sottopiatto-ionica-filo-oro-cm-305-800x800.webp 800w, https:\/\/villabornancini.it\/wp-content\/uploads\/2025\/03\/sottopiatto-ionica-filo-oro-cm-305-180x180.webp 180w, https:\/\/villabornancini.it\/wp-content\/uploads\/2025\/03\/sottopiatto-ionica-filo-oro-cm-305-500x500.webp 500w, https:\/\/villabornancini.it\/wp-content\/uploads\/2025\/03\/sottopiatto-ionica-filo-oro-cm-305.webp 1000w\" sizes=\"auto, (max-width: 300px) 100vw, 300px\" \/><\/a><figcaption id=\"caption-attachment-40803\" class=\"wp-caption-text\"><span style=\"color: #ffcc00;\">Sous-assiette en fil d'or Ionica (d) 30,5 cm<\/span><\/figcaption><\/figure><\/td>\n<td width=\"214\">\n<p><figure id=\"attachment_40804\" aria-describedby=\"caption-attachment-40804\" style=\"width: 300px\" class=\"wp-caption alignnone\"><a href=\"https:\/\/villabornancini.it\/wp-content\/uploads\/2025\/03\/piatto-pane-ionica-oro-1.webp\"><img loading=\"lazy\" decoding=\"async\" class=\"wp-image-40804 size-medium\" src=\"https:\/\/villabornancini.it\/wp-content\/uploads\/2025\/03\/piatto-pane-ionica-oro-1-300x300.webp\" alt=\"\" width=\"300\" height=\"300\" srcset=\"https:\/\/villabornancini.it\/wp-content\/uploads\/2025\/03\/piatto-pane-ionica-oro-1-300x300.webp 300w, https:\/\/villabornancini.it\/wp-content\/uploads\/2025\/03\/piatto-pane-ionica-oro-1-250x250.webp 250w, https:\/\/villabornancini.it\/wp-content\/uploads\/2025\/03\/piatto-pane-ionica-oro-1-100x100.webp 100w, https:\/\/villabornancini.it\/wp-content\/uploads\/2025\/03\/piatto-pane-ionica-oro-1-350x350.webp 350w, https:\/\/villabornancini.it\/wp-content\/uploads\/2025\/03\/piatto-pane-ionica-oro-1-150x150.webp 150w, https:\/\/villabornancini.it\/wp-content\/uploads\/2025\/03\/piatto-pane-ionica-oro-1-768x768.webp 768w, https:\/\/villabornancini.it\/wp-content\/uploads\/2025\/03\/piatto-pane-ionica-oro-1-48x48.webp 48w, https:\/\/villabornancini.it\/wp-content\/uploads\/2025\/03\/piatto-pane-ionica-oro-1-550x550.webp 550w, https:\/\/villabornancini.it\/wp-content\/uploads\/2025\/03\/piatto-pane-ionica-oro-1-800x800.webp 800w, https:\/\/villabornancini.it\/wp-content\/uploads\/2025\/03\/piatto-pane-ionica-oro-1-180x180.webp 180w, https:\/\/villabornancini.it\/wp-content\/uploads\/2025\/03\/piatto-pane-ionica-oro-1-500x500.webp 500w, https:\/\/villabornancini.it\/wp-content\/uploads\/2025\/03\/piatto-pane-ionica-oro-1.webp 1000w\" sizes=\"auto, (max-width: 300px) 100vw, 300px\" \/><\/a><figcaption id=\"caption-attachment-40804\" class=\"wp-caption-text\"><span style=\"color: #ffcc00;\">Assiette \u00e0 pain Ionica en fil d'or (d) cm 17<\/span><\/figcaption><\/figure><\/td>\n<\/tr>\n<tr>\n<td width=\"214\">\n<p><figure id=\"attachment_40805\" aria-describedby=\"caption-attachment-40805\" style=\"width: 300px\" class=\"wp-caption alignnone\"><a href=\"https:\/\/villabornancini.it\/wp-content\/uploads\/2025\/03\/sottopiatto-maiolica-blu-cm-28.webp\"><img loading=\"lazy\" decoding=\"async\" class=\"wp-image-40805 size-medium\" src=\"https:\/\/villabornancini.it\/wp-content\/uploads\/2025\/03\/sottopiatto-maiolica-blu-cm-28-300x300.webp\" alt=\"\" width=\"300\" height=\"300\" srcset=\"https:\/\/villabornancini.it\/wp-content\/uploads\/2025\/03\/sottopiatto-maiolica-blu-cm-28-300x300.webp 300w, https:\/\/villabornancini.it\/wp-content\/uploads\/2025\/03\/sottopiatto-maiolica-blu-cm-28-250x250.webp 250w, https:\/\/villabornancini.it\/wp-content\/uploads\/2025\/03\/sottopiatto-maiolica-blu-cm-28-100x100.webp 100w, https:\/\/villabornancini.it\/wp-content\/uploads\/2025\/03\/sottopiatto-maiolica-blu-cm-28-350x350.webp 350w, https:\/\/villabornancini.it\/wp-content\/uploads\/2025\/03\/sottopiatto-maiolica-blu-cm-28-150x150.webp 150w, https:\/\/villabornancini.it\/wp-content\/uploads\/2025\/03\/sottopiatto-maiolica-blu-cm-28-768x768.webp 768w, https:\/\/villabornancini.it\/wp-content\/uploads\/2025\/03\/sottopiatto-maiolica-blu-cm-28-48x48.webp 48w, https:\/\/villabornancini.it\/wp-content\/uploads\/2025\/03\/sottopiatto-maiolica-blu-cm-28-550x550.webp 550w, https:\/\/villabornancini.it\/wp-content\/uploads\/2025\/03\/sottopiatto-maiolica-blu-cm-28-800x800.webp 800w, https:\/\/villabornancini.it\/wp-content\/uploads\/2025\/03\/sottopiatto-maiolica-blu-cm-28-180x180.webp 180w, https:\/\/villabornancini.it\/wp-content\/uploads\/2025\/03\/sottopiatto-maiolica-blu-cm-28-500x500.webp 500w, https:\/\/villabornancini.it\/wp-content\/uploads\/2025\/03\/sottopiatto-maiolica-blu-cm-28.webp 1000w\" sizes=\"auto, (max-width: 300px) 100vw, 300px\" \/><\/a><figcaption id=\"caption-attachment-40805\" class=\"wp-caption-text\"><span style=\"color: #ffcc00;\">Sous-assiette en majolique bleue (d) cm 28<\/span><\/figcaption><\/figure><\/td>\n<td width=\"214\">\n<p><figure id=\"attachment_40806\" aria-describedby=\"caption-attachment-40806\" style=\"width: 300px\" class=\"wp-caption alignnone\"><a href=\"https:\/\/villabornancini.it\/wp-content\/uploads\/2025\/03\/piatto-pane-MAIOLICA-BLU-CM-17.webp\"><img loading=\"lazy\" decoding=\"async\" class=\"wp-image-40806 size-medium\" src=\"https:\/\/villabornancini.it\/wp-content\/uploads\/2025\/03\/piatto-pane-MAIOLICA-BLU-CM-17-300x300.webp\" alt=\"\" width=\"300\" height=\"300\" srcset=\"https:\/\/villabornancini.it\/wp-content\/uploads\/2025\/03\/piatto-pane-MAIOLICA-BLU-CM-17-300x300.webp 300w, https:\/\/villabornancini.it\/wp-content\/uploads\/2025\/03\/piatto-pane-MAIOLICA-BLU-CM-17-250x250.webp 250w, https:\/\/villabornancini.it\/wp-content\/uploads\/2025\/03\/piatto-pane-MAIOLICA-BLU-CM-17-100x100.webp 100w, https:\/\/villabornancini.it\/wp-content\/uploads\/2025\/03\/piatto-pane-MAIOLICA-BLU-CM-17-350x350.webp 350w, https:\/\/villabornancini.it\/wp-content\/uploads\/2025\/03\/piatto-pane-MAIOLICA-BLU-CM-17-150x150.webp 150w, https:\/\/villabornancini.it\/wp-content\/uploads\/2025\/03\/piatto-pane-MAIOLICA-BLU-CM-17-768x768.webp 768w, https:\/\/villabornancini.it\/wp-content\/uploads\/2025\/03\/piatto-pane-MAIOLICA-BLU-CM-17-48x48.webp 48w, https:\/\/villabornancini.it\/wp-content\/uploads\/2025\/03\/piatto-pane-MAIOLICA-BLU-CM-17-550x550.webp 550w, https:\/\/villabornancini.it\/wp-content\/uploads\/2025\/03\/piatto-pane-MAIOLICA-BLU-CM-17-800x800.webp 800w, https:\/\/villabornancini.it\/wp-content\/uploads\/2025\/03\/piatto-pane-MAIOLICA-BLU-CM-17-180x180.webp 180w, https:\/\/villabornancini.it\/wp-content\/uploads\/2025\/03\/piatto-pane-MAIOLICA-BLU-CM-17-500x500.webp 500w, https:\/\/villabornancini.it\/wp-content\/uploads\/2025\/03\/piatto-pane-MAIOLICA-BLU-CM-17.webp 1000w\" sizes=\"auto, (max-width: 300px) 100vw, 300px\" \/><\/a><figcaption id=\"caption-attachment-40806\" class=\"wp-caption-text\"><span style=\"color: #ffcc00;\">Assiette \u00e0 pain en majolique bleue (d) cm 17<\/span><\/figcaption><\/figure><\/td>\n<td width=\"214\">\n<p><figure id=\"attachment_40807\" aria-describedby=\"caption-attachment-40807\" style=\"width: 300px\" class=\"wp-caption alignnone\"><a href=\"https:\/\/villabornancini.it\/wp-content\/uploads\/2025\/03\/sottopiatto-maiolica-verde-cm-28.webp\"><img loading=\"lazy\" decoding=\"async\" class=\"wp-image-40807 size-medium\" src=\"https:\/\/villabornancini.it\/wp-content\/uploads\/2025\/03\/sottopiatto-maiolica-verde-cm-28-300x300.webp\" alt=\"\" width=\"300\" height=\"300\" srcset=\"https:\/\/villabornancini.it\/wp-content\/uploads\/2025\/03\/sottopiatto-maiolica-verde-cm-28-300x300.webp 300w, https:\/\/villabornancini.it\/wp-content\/uploads\/2025\/03\/sottopiatto-maiolica-verde-cm-28-250x250.webp 250w, https:\/\/villabornancini.it\/wp-content\/uploads\/2025\/03\/sottopiatto-maiolica-verde-cm-28-100x100.webp 100w, https:\/\/villabornancini.it\/wp-content\/uploads\/2025\/03\/sottopiatto-maiolica-verde-cm-28-350x350.webp 350w, https:\/\/villabornancini.it\/wp-content\/uploads\/2025\/03\/sottopiatto-maiolica-verde-cm-28-150x150.webp 150w, https:\/\/villabornancini.it\/wp-content\/uploads\/2025\/03\/sottopiatto-maiolica-verde-cm-28-768x768.webp 768w, https:\/\/villabornancini.it\/wp-content\/uploads\/2025\/03\/sottopiatto-maiolica-verde-cm-28-48x48.webp 48w, https:\/\/villabornancini.it\/wp-content\/uploads\/2025\/03\/sottopiatto-maiolica-verde-cm-28-550x550.webp 550w, https:\/\/villabornancini.it\/wp-content\/uploads\/2025\/03\/sottopiatto-maiolica-verde-cm-28-800x800.webp 800w, https:\/\/villabornancini.it\/wp-content\/uploads\/2025\/03\/sottopiatto-maiolica-verde-cm-28-180x180.webp 180w, https:\/\/villabornancini.it\/wp-content\/uploads\/2025\/03\/sottopiatto-maiolica-verde-cm-28-500x500.webp 500w, https:\/\/villabornancini.it\/wp-content\/uploads\/2025\/03\/sottopiatto-maiolica-verde-cm-28.webp 1000w\" sizes=\"auto, (max-width: 300px) 100vw, 300px\" \/><\/a><figcaption id=\"caption-attachment-40807\" class=\"wp-caption-text\"><span style=\"color: #ffcc00;\">Sous-assiette en majolique verte (d) cm 28<\/span><\/figcaption><\/figure><\/td>\n<\/tr>\n<tr>\n<td width=\"214\">\n<p><figure id=\"attachment_40808\" aria-describedby=\"caption-attachment-40808\" style=\"width: 300px\" class=\"wp-caption alignnone\"><a href=\"https:\/\/villabornancini.it\/wp-content\/uploads\/2025\/03\/piatto-pane-MAIOLICA-VERDE-CM-17.webp\"><img loading=\"lazy\" decoding=\"async\" class=\"wp-image-40808 size-medium\" src=\"https:\/\/villabornancini.it\/wp-content\/uploads\/2025\/03\/piatto-pane-MAIOLICA-VERDE-CM-17-300x300.webp\" alt=\"\" width=\"300\" height=\"300\" srcset=\"https:\/\/villabornancini.it\/wp-content\/uploads\/2025\/03\/piatto-pane-MAIOLICA-VERDE-CM-17-300x300.webp 300w, https:\/\/villabornancini.it\/wp-content\/uploads\/2025\/03\/piatto-pane-MAIOLICA-VERDE-CM-17-250x250.webp 250w, https:\/\/villabornancini.it\/wp-content\/uploads\/2025\/03\/piatto-pane-MAIOLICA-VERDE-CM-17-100x100.webp 100w, https:\/\/villabornancini.it\/wp-content\/uploads\/2025\/03\/piatto-pane-MAIOLICA-VERDE-CM-17-350x350.webp 350w, https:\/\/villabornancini.it\/wp-content\/uploads\/2025\/03\/piatto-pane-MAIOLICA-VERDE-CM-17-150x150.webp 150w, https:\/\/villabornancini.it\/wp-content\/uploads\/2025\/03\/piatto-pane-MAIOLICA-VERDE-CM-17-768x768.webp 768w, https:\/\/villabornancini.it\/wp-content\/uploads\/2025\/03\/piatto-pane-MAIOLICA-VERDE-CM-17-48x48.webp 48w, https:\/\/villabornancini.it\/wp-content\/uploads\/2025\/03\/piatto-pane-MAIOLICA-VERDE-CM-17-550x550.webp 550w, https:\/\/villabornancini.it\/wp-content\/uploads\/2025\/03\/piatto-pane-MAIOLICA-VERDE-CM-17-800x800.webp 800w, https:\/\/villabornancini.it\/wp-content\/uploads\/2025\/03\/piatto-pane-MAIOLICA-VERDE-CM-17-180x180.webp 180w, https:\/\/villabornancini.it\/wp-content\/uploads\/2025\/03\/piatto-pane-MAIOLICA-VERDE-CM-17-500x500.webp 500w, https:\/\/villabornancini.it\/wp-content\/uploads\/2025\/03\/piatto-pane-MAIOLICA-VERDE-CM-17.webp 1000w\" sizes=\"auto, (max-width: 300px) 100vw, 300px\" \/><\/a><figcaption id=\"caption-attachment-40808\" class=\"wp-caption-text\"><span style=\"color: #ffcc00;\">Assiette \u00e0 pain en majolique verte (d) cm 17<\/span><\/figcaption><\/figure><\/td>\n<td width=\"214\">\n<p><figure id=\"attachment_40809\" aria-describedby=\"caption-attachment-40809\" style=\"width: 300px\" class=\"wp-caption alignnone\"><a href=\"https:\/\/villabornancini.it\/wp-content\/uploads\/2025\/03\/sottopiatto-vetro-full-moon.webp\"><img loading=\"lazy\" decoding=\"async\" class=\"wp-image-40809 size-medium\" src=\"https:\/\/villabornancini.it\/wp-content\/uploads\/2025\/03\/sottopiatto-vetro-full-moon-300x300.webp\" alt=\"\" width=\"300\" height=\"300\" srcset=\"https:\/\/villabornancini.it\/wp-content\/uploads\/2025\/03\/sottopiatto-vetro-full-moon-300x300.webp 300w, https:\/\/villabornancini.it\/wp-content\/uploads\/2025\/03\/sottopiatto-vetro-full-moon-250x250.webp 250w, https:\/\/villabornancini.it\/wp-content\/uploads\/2025\/03\/sottopiatto-vetro-full-moon-100x100.webp 100w, https:\/\/villabornancini.it\/wp-content\/uploads\/2025\/03\/sottopiatto-vetro-full-moon-350x350.webp 350w, https:\/\/villabornancini.it\/wp-content\/uploads\/2025\/03\/sottopiatto-vetro-full-moon-150x150.webp 150w, https:\/\/villabornancini.it\/wp-content\/uploads\/2025\/03\/sottopiatto-vetro-full-moon-768x768.webp 768w, https:\/\/villabornancini.it\/wp-content\/uploads\/2025\/03\/sottopiatto-vetro-full-moon-48x48.webp 48w, https:\/\/villabornancini.it\/wp-content\/uploads\/2025\/03\/sottopiatto-vetro-full-moon-550x550.webp 550w, https:\/\/villabornancini.it\/wp-content\/uploads\/2025\/03\/sottopiatto-vetro-full-moon-800x800.webp 800w, https:\/\/villabornancini.it\/wp-content\/uploads\/2025\/03\/sottopiatto-vetro-full-moon-180x180.webp 180w, https:\/\/villabornancini.it\/wp-content\/uploads\/2025\/03\/sottopiatto-vetro-full-moon-500x500.webp 500w, https:\/\/villabornancini.it\/wp-content\/uploads\/2025\/03\/sottopiatto-vetro-full-moon.webp 1000w\" sizes=\"auto, (max-width: 300px) 100vw, 300px\" \/><\/a><figcaption id=\"caption-attachment-40809\" class=\"wp-caption-text\"><span style=\"color: #ffcc00;\">Sous-assiette en verre pleine lune (d) cm 33<\/span><\/figcaption><\/figure><\/td>\n<td width=\"214\">\n<p><figure id=\"attachment_40810\" aria-describedby=\"caption-attachment-40810\" style=\"width: 300px\" class=\"wp-caption alignnone\"><a href=\"https:\/\/villabornancini.it\/wp-content\/uploads\/2025\/03\/piatto-pane-vetro-full-moon-cm-15.webp\"><img loading=\"lazy\" decoding=\"async\" class=\"wp-image-40810 size-medium\" src=\"https:\/\/villabornancini.it\/wp-content\/uploads\/2025\/03\/piatto-pane-vetro-full-moon-cm-15-300x300.webp\" alt=\"\" width=\"300\" height=\"300\" srcset=\"https:\/\/villabornancini.it\/wp-content\/uploads\/2025\/03\/piatto-pane-vetro-full-moon-cm-15-300x300.webp 300w, https:\/\/villabornancini.it\/wp-content\/uploads\/2025\/03\/piatto-pane-vetro-full-moon-cm-15-250x250.webp 250w, https:\/\/villabornancini.it\/wp-content\/uploads\/2025\/03\/piatto-pane-vetro-full-moon-cm-15-100x100.webp 100w, https:\/\/villabornancini.it\/wp-content\/uploads\/2025\/03\/piatto-pane-vetro-full-moon-cm-15-350x350.webp 350w, https:\/\/villabornancini.it\/wp-content\/uploads\/2025\/03\/piatto-pane-vetro-full-moon-cm-15-150x150.webp 150w, https:\/\/villabornancini.it\/wp-content\/uploads\/2025\/03\/piatto-pane-vetro-full-moon-cm-15-768x768.webp 768w, https:\/\/villabornancini.it\/wp-content\/uploads\/2025\/03\/piatto-pane-vetro-full-moon-cm-15-48x48.webp 48w, https:\/\/villabornancini.it\/wp-content\/uploads\/2025\/03\/piatto-pane-vetro-full-moon-cm-15-550x550.webp 550w, https:\/\/villabornancini.it\/wp-content\/uploads\/2025\/03\/piatto-pane-vetro-full-moon-cm-15-800x800.webp 800w, https:\/\/villabornancini.it\/wp-content\/uploads\/2025\/03\/piatto-pane-vetro-full-moon-cm-15-180x180.webp 180w, https:\/\/villabornancini.it\/wp-content\/uploads\/2025\/03\/piatto-pane-vetro-full-moon-cm-15-500x500.webp 500w, https:\/\/villabornancini.it\/wp-content\/uploads\/2025\/03\/piatto-pane-vetro-full-moon-cm-15.webp 1000w\" sizes=\"auto, (max-width: 300px) 100vw, 300px\" \/><\/a><figcaption id=\"caption-attachment-40810\" class=\"wp-caption-text\"><span style=\"color: #ffcc00;\">Assiette \u00e0 pain en verre pleine lune (d) cm 16<\/span><\/figcaption><\/figure><\/td>\n<\/tr>\n<tr>\n<td width=\"214\">\n<p><figure id=\"attachment_40811\" aria-describedby=\"caption-attachment-40811\" style=\"width: 300px\" class=\"wp-caption alignnone\"><a href=\"https:\/\/villabornancini.it\/wp-content\/uploads\/2025\/03\/sottopiatto-karbon-cm-29.webp\"><img loading=\"lazy\" decoding=\"async\" class=\"wp-image-40811 size-medium\" src=\"https:\/\/villabornancini.it\/wp-content\/uploads\/2025\/03\/sottopiatto-karbon-cm-29-300x300.webp\" alt=\"\" width=\"300\" height=\"300\" srcset=\"https:\/\/villabornancini.it\/wp-content\/uploads\/2025\/03\/sottopiatto-karbon-cm-29-300x300.webp 300w, https:\/\/villabornancini.it\/wp-content\/uploads\/2025\/03\/sottopiatto-karbon-cm-29-250x250.webp 250w, https:\/\/villabornancini.it\/wp-content\/uploads\/2025\/03\/sottopiatto-karbon-cm-29-100x100.webp 100w, https:\/\/villabornancini.it\/wp-content\/uploads\/2025\/03\/sottopiatto-karbon-cm-29-350x350.webp 350w, https:\/\/villabornancini.it\/wp-content\/uploads\/2025\/03\/sottopiatto-karbon-cm-29-150x150.webp 150w, https:\/\/villabornancini.it\/wp-content\/uploads\/2025\/03\/sottopiatto-karbon-cm-29-768x768.webp 768w, https:\/\/villabornancini.it\/wp-content\/uploads\/2025\/03\/sottopiatto-karbon-cm-29-48x48.webp 48w, https:\/\/villabornancini.it\/wp-content\/uploads\/2025\/03\/sottopiatto-karbon-cm-29-550x550.webp 550w, https:\/\/villabornancini.it\/wp-content\/uploads\/2025\/03\/sottopiatto-karbon-cm-29-800x800.webp 800w, https:\/\/villabornancini.it\/wp-content\/uploads\/2025\/03\/sottopiatto-karbon-cm-29-180x180.webp 180w, https:\/\/villabornancini.it\/wp-content\/uploads\/2025\/03\/sottopiatto-karbon-cm-29-500x500.webp 500w, https:\/\/villabornancini.it\/wp-content\/uploads\/2025\/03\/sottopiatto-karbon-cm-29.webp 1000w\" sizes=\"auto, (max-width: 300px) 100vw, 300px\" \/><\/a><figcaption id=\"caption-attachment-40811\" class=\"wp-caption-text\"><span style=\"color: #ffcc00;\">Sous-plaque en carbone noir (d) cm 29<\/span><\/figcaption><\/figure><\/td>\n<td width=\"214\">\n<p><figure id=\"attachment_40812\" aria-describedby=\"caption-attachment-40812\" style=\"width: 300px\" class=\"wp-caption alignnone\"><a href=\"https:\/\/villabornancini.it\/wp-content\/uploads\/2025\/03\/piatto-pane-Karbon-cm-15.webp\"><img loading=\"lazy\" decoding=\"async\" class=\"wp-image-40812 size-medium\" src=\"https:\/\/villabornancini.it\/wp-content\/uploads\/2025\/03\/piatto-pane-Karbon-cm-15-300x300.webp\" alt=\"\" width=\"300\" height=\"300\" srcset=\"https:\/\/villabornancini.it\/wp-content\/uploads\/2025\/03\/piatto-pane-Karbon-cm-15-300x300.webp 300w, https:\/\/villabornancini.it\/wp-content\/uploads\/2025\/03\/piatto-pane-Karbon-cm-15-250x250.webp 250w, https:\/\/villabornancini.it\/wp-content\/uploads\/2025\/03\/piatto-pane-Karbon-cm-15-100x100.webp 100w, https:\/\/villabornancini.it\/wp-content\/uploads\/2025\/03\/piatto-pane-Karbon-cm-15-350x350.webp 350w, https:\/\/villabornancini.it\/wp-content\/uploads\/2025\/03\/piatto-pane-Karbon-cm-15-150x150.webp 150w, https:\/\/villabornancini.it\/wp-content\/uploads\/2025\/03\/piatto-pane-Karbon-cm-15-768x768.webp 768w, https:\/\/villabornancini.it\/wp-content\/uploads\/2025\/03\/piatto-pane-Karbon-cm-15-48x48.webp 48w, https:\/\/villabornancini.it\/wp-content\/uploads\/2025\/03\/piatto-pane-Karbon-cm-15-550x550.webp 550w, https:\/\/villabornancini.it\/wp-content\/uploads\/2025\/03\/piatto-pane-Karbon-cm-15-800x800.webp 800w, https:\/\/villabornancini.it\/wp-content\/uploads\/2025\/03\/piatto-pane-Karbon-cm-15-180x180.webp 180w, https:\/\/villabornancini.it\/wp-content\/uploads\/2025\/03\/piatto-pane-Karbon-cm-15-500x500.webp 500w, https:\/\/villabornancini.it\/wp-content\/uploads\/2025\/03\/piatto-pane-Karbon-cm-15.webp 1000w\" sizes=\"auto, (max-width: 300px) 100vw, 300px\" \/><\/a><figcaption id=\"caption-attachment-40812\" class=\"wp-caption-text\"><span style=\"color: #ffcc00;\">Assiette \u00e0 pain en carbone noir (d) cm 15<\/span><\/figcaption><\/figure><\/td>\n<td width=\"214\">\n<p><figure id=\"attachment_40813\" aria-describedby=\"caption-attachment-40813\" style=\"width: 300px\" class=\"wp-caption alignnone\"><a href=\"https:\/\/villabornancini.it\/wp-content\/uploads\/2025\/03\/sottopiatto-argento-royal-family-cm-31.webp\"><img loading=\"lazy\" decoding=\"async\" class=\"wp-image-40813 size-medium\" src=\"https:\/\/villabornancini.it\/wp-content\/uploads\/2025\/03\/sottopiatto-argento-royal-family-cm-31-300x300.webp\" alt=\"\" width=\"300\" height=\"300\" srcset=\"https:\/\/villabornancini.it\/wp-content\/uploads\/2025\/03\/sottopiatto-argento-royal-family-cm-31-300x300.webp 300w, https:\/\/villabornancini.it\/wp-content\/uploads\/2025\/03\/sottopiatto-argento-royal-family-cm-31-250x250.webp 250w, https:\/\/villabornancini.it\/wp-content\/uploads\/2025\/03\/sottopiatto-argento-royal-family-cm-31-100x100.webp 100w, https:\/\/villabornancini.it\/wp-content\/uploads\/2025\/03\/sottopiatto-argento-royal-family-cm-31-350x350.webp 350w, https:\/\/villabornancini.it\/wp-content\/uploads\/2025\/03\/sottopiatto-argento-royal-family-cm-31-150x150.webp 150w, https:\/\/villabornancini.it\/wp-content\/uploads\/2025\/03\/sottopiatto-argento-royal-family-cm-31-768x768.webp 768w, https:\/\/villabornancini.it\/wp-content\/uploads\/2025\/03\/sottopiatto-argento-royal-family-cm-31-48x48.webp 48w, https:\/\/villabornancini.it\/wp-content\/uploads\/2025\/03\/sottopiatto-argento-royal-family-cm-31-550x550.webp 550w, https:\/\/villabornancini.it\/wp-content\/uploads\/2025\/03\/sottopiatto-argento-royal-family-cm-31-800x800.webp 800w, https:\/\/villabornancini.it\/wp-content\/uploads\/2025\/03\/sottopiatto-argento-royal-family-cm-31-180x180.webp 180w, https:\/\/villabornancini.it\/wp-content\/uploads\/2025\/03\/sottopiatto-argento-royal-family-cm-31-500x500.webp 500w, https:\/\/villabornancini.it\/wp-content\/uploads\/2025\/03\/sottopiatto-argento-royal-family-cm-31.webp 1000w\" sizes=\"auto, (max-width: 300px) 100vw, 300px\" \/><\/a><figcaption id=\"caption-attachment-40813\" class=\"wp-caption-text\"><span style=\"color: #ffcc00;\">Set de table argent\u00e9 de la famille royale (d) cm 31<\/span><\/figcaption><\/figure><\/td>\n<\/tr>\n<tr>\n<td width=\"214\">\n<p><figure id=\"attachment_40815\" aria-describedby=\"caption-attachment-40815\" style=\"width: 300px\" class=\"wp-caption alignnone\"><a href=\"https:\/\/villabornancini.it\/wp-content\/uploads\/2025\/03\/piatto-pane-argento-royal-family-cm-151.webp\"><img loading=\"lazy\" decoding=\"async\" class=\"wp-image-40815 size-medium\" src=\"https:\/\/villabornancini.it\/wp-content\/uploads\/2025\/03\/piatto-pane-argento-royal-family-cm-151-300x300.webp\" alt=\"\" width=\"300\" height=\"300\" srcset=\"https:\/\/villabornancini.it\/wp-content\/uploads\/2025\/03\/piatto-pane-argento-royal-family-cm-151-300x300.webp 300w, https:\/\/villabornancini.it\/wp-content\/uploads\/2025\/03\/piatto-pane-argento-royal-family-cm-151-250x250.webp 250w, https:\/\/villabornancini.it\/wp-content\/uploads\/2025\/03\/piatto-pane-argento-royal-family-cm-151-100x100.webp 100w, https:\/\/villabornancini.it\/wp-content\/uploads\/2025\/03\/piatto-pane-argento-royal-family-cm-151-350x350.webp 350w, https:\/\/villabornancini.it\/wp-content\/uploads\/2025\/03\/piatto-pane-argento-royal-family-cm-151-150x150.webp 150w, https:\/\/villabornancini.it\/wp-content\/uploads\/2025\/03\/piatto-pane-argento-royal-family-cm-151-768x768.webp 768w, https:\/\/villabornancini.it\/wp-content\/uploads\/2025\/03\/piatto-pane-argento-royal-family-cm-151-48x48.webp 48w, https:\/\/villabornancini.it\/wp-content\/uploads\/2025\/03\/piatto-pane-argento-royal-family-cm-151-550x550.webp 550w, https:\/\/villabornancini.it\/wp-content\/uploads\/2025\/03\/piatto-pane-argento-royal-family-cm-151-800x800.webp 800w, https:\/\/villabornancini.it\/wp-content\/uploads\/2025\/03\/piatto-pane-argento-royal-family-cm-151-180x180.webp 180w, https:\/\/villabornancini.it\/wp-content\/uploads\/2025\/03\/piatto-pane-argento-royal-family-cm-151-500x500.webp 500w, https:\/\/villabornancini.it\/wp-content\/uploads\/2025\/03\/piatto-pane-argento-royal-family-cm-151.webp 1000w\" sizes=\"auto, (max-width: 300px) 100vw, 300px\" \/><\/a><figcaption id=\"caption-attachment-40815\" class=\"wp-caption-text\"><span style=\"color: #ffcc00;\">Assiette \u00e0 pain en argent de la famille royale (d) cm 15<\/span><\/figcaption><\/figure><\/td>\n<td width=\"214\">\n<p><figure id=\"attachment_40816\" aria-describedby=\"caption-attachment-40816\" style=\"width: 300px\" class=\"wp-caption alignnone\"><a href=\"https:\/\/villabornancini.it\/wp-content\/uploads\/2025\/03\/gallery-sottopiatto-filo-oro.webp\"><img loading=\"lazy\" decoding=\"async\" class=\"wp-image-40816 size-medium\" src=\"https:\/\/villabornancini.it\/wp-content\/uploads\/2025\/03\/gallery-sottopiatto-filo-oro-300x300.webp\" alt=\"\" width=\"300\" height=\"300\" srcset=\"https:\/\/villabornancini.it\/wp-content\/uploads\/2025\/03\/gallery-sottopiatto-filo-oro-300x300.webp 300w, https:\/\/villabornancini.it\/wp-content\/uploads\/2025\/03\/gallery-sottopiatto-filo-oro-250x250.webp 250w, https:\/\/villabornancini.it\/wp-content\/uploads\/2025\/03\/gallery-sottopiatto-filo-oro-100x100.webp 100w, https:\/\/villabornancini.it\/wp-content\/uploads\/2025\/03\/gallery-sottopiatto-filo-oro-350x350.webp 350w, https:\/\/villabornancini.it\/wp-content\/uploads\/2025\/03\/gallery-sottopiatto-filo-oro-150x150.webp 150w, https:\/\/villabornancini.it\/wp-content\/uploads\/2025\/03\/gallery-sottopiatto-filo-oro-768x768.webp 768w, https:\/\/villabornancini.it\/wp-content\/uploads\/2025\/03\/gallery-sottopiatto-filo-oro-48x48.webp 48w, https:\/\/villabornancini.it\/wp-content\/uploads\/2025\/03\/gallery-sottopiatto-filo-oro-550x550.webp 550w, https:\/\/villabornancini.it\/wp-content\/uploads\/2025\/03\/gallery-sottopiatto-filo-oro-800x800.webp 800w, https:\/\/villabornancini.it\/wp-content\/uploads\/2025\/03\/gallery-sottopiatto-filo-oro-180x180.webp 180w, https:\/\/villabornancini.it\/wp-content\/uploads\/2025\/03\/gallery-sottopiatto-filo-oro-500x500.webp 500w, https:\/\/villabornancini.it\/wp-content\/uploads\/2025\/03\/gallery-sottopiatto-filo-oro.webp 1000w\" sizes=\"auto, (max-width: 300px) 100vw, 300px\" \/><\/a><figcaption id=\"caption-attachment-40816\" class=\"wp-caption-text\"><span style=\"color: #ffcc00;\">Sous-assiette en verre Fil d'or (d) cm 32<\/span><\/figcaption><\/figure><\/td>\n<td width=\"214\">\n<p><figure id=\"attachment_40817\" aria-describedby=\"caption-attachment-40817\" style=\"width: 300px\" class=\"wp-caption alignnone\"><a href=\"https:\/\/villabornancini.it\/wp-content\/uploads\/2025\/03\/piatto-pane-FILO-ORO-CM-15.webp\"><img loading=\"lazy\" decoding=\"async\" class=\"wp-image-40817 size-medium\" src=\"https:\/\/villabornancini.it\/wp-content\/uploads\/2025\/03\/piatto-pane-FILO-ORO-CM-15-300x300.webp\" alt=\"\" width=\"300\" height=\"300\" srcset=\"https:\/\/villabornancini.it\/wp-content\/uploads\/2025\/03\/piatto-pane-FILO-ORO-CM-15-300x300.webp 300w, https:\/\/villabornancini.it\/wp-content\/uploads\/2025\/03\/piatto-pane-FILO-ORO-CM-15-250x250.webp 250w, https:\/\/villabornancini.it\/wp-content\/uploads\/2025\/03\/piatto-pane-FILO-ORO-CM-15-100x100.webp 100w, https:\/\/villabornancini.it\/wp-content\/uploads\/2025\/03\/piatto-pane-FILO-ORO-CM-15-350x350.webp 350w, https:\/\/villabornancini.it\/wp-content\/uploads\/2025\/03\/piatto-pane-FILO-ORO-CM-15-150x150.webp 150w, https:\/\/villabornancini.it\/wp-content\/uploads\/2025\/03\/piatto-pane-FILO-ORO-CM-15-768x768.webp 768w, https:\/\/villabornancini.it\/wp-content\/uploads\/2025\/03\/piatto-pane-FILO-ORO-CM-15-48x48.webp 48w, https:\/\/villabornancini.it\/wp-content\/uploads\/2025\/03\/piatto-pane-FILO-ORO-CM-15-550x550.webp 550w, https:\/\/villabornancini.it\/wp-content\/uploads\/2025\/03\/piatto-pane-FILO-ORO-CM-15-800x800.webp 800w, https:\/\/villabornancini.it\/wp-content\/uploads\/2025\/03\/piatto-pane-FILO-ORO-CM-15-180x180.webp 180w, https:\/\/villabornancini.it\/wp-content\/uploads\/2025\/03\/piatto-pane-FILO-ORO-CM-15-500x500.webp 500w, https:\/\/villabornancini.it\/wp-content\/uploads\/2025\/03\/piatto-pane-FILO-ORO-CM-15.webp 1000w\" sizes=\"auto, (max-width: 300px) 100vw, 300px\" \/><\/a><figcaption id=\"caption-attachment-40817\" class=\"wp-caption-text\"><span style=\"color: #ffcc00;\">Assiette \u00e0 pain en verre Fil d'or (d) cm 15<\/span><\/figcaption><\/figure><\/td>\n<\/tr>\n<\/tbody>\n<\/table>\n<p><script type=\"text\/javascript\">var nibirumail_advice_text = 'villabornancini.it utilise des cookies pour vous offrir une meilleure exp\u00e9rience de navigation. En utilisant notre service, vous acceptez l'utilisation de cookies conform\u00e9ment \u00e0 notre politique en mati\u00e8re de cookies. <a href=\"https:\/\/villabornancini.it\/?page_id=1432&lang=fr\" target=\"_blank\">En savoir plus.<\/a>. <a href=\"javascript:;\" class=\"nibirumail_agreement\">je comprends.<\/a>';<\/script><br \/>\n<script type=\"text\/javascript\">var cookie_policy_url = 'https:\/\/villabornancini.it\/?page_id=1432&lang=fr';<\/script><br \/>\n<script type=\"text\/javascript\" src=\"https:\/\/nibirumail.com\/docs\/scripts\/nibirumail.cookie.min.js\"><\/script><\/p>","protected":false},"excerpt":{"rendered":"<p>Retour aux assiettes et plats<\/p>\n","protected":false},"author":1,"featured_media":0,"parent":0,"menu_order":0,"comment_status":"closed","ping_status":"closed","template":"","meta":{"footnotes":""},"class_list":["post-40791","page","type-page","status-publish","hentry"],"_links":{"self":[{"href":"https:\/\/villabornancini.it\/fr\/wp-json\/wp\/v2\/pages\/40791","targetHints":{"allow":["GET"]}}],"collection":[{"href":"https:\/\/villabornancini.it\/fr\/wp-json\/wp\/v2\/pages"}],"about":[{"href":"https:\/\/villabornancini.it\/fr\/wp-json\/wp\/v2\/types\/page"}],"author":[{"embeddable":true,"href":"https:\/\/villabornancini.it\/fr\/wp-json\/wp\/v2\/users\/1"}],"replies":[{"embeddable":true,"href":"https:\/\/villabornancini.it\/fr\/wp-json\/wp\/v2\/comments?post=40791"}],"version-history":[{"count":9,"href":"https:\/\/villabornancini.it\/fr\/wp-json\/wp\/v2\/pages\/40791\/revisions"}],"predecessor-version":[{"id":40974,"href":"https:\/\/villabornancini.it\/fr\/wp-json\/wp\/v2\/pages\/40791\/revisions\/40974"}],"wp:attachment":[{"href":"https:\/\/villabornancini.it\/fr\/wp-json\/wp\/v2\/media?parent=40791"}],"curies":[{"name":"wp","href":"https:\/\/api.w.org\/{rel}","templated":true}]}}