{"id":125,"date":"2022-11-08T13:27:09","date_gmt":"2022-11-08T13:27:09","guid":{"rendered":"https:\/\/villabornancini.it\/?page_id=125"},"modified":"2026-03-25T15:01:33","modified_gmt":"2026-03-25T14:01:33","slug":"wedding","status":"publish","type":"page","link":"https:\/\/villabornancini.it\/pt\/wedding","title":{"rendered":"<span style=\"color: #ffcc99;\">Casamento<\/span>&nbsp;&nbsp;&nbsp;&nbsp;&nbsp;&nbsp;  <img class=\"alignnone wp-image-46980\" src=\"https:\/\/villabornancini.it\/wp-content\/uploads\/2026\/01\/badge-weddingawards_it_IT-150x150.png\" alt=\"\" width=\"90\" height=\"90\">"},"content":{"rendered":"<p><\/p>\n<h1><span style=\"color: #ffcc00;\">Transformaremos seus sonhos em realidade<\/span><\/h1>\n<table style=\"float: right;\">\n<tbody>\n<tr>\n<td style=\"text-align: right;\" width=\"604\">\n<nav class=\"navbar\"><a href=\"https:\/\/villabornancini.it\/tour-virtuali\"><span style=\"color: #ff9900;\">Visitas Virtuais<\/span><\/a>&nbsp;&nbsp;&nbsp;<a href=\"https:\/\/villabornancini.it\/i-reels-dei-nostri-sposi\"><span style=\"color: #ff9900;\">Reels<\/span><\/a>&nbsp;&nbsp;&nbsp;<a href=\"https:\/\/villabornancini.it\/posiziona-tavoli\"><span style=\"color: #ff9900;\">Disposi\u00e7\u00e3o da mesas<\/span><\/a>&nbsp;&nbsp;&nbsp;<a href=\"https:\/\/villabornancini.it\/proposte-di-menu\"><span style=\"color: #ff9900;\">Servi\u00e7os de Buffet Recomendados<\/span><\/a>&nbsp;&nbsp;&nbsp;<a href=\"https:\/\/villabornancini.it\/agenda-degli-sposi\"><span style=\"color: #ff9900;\">Organizador de Casamentos<\/span><\/a>&nbsp;&nbsp;&nbsp;<a href=\"https:\/\/villabornancini.it\/adempimenti-siae\"><span style=\"color: #ff9900;\">Requisitos da SIAE<\/span><\/a><\/nav>\n<\/td>\n<\/tr>\n<\/tbody>\n<\/table>\n<p><img loading=\"lazy\" decoding=\"async\" class=\"alignnone wp-image-855 size-full\" src=\"https:\/\/villabornancini.it\/wp-content\/uploads\/2023\/01\/sposi-in-villa-29-scaled.jpg\" alt=\"\" width=\"2560\" height=\"1707\" srcset=\"https:\/\/villabornancini.it\/wp-content\/uploads\/2023\/01\/sposi-in-villa-29-scaled.jpg 2560w, https:\/\/villabornancini.it\/wp-content\/uploads\/2023\/01\/sposi-in-villa-29-scaled-350x233.jpg 350w, https:\/\/villabornancini.it\/wp-content\/uploads\/2023\/01\/sposi-in-villa-29-300x200.jpg 300w, https:\/\/villabornancini.it\/wp-content\/uploads\/2023\/01\/sposi-in-villa-29-1024x683.jpg 1024w, https:\/\/villabornancini.it\/wp-content\/uploads\/2023\/01\/sposi-in-villa-29-768x512.jpg 768w, https:\/\/villabornancini.it\/wp-content\/uploads\/2023\/01\/sposi-in-villa-29-1536x1024.jpg 1536w, https:\/\/villabornancini.it\/wp-content\/uploads\/2023\/01\/sposi-in-villa-29-2048x1365.jpg 2048w\" sizes=\"auto, (max-width: 706px) 89vw, (max-width: 767px) 82vw, 740px\" \/><\/p>\n<h3><span style=\"color: #ffcc00;\">A Villa Bornancini oferece aos seus clientes o aluguer de amplos e prestigiados espa\u00e7os interiores e exteriores oferecendo um servi\u00e7o de Organiza\u00e7\u00e3o de Casamentos<\/span><\/h3>\n<p><span style=\"color: #ff9900;\"><a href=\"https:\/\/villabornancini.it\/wp-content\/uploads\/2024\/09\/IMG_20240914_184124_HDR-scaled.jpg\"><img loading=\"lazy\" decoding=\"async\" class=\"alignleft wp-image-37127\" src=\"https:\/\/villabornancini.it\/wp-content\/uploads\/2024\/09\/IMG_20240914_184124_HDR-224x300.jpg\" alt=\"\" width=\"180\" height=\"241\" srcset=\"https:\/\/villabornancini.it\/wp-content\/uploads\/2024\/09\/IMG_20240914_184124_HDR-224x300.jpg 224w, https:\/\/villabornancini.it\/wp-content\/uploads\/2024\/09\/IMG_20240914_184124_HDR-scaled-350x468.jpg 350w, https:\/\/villabornancini.it\/wp-content\/uploads\/2024\/09\/IMG_20240914_184124_HDR-766x1024.jpg 766w, https:\/\/villabornancini.it\/wp-content\/uploads\/2024\/09\/IMG_20240914_184124_HDR-768x1026.jpg 768w, https:\/\/villabornancini.it\/wp-content\/uploads\/2024\/09\/IMG_20240914_184124_HDR-1149x1536.jpg 1149w, https:\/\/villabornancini.it\/wp-content\/uploads\/2024\/09\/IMG_20240914_184124_HDR-1532x2048.jpg 1532w, https:\/\/villabornancini.it\/wp-content\/uploads\/2024\/09\/IMG_20240914_184124_HDR-250x334.jpg 250w, https:\/\/villabornancini.it\/wp-content\/uploads\/2024\/09\/IMG_20240914_184124_HDR-550x735.jpg 550w, https:\/\/villabornancini.it\/wp-content\/uploads\/2024\/09\/IMG_20240914_184124_HDR-800x1069.jpg 800w, https:\/\/villabornancini.it\/wp-content\/uploads\/2024\/09\/IMG_20240914_184124_HDR-135x180.jpg 135w, https:\/\/villabornancini.it\/wp-content\/uploads\/2024\/09\/IMG_20240914_184124_HDR-374x500.jpg 374w, https:\/\/villabornancini.it\/wp-content\/uploads\/2024\/09\/IMG_20240914_184124_HDR-scaled.jpg 1916w\" sizes=\"auto, (max-width: 180px) 100vw, 180px\" \/><\/a><a href=\"https:\/\/villabornancini.it\/wp-content\/uploads\/2025\/09\/jasminadamjan_wedding-207-scaled.jpg\"><img loading=\"lazy\" decoding=\"async\" class=\"wp-image-46861 alignleft\" src=\"https:\/\/villabornancini.it\/wp-content\/uploads\/2025\/09\/jasminadamjan_wedding-207-scaled.jpg\" alt=\"\" width=\"161\" height=\"241\" srcset=\"https:\/\/villabornancini.it\/wp-content\/uploads\/2025\/09\/jasminadamjan_wedding-207-scaled.jpg 1707w, https:\/\/villabornancini.it\/wp-content\/uploads\/2025\/09\/jasminadamjan_wedding-207-200x300.jpg 200w, https:\/\/villabornancini.it\/wp-content\/uploads\/2025\/09\/jasminadamjan_wedding-207-683x1024.jpg 683w, https:\/\/villabornancini.it\/wp-content\/uploads\/2025\/09\/jasminadamjan_wedding-207-768x1152.jpg 768w, https:\/\/villabornancini.it\/wp-content\/uploads\/2025\/09\/jasminadamjan_wedding-207-1024x1536.jpg 1024w, https:\/\/villabornancini.it\/wp-content\/uploads\/2025\/09\/jasminadamjan_wedding-207-1365x2048.jpg 1365w, https:\/\/villabornancini.it\/wp-content\/uploads\/2025\/09\/jasminadamjan_wedding-207-250x375.jpg 250w, https:\/\/villabornancini.it\/wp-content\/uploads\/2025\/09\/jasminadamjan_wedding-207-550x825.jpg 550w, https:\/\/villabornancini.it\/wp-content\/uploads\/2025\/09\/jasminadamjan_wedding-207-800x1200.jpg 800w, https:\/\/villabornancini.it\/wp-content\/uploads\/2025\/09\/jasminadamjan_wedding-207-120x180.jpg 120w, https:\/\/villabornancini.it\/wp-content\/uploads\/2025\/09\/jasminadamjan_wedding-207-333x500.jpg 333w\" sizes=\"auto, (max-width: 161px) 100vw, 161px\" \/><\/a><\/span><\/p>\n<p><span style=\"color: #ff9900;\">Gra\u00e7as a um acordo com a C\u00e2mara Municipal de Cinto Caomaggiore, Villa Bornancini foi eleita C\u00e2mara Municipal.<br \/>\nIsto permite celebrar casamentos civis v\u00e1lidos por lei diretamente na nossa Villa.<br \/>\n&nbsp;<br \/>\n<span style=\"color: #ff9900;\">Al\u00e9m disso, ao escolher a Villa Bornancini, voc\u00ea ter\u00e1 a oportunidade de celebrar o rito religioso em um ambiente sugestivo<\/span><\/span><\/p>\n<details>\n<summary><span style=\"color: #ffcc00;\">Abadia Beneditina de <em>\"Santa Maria em Sylvis\"<\/em><\/span><\/summary>\n<p>&nbsp;<\/p>\n<p><span style=\"color: #ffcc99;\"><a href=\"https:\/\/villabornancini.it\/wp-content\/uploads\/2023\/12\/Santa-Maria-in-Sylvis.jpg\"><img loading=\"lazy\" decoding=\"async\" class=\"alignleft wp-image-30990 size-medium\" style=\"border: 8px groove #915205;\" src=\"https:\/\/villabornancini.it\/wp-content\/uploads\/2023\/12\/Santa-Maria-in-Sylvis-300x200.jpg\" alt=\"\" width=\"300\" height=\"200\" srcset=\"https:\/\/villabornancini.it\/wp-content\/uploads\/2023\/12\/Santa-Maria-in-Sylvis-300x200.jpg 300w, https:\/\/villabornancini.it\/wp-content\/uploads\/2023\/12\/Santa-Maria-in-Sylvis-350x233.jpg 350w, https:\/\/villabornancini.it\/wp-content\/uploads\/2023\/12\/Santa-Maria-in-Sylvis-250x167.jpg 250w, https:\/\/villabornancini.it\/wp-content\/uploads\/2023\/12\/Santa-Maria-in-Sylvis-550x366.jpg 550w, https:\/\/villabornancini.it\/wp-content\/uploads\/2023\/12\/Santa-Maria-in-Sylvis-270x180.jpg 270w, https:\/\/villabornancini.it\/wp-content\/uploads\/2023\/12\/Santa-Maria-in-Sylvis-450x300.jpg 450w, https:\/\/villabornancini.it\/wp-content\/uploads\/2023\/12\/Santa-Maria-in-Sylvis.jpg 680w\" sizes=\"auto, (max-width: 300px) 100vw, 300px\" \/><\/a>A antiga Abadia Beneditina Santa Maria in Sylvis de Sesto al Reghena, fundada por volta do ano 735 e constru\u00edda em estilo rom\u00e2nico-bizantino (tr\u00eas naves, cripta subterr\u00e2nea e presbit\u00e9rio elevado) \u00e9 decorada com um ciclo de afrescos da escola de Giotto.<br \/>\nDurante a cerim\u00f4nia, os c\u00f4njuges, testemunhas e parentes pr\u00f3ximos encontrar\u00e3o lugar no elevado presbit\u00e9rio.<br \/>\nA Abadia Antiga est\u00e1 localizada a apenas 5 minutos da Villa Bornancini.<br \/>\n<\/span><\/p>\n<\/details>\n<p>&nbsp;<\/p>\n<table style=\"height: 59px;\" width=\"535\">\n<tbody>\n<tr>\n<td style=\"text-align: right;\" width=\"341\">&nbsp;<\/td>\n<td width=\"330\">&nbsp;<\/td>\n<\/tr>\n<\/tbody>\n<\/table>\n<p>&nbsp;<\/p>\n<fieldset>\n<h3><em><span style=\"color: #ff9900;\">Espa\u00e7os internos<\/span><\/em><\/h3>\n<\/fieldset>\n<table>\n<tbody>\n<tr>\n<td width=\"302\">\n<h3><em><span style=\"color: #ffcc00;\">O sal\u00e3o da Villa, para boas-vindas e aperitivos.<\/span><\/em><\/h3>\n<\/td>\n<td width=\"302\">\n<h3><em><span style=\"color: #ffcc00;\">A antiga adega, um espa\u00e7o com capacidade para 60 pessoas.<\/span><\/em><\/h3>\n<\/td>\n<\/tr>\n<tr>\n<td width=\"302\"><a href=\"https:\/\/villabornancini.it\/wp-content\/uploads\/2025\/04\/IMG-20231120-WA0025-550x735-1-350x347-1.jpg\"><img loading=\"lazy\" decoding=\"async\" class=\"alignnone wp-image-42390\" src=\"https:\/\/villabornancini.it\/wp-content\/uploads\/2025\/04\/IMG-20231120-WA0025-550x735-1-350x347-1.jpg\" alt=\"\" width=\"340\" height=\"344\" srcset=\"https:\/\/villabornancini.it\/wp-content\/uploads\/2025\/04\/IMG-20231120-WA0025-550x735-1-350x347-1.jpg 550w, https:\/\/villabornancini.it\/wp-content\/uploads\/2025\/04\/IMG-20231120-WA0025-550x735-1-350x347-1-297x300.jpg 297w, https:\/\/villabornancini.it\/wp-content\/uploads\/2025\/04\/IMG-20231120-WA0025-550x735-1-350x347-1-100x100.jpg 100w, https:\/\/villabornancini.it\/wp-content\/uploads\/2025\/04\/IMG-20231120-WA0025-550x735-1-350x347-1-48x48.jpg 48w, https:\/\/villabornancini.it\/wp-content\/uploads\/2025\/04\/IMG-20231120-WA0025-550x735-1-350x347-1-250x253.jpg 250w, https:\/\/villabornancini.it\/wp-content\/uploads\/2025\/04\/IMG-20231120-WA0025-550x735-1-350x347-1-178x180.jpg 178w, https:\/\/villabornancini.it\/wp-content\/uploads\/2025\/04\/IMG-20231120-WA0025-550x735-1-350x347-1-495x500.jpg 495w, https:\/\/villabornancini.it\/wp-content\/uploads\/2025\/04\/IMG-20231120-WA0025-550x735-1-350x347-1-350x354.jpg 350w\" sizes=\"auto, (max-width: 340px) 100vw, 340px\" \/><\/a><\/td>\n<td width=\"302\"><a href=\"https:\/\/villabornancini.it\/wp-content\/uploads\/2023\/11\/IMG-20231120-WA0003.jpg\"><img loading=\"lazy\" decoding=\"async\" class=\"wp-image-30471 alignleft\" src=\"https:\/\/villabornancini.it\/wp-content\/uploads\/2023\/11\/IMG-20231120-WA0003-300x225.jpg\" alt=\"\" width=\"660\" height=\"495\" srcset=\"https:\/\/villabornancini.it\/wp-content\/uploads\/2023\/11\/IMG-20231120-WA0003-300x225.jpg 300w, https:\/\/villabornancini.it\/wp-content\/uploads\/2023\/11\/IMG-20231120-WA0003-350x263.jpg 350w, https:\/\/villabornancini.it\/wp-content\/uploads\/2023\/11\/IMG-20231120-WA0003-768x576.jpg 768w, https:\/\/villabornancini.it\/wp-content\/uploads\/2023\/11\/IMG-20231120-WA0003-250x188.jpg 250w, https:\/\/villabornancini.it\/wp-content\/uploads\/2023\/11\/IMG-20231120-WA0003-550x413.jpg 550w, https:\/\/villabornancini.it\/wp-content\/uploads\/2023\/11\/IMG-20231120-WA0003-800x600.jpg 800w, https:\/\/villabornancini.it\/wp-content\/uploads\/2023\/11\/IMG-20231120-WA0003-240x180.jpg 240w, https:\/\/villabornancini.it\/wp-content\/uploads\/2023\/11\/IMG-20231120-WA0003-400x300.jpg 400w, https:\/\/villabornancini.it\/wp-content\/uploads\/2023\/11\/IMG-20231120-WA0003-667x500.jpg 667w, https:\/\/villabornancini.it\/wp-content\/uploads\/2023\/11\/IMG-20231120-WA0003.jpg 1024w\" sizes=\"auto, (max-width: 660px) 100vw, 660px\" \/><\/a><\/td>\n<\/tr>\n<\/tbody>\n<\/table>\n<fieldset>\n<h3><em><span style=\"color: #ff9900;\">Espa\u00e7os Externos<\/span><\/em><\/h3>\n<\/fieldset>\n<h2><span style=\"color: #ffcc00;\">Estufa do Dino tem capacidade para 140 pessoas.<\/span><\/h2>\n<table>\n<tbody>\n<tr>\n<td width=\"326\">\n<p><figure id=\"attachment_46858\" aria-describedby=\"caption-attachment-46858\" style=\"width: 400px\" class=\"wp-caption alignnone\"><a href=\"https:\/\/villabornancini.it\/wp-content\/uploads\/2025\/09\/jasminadamjan_wedding-529-scaled.jpg\"><img loading=\"lazy\" decoding=\"async\" class=\"wp-image-46858\" src=\"https:\/\/villabornancini.it\/wp-content\/uploads\/2025\/09\/jasminadamjan_wedding-529-scaled.jpg\" alt=\"\" width=\"400\" height=\"267\" srcset=\"https:\/\/villabornancini.it\/wp-content\/uploads\/2025\/09\/jasminadamjan_wedding-529-scaled.jpg 2560w, https:\/\/villabornancini.it\/wp-content\/uploads\/2025\/09\/jasminadamjan_wedding-529-300x200.jpg 300w, https:\/\/villabornancini.it\/wp-content\/uploads\/2025\/09\/jasminadamjan_wedding-529-1024x683.jpg 1024w, https:\/\/villabornancini.it\/wp-content\/uploads\/2025\/09\/jasminadamjan_wedding-529-768x512.jpg 768w, https:\/\/villabornancini.it\/wp-content\/uploads\/2025\/09\/jasminadamjan_wedding-529-1536x1024.jpg 1536w, https:\/\/villabornancini.it\/wp-content\/uploads\/2025\/09\/jasminadamjan_wedding-529-2048x1365.jpg 2048w, https:\/\/villabornancini.it\/wp-content\/uploads\/2025\/09\/jasminadamjan_wedding-529-250x167.jpg 250w, https:\/\/villabornancini.it\/wp-content\/uploads\/2025\/09\/jasminadamjan_wedding-529-550x367.jpg 550w, https:\/\/villabornancini.it\/wp-content\/uploads\/2025\/09\/jasminadamjan_wedding-529-800x533.jpg 800w, https:\/\/villabornancini.it\/wp-content\/uploads\/2025\/09\/jasminadamjan_wedding-529-270x180.jpg 270w, https:\/\/villabornancini.it\/wp-content\/uploads\/2025\/09\/jasminadamjan_wedding-529-450x300.jpg 450w, https:\/\/villabornancini.it\/wp-content\/uploads\/2025\/09\/jasminadamjan_wedding-529-750x500.jpg 750w\" sizes=\"auto, (max-width: 400px) 100vw, 400px\" \/><\/a><figcaption id=\"caption-attachment-46858\" class=\"wp-caption-text\">photos by Ne\u017ea Cerkovnik, Weddings by Agnes<\/figcaption><\/figure><\/td>\n<td width=\"326\">\n<p><figure id=\"attachment_46859\" aria-describedby=\"caption-attachment-46859\" style=\"width: 400px\" class=\"wp-caption alignnone\"><a href=\"https:\/\/villabornancini.it\/wp-content\/uploads\/2025\/09\/jasminadamjan_wedding-744-scaled.jpg\"><img loading=\"lazy\" decoding=\"async\" class=\"wp-image-46859\" src=\"https:\/\/villabornancini.it\/wp-content\/uploads\/2025\/09\/jasminadamjan_wedding-744-scaled.jpg\" alt=\"\" width=\"400\" height=\"267\" srcset=\"https:\/\/villabornancini.it\/wp-content\/uploads\/2025\/09\/jasminadamjan_wedding-744-scaled.jpg 2560w, https:\/\/villabornancini.it\/wp-content\/uploads\/2025\/09\/jasminadamjan_wedding-744-300x200.jpg 300w, https:\/\/villabornancini.it\/wp-content\/uploads\/2025\/09\/jasminadamjan_wedding-744-1024x683.jpg 1024w, https:\/\/villabornancini.it\/wp-content\/uploads\/2025\/09\/jasminadamjan_wedding-744-768x512.jpg 768w, https:\/\/villabornancini.it\/wp-content\/uploads\/2025\/09\/jasminadamjan_wedding-744-1536x1024.jpg 1536w, https:\/\/villabornancini.it\/wp-content\/uploads\/2025\/09\/jasminadamjan_wedding-744-2048x1365.jpg 2048w, https:\/\/villabornancini.it\/wp-content\/uploads\/2025\/09\/jasminadamjan_wedding-744-250x167.jpg 250w, https:\/\/villabornancini.it\/wp-content\/uploads\/2025\/09\/jasminadamjan_wedding-744-550x367.jpg 550w, https:\/\/villabornancini.it\/wp-content\/uploads\/2025\/09\/jasminadamjan_wedding-744-800x533.jpg 800w, https:\/\/villabornancini.it\/wp-content\/uploads\/2025\/09\/jasminadamjan_wedding-744-270x180.jpg 270w, https:\/\/villabornancini.it\/wp-content\/uploads\/2025\/09\/jasminadamjan_wedding-744-450x300.jpg 450w, https:\/\/villabornancini.it\/wp-content\/uploads\/2025\/09\/jasminadamjan_wedding-744-750x500.jpg 750w\" sizes=\"auto, (max-width: 400px) 100vw, 400px\" \/><\/a><figcaption id=\"caption-attachment-46859\" class=\"wp-caption-text\">photos by Ne\u017ea Cerkovnik, Weddings by Agnes<\/figcaption><\/figure><\/td>\n<\/tr>\n<tr>\n<td width=\"326\"><a href=\"https:\/\/villabornancini.it\/wp-content\/uploads\/2024\/08\/IMG-20240827-WA0000.jpg\"><img loading=\"lazy\" decoding=\"async\" class=\"alignleft wp-image-36616\" src=\"https:\/\/villabornancini.it\/wp-content\/uploads\/2024\/08\/IMG-20240827-WA0000-1024x1024.jpg\" alt=\"\" width=\"400\" height=\"400\" srcset=\"https:\/\/villabornancini.it\/wp-content\/uploads\/2024\/08\/IMG-20240827-WA0000-1024x1024.jpg 1024w, https:\/\/villabornancini.it\/wp-content\/uploads\/2024\/08\/IMG-20240827-WA0000-250x250.jpg 250w, https:\/\/villabornancini.it\/wp-content\/uploads\/2024\/08\/IMG-20240827-WA0000-100x100.jpg 100w, https:\/\/villabornancini.it\/wp-content\/uploads\/2024\/08\/IMG-20240827-WA0000-350x350.jpg 350w, https:\/\/villabornancini.it\/wp-content\/uploads\/2024\/08\/IMG-20240827-WA0000-300x300.jpg 300w, https:\/\/villabornancini.it\/wp-content\/uploads\/2024\/08\/IMG-20240827-WA0000-150x150.jpg 150w, https:\/\/villabornancini.it\/wp-content\/uploads\/2024\/08\/IMG-20240827-WA0000-768x768.jpg 768w, https:\/\/villabornancini.it\/wp-content\/uploads\/2024\/08\/IMG-20240827-WA0000-48x48.jpg 48w, https:\/\/villabornancini.it\/wp-content\/uploads\/2024\/08\/IMG-20240827-WA0000-550x550.jpg 550w, https:\/\/villabornancini.it\/wp-content\/uploads\/2024\/08\/IMG-20240827-WA0000-800x800.jpg 800w, https:\/\/villabornancini.it\/wp-content\/uploads\/2024\/08\/IMG-20240827-WA0000-180x180.jpg 180w, https:\/\/villabornancini.it\/wp-content\/uploads\/2024\/08\/IMG-20240827-WA0000-500x500.jpg 500w, https:\/\/villabornancini.it\/wp-content\/uploads\/2024\/08\/IMG-20240827-WA0000.jpg 1440w\" sizes=\"auto, (max-width: 400px) 100vw, 400px\" \/><\/a><\/td>\n<td width=\"326\"><a href=\"https:\/\/villabornancini.it\/wp-content\/uploads\/2025\/03\/WhatsApp-Image-2023-09-02-at-18.21.38.jpeg\"><img loading=\"lazy\" decoding=\"async\" class=\"alignnone wp-image-41017\" src=\"https:\/\/villabornancini.it\/wp-content\/uploads\/2025\/03\/WhatsApp-Image-2023-09-02-at-18.21.38.jpeg\" alt=\"\" width=\"400\" height=\"400\" srcset=\"https:\/\/villabornancini.it\/wp-content\/uploads\/2025\/03\/WhatsApp-Image-2023-09-02-at-18.21.38.jpeg 1194w, https:\/\/villabornancini.it\/wp-content\/uploads\/2025\/03\/WhatsApp-Image-2023-09-02-at-18.21.38-250x250.jpeg 250w, https:\/\/villabornancini.it\/wp-content\/uploads\/2025\/03\/WhatsApp-Image-2023-09-02-at-18.21.38-100x100.jpeg 100w, https:\/\/villabornancini.it\/wp-content\/uploads\/2025\/03\/WhatsApp-Image-2023-09-02-at-18.21.38-350x350.jpeg 350w, https:\/\/villabornancini.it\/wp-content\/uploads\/2025\/03\/WhatsApp-Image-2023-09-02-at-18.21.38-300x300.jpeg 300w, https:\/\/villabornancini.it\/wp-content\/uploads\/2025\/03\/WhatsApp-Image-2023-09-02-at-18.21.38-1024x1024.jpeg 1024w, https:\/\/villabornancini.it\/wp-content\/uploads\/2025\/03\/WhatsApp-Image-2023-09-02-at-18.21.38-150x150.jpeg 150w, https:\/\/villabornancini.it\/wp-content\/uploads\/2025\/03\/WhatsApp-Image-2023-09-02-at-18.21.38-768x768.jpeg 768w, https:\/\/villabornancini.it\/wp-content\/uploads\/2025\/03\/WhatsApp-Image-2023-09-02-at-18.21.38-48x48.jpeg 48w, https:\/\/villabornancini.it\/wp-content\/uploads\/2025\/03\/WhatsApp-Image-2023-09-02-at-18.21.38-550x550.jpeg 550w, https:\/\/villabornancini.it\/wp-content\/uploads\/2025\/03\/WhatsApp-Image-2023-09-02-at-18.21.38-800x800.jpeg 800w, https:\/\/villabornancini.it\/wp-content\/uploads\/2025\/03\/WhatsApp-Image-2023-09-02-at-18.21.38-180x180.jpeg 180w, https:\/\/villabornancini.it\/wp-content\/uploads\/2025\/03\/WhatsApp-Image-2023-09-02-at-18.21.38-500x500.jpeg 500w\" sizes=\"auto, (max-width: 400px) 100vw, 400px\" \/><\/a><\/td>\n<\/tr>\n<\/tbody>\n<\/table>\n<h3><span style=\"color: #ffcc99;\">o cen\u00e1rio certo para diversos tipos de casamentos, eventos corporativos e cerim\u00f4nias simb\u00f3licas.<br \/>\n\u00c9 aquecido para os dias mais frios da primavera e do outono e resfriado para o ver\u00e3o.<\/span><\/h3>\n<h2><span style=\"color: #ffcc00;\">Um casamento na Estufa do Dino<\/span><\/h2>\n<div style=\"width: 525px;\" class=\"wp-video\"><video class=\"wp-video-shortcode\" id=\"video-125-6\" width=\"525\" height=\"295\" preload=\"metadata\" controls=\"controls\"><source type=\"video\/mp4\" src=\"https:\/\/villabornancini.it\/wp-content\/uploads\/2024\/08\/Filmato-online-video-cutter.com_.mp4?_=6\" \/><a href=\"https:\/\/villabornancini.it\/wp-content\/uploads\/2024\/08\/Filmato-online-video-cutter.com_.mp4\">https:\/\/villabornancini.it\/wp-content\/uploads\/2024\/08\/Filmato-online-video-cutter.com_.mp4<\/a><\/video><\/div>\n<h3><span style=\"color: #ffcc99;\">A estufa,&nbsp; <span class=\"HwtZe\" lang=\"pt\"><span class=\"jCAhz ChMk0b\"><span class=\"ryNqvb\">inserida no parque centen\u00e1rio, surge aos casais com uma roupagem sugestiva e com uma aura vintage que a torna num local encantador para eventos importantes<\/span><\/span><\/span>.<\/span><\/h3>\n<p>&nbsp;<br \/>\n<a href=\"https:\/\/villabornancini.it\/wp-content\/uploads\/2023\/11\/DSC_3279.jpg\"><img loading=\"lazy\" decoding=\"async\" class=\"alignleft wp-image-30558\" src=\"https:\/\/villabornancini.it\/wp-content\/uploads\/2023\/11\/DSC_3279-1024x683.jpg\" alt=\"\" width=\"400\" height=\"267\" srcset=\"https:\/\/villabornancini.it\/wp-content\/uploads\/2023\/11\/DSC_3279-1024x683.jpg 1024w, https:\/\/villabornancini.it\/wp-content\/uploads\/2023\/11\/DSC_3279-350x234.jpg 350w, https:\/\/villabornancini.it\/wp-content\/uploads\/2023\/11\/DSC_3279-300x200.jpg 300w, https:\/\/villabornancini.it\/wp-content\/uploads\/2023\/11\/DSC_3279-768x513.jpg 768w, https:\/\/villabornancini.it\/wp-content\/uploads\/2023\/11\/DSC_3279-1536x1025.jpg 1536w, https:\/\/villabornancini.it\/wp-content\/uploads\/2023\/11\/DSC_3279-250x167.jpg 250w, https:\/\/villabornancini.it\/wp-content\/uploads\/2023\/11\/DSC_3279-550x367.jpg 550w, https:\/\/villabornancini.it\/wp-content\/uploads\/2023\/11\/DSC_3279-800x534.jpg 800w, https:\/\/villabornancini.it\/wp-content\/uploads\/2023\/11\/DSC_3279-270x180.jpg 270w, https:\/\/villabornancini.it\/wp-content\/uploads\/2023\/11\/DSC_3279-450x300.jpg 450w, https:\/\/villabornancini.it\/wp-content\/uploads\/2023\/11\/DSC_3279-749x500.jpg 749w, https:\/\/villabornancini.it\/wp-content\/uploads\/2023\/11\/DSC_3279.jpg 1798w\" sizes=\"auto, (max-width: 400px) 100vw, 400px\" \/><\/a><a href=\"https:\/\/villabornancini.it\/wp-content\/uploads\/2025\/09\/jasminadamjan_wedding-4-scaled.jpg\"><img loading=\"lazy\" decoding=\"async\" class=\"alignnone wp-image-46857\" src=\"https:\/\/villabornancini.it\/wp-content\/uploads\/2025\/09\/jasminadamjan_wedding-4-scaled.jpg\" alt=\"\" width=\"400\" height=\"267\" srcset=\"https:\/\/villabornancini.it\/wp-content\/uploads\/2025\/09\/jasminadamjan_wedding-4-scaled.jpg 2560w, https:\/\/villabornancini.it\/wp-content\/uploads\/2025\/09\/jasminadamjan_wedding-4-300x200.jpg 300w, https:\/\/villabornancini.it\/wp-content\/uploads\/2025\/09\/jasminadamjan_wedding-4-1024x683.jpg 1024w, https:\/\/villabornancini.it\/wp-content\/uploads\/2025\/09\/jasminadamjan_wedding-4-768x512.jpg 768w, https:\/\/villabornancini.it\/wp-content\/uploads\/2025\/09\/jasminadamjan_wedding-4-1536x1024.jpg 1536w, https:\/\/villabornancini.it\/wp-content\/uploads\/2025\/09\/jasminadamjan_wedding-4-2048x1365.jpg 2048w, https:\/\/villabornancini.it\/wp-content\/uploads\/2025\/09\/jasminadamjan_wedding-4-250x167.jpg 250w, https:\/\/villabornancini.it\/wp-content\/uploads\/2025\/09\/jasminadamjan_wedding-4-550x367.jpg 550w, https:\/\/villabornancini.it\/wp-content\/uploads\/2025\/09\/jasminadamjan_wedding-4-800x533.jpg 800w, https:\/\/villabornancini.it\/wp-content\/uploads\/2025\/09\/jasminadamjan_wedding-4-270x180.jpg 270w, https:\/\/villabornancini.it\/wp-content\/uploads\/2025\/09\/jasminadamjan_wedding-4-450x300.jpg 450w, https:\/\/villabornancini.it\/wp-content\/uploads\/2025\/09\/jasminadamjan_wedding-4-750x500.jpg 750w\" sizes=\"auto, (max-width: 400px) 100vw, 400px\" \/><\/a><br \/>\n&nbsp;<\/p>\n<h3><span style=\"color: #ffcc99;\">A estufa do Dino \u00e9 um local original e inovador, um lugar encantado com uma arquitetura \u00fanica que combina com maestria o brilho do vidro e o verde da vegeta\u00e7\u00e3o, e oferece aos seus convidados um ambiente requintado e um ambiente especial para tornar seu casamento algo \u00fanico.<\/span><\/h3>\n<p>&nbsp;<\/p>\n<p><img loading=\"lazy\" decoding=\"async\" class=\"alignnone wp-image-28607 size-full\" src=\"https:\/\/villabornancini.it\/wp-content\/uploads\/2023\/09\/02092023-_MG_7175-scaled.jpg\" alt=\"\" width=\"2560\" height=\"1707\" srcset=\"https:\/\/villabornancini.it\/wp-content\/uploads\/2023\/09\/02092023-_MG_7175-scaled.jpg 2560w, https:\/\/villabornancini.it\/wp-content\/uploads\/2023\/09\/02092023-_MG_7175-scaled-350x233.jpg 350w, https:\/\/villabornancini.it\/wp-content\/uploads\/2023\/09\/02092023-_MG_7175-300x200.jpg 300w, https:\/\/villabornancini.it\/wp-content\/uploads\/2023\/09\/02092023-_MG_7175-1024x683.jpg 1024w, https:\/\/villabornancini.it\/wp-content\/uploads\/2023\/09\/02092023-_MG_7175-768x512.jpg 768w, https:\/\/villabornancini.it\/wp-content\/uploads\/2023\/09\/02092023-_MG_7175-1536x1024.jpg 1536w, https:\/\/villabornancini.it\/wp-content\/uploads\/2023\/09\/02092023-_MG_7175-2048x1365.jpg 2048w\" sizes=\"auto, (max-width: 706px) 89vw, (max-width: 767px) 82vw, 740px\" \/><\/p>\n<details>\n<summary><span style=\"color: #ff9900;\">E em caso de mau tempo?<\/span><\/summary>\n<p><span style=\"color: #ffcc99;\">Um t\u00fanel extens\u00edvel ligar\u00e1 a cozinha para o servi\u00e7o de buffet e as casas de banho \u00e0 estufa.<\/span><br \/>\n&nbsp;<br \/>\n<a href=\"https:\/\/villabornancini.it\/wp-content\/uploads\/2025\/03\/IMG-20250327-WA0001.jpg\"><img loading=\"lazy\" decoding=\"async\" class=\"wp-image-41428 alignleft\" src=\"https:\/\/villabornancini.it\/wp-content\/uploads\/2025\/03\/IMG-20250327-WA0001-766x1024.jpg\" alt=\"\" width=\"400\" height=\"535\" srcset=\"https:\/\/villabornancini.it\/wp-content\/uploads\/2025\/03\/IMG-20250327-WA0001-766x1024.jpg 766w, https:\/\/villabornancini.it\/wp-content\/uploads\/2025\/03\/IMG-20250327-WA0001-350x468.jpg 350w, https:\/\/villabornancini.it\/wp-content\/uploads\/2025\/03\/IMG-20250327-WA0001-224x300.jpg 224w, https:\/\/villabornancini.it\/wp-content\/uploads\/2025\/03\/IMG-20250327-WA0001-768x1027.jpg 768w, https:\/\/villabornancini.it\/wp-content\/uploads\/2025\/03\/IMG-20250327-WA0001-1149x1536.jpg 1149w, https:\/\/villabornancini.it\/wp-content\/uploads\/2025\/03\/IMG-20250327-WA0001-250x334.jpg 250w, https:\/\/villabornancini.it\/wp-content\/uploads\/2025\/03\/IMG-20250327-WA0001-550x735.jpg 550w, https:\/\/villabornancini.it\/wp-content\/uploads\/2025\/03\/IMG-20250327-WA0001-800x1069.jpg 800w, https:\/\/villabornancini.it\/wp-content\/uploads\/2025\/03\/IMG-20250327-WA0001-135x180.jpg 135w, https:\/\/villabornancini.it\/wp-content\/uploads\/2025\/03\/IMG-20250327-WA0001-374x500.jpg 374w, https:\/\/villabornancini.it\/wp-content\/uploads\/2025\/03\/IMG-20250327-WA0001.jpg 1532w\" sizes=\"auto, (max-width: 400px) 100vw, 400px\" \/><\/a><a href=\"https:\/\/villabornancini.it\/wp-content\/uploads\/2025\/03\/IMG-20250327-WA0007.jpg\"><img loading=\"lazy\" decoding=\"async\" class=\"alignnone wp-image-41429\" src=\"https:\/\/villabornancini.it\/wp-content\/uploads\/2025\/03\/IMG-20250327-WA0007-766x1024.jpg\" alt=\"\" width=\"400\" height=\"535\" srcset=\"https:\/\/villabornancini.it\/wp-content\/uploads\/2025\/03\/IMG-20250327-WA0007-766x1024.jpg 766w, https:\/\/villabornancini.it\/wp-content\/uploads\/2025\/03\/IMG-20250327-WA0007-350x468.jpg 350w, https:\/\/villabornancini.it\/wp-content\/uploads\/2025\/03\/IMG-20250327-WA0007-224x300.jpg 224w, https:\/\/villabornancini.it\/wp-content\/uploads\/2025\/03\/IMG-20250327-WA0007-768x1027.jpg 768w, https:\/\/villabornancini.it\/wp-content\/uploads\/2025\/03\/IMG-20250327-WA0007-1149x1536.jpg 1149w, https:\/\/villabornancini.it\/wp-content\/uploads\/2025\/03\/IMG-20250327-WA0007-250x334.jpg 250w, https:\/\/villabornancini.it\/wp-content\/uploads\/2025\/03\/IMG-20250327-WA0007-550x735.jpg 550w, https:\/\/villabornancini.it\/wp-content\/uploads\/2025\/03\/IMG-20250327-WA0007-800x1069.jpg 800w, https:\/\/villabornancini.it\/wp-content\/uploads\/2025\/03\/IMG-20250327-WA0007-135x180.jpg 135w, https:\/\/villabornancini.it\/wp-content\/uploads\/2025\/03\/IMG-20250327-WA0007-374x500.jpg 374w, https:\/\/villabornancini.it\/wp-content\/uploads\/2025\/03\/IMG-20250327-WA0007.jpg 1532w\" sizes=\"auto, (max-width: 400px) 100vw, 400px\" \/><\/a><\/p>\n<\/details>\n<h3><span style=\"color: #ffcc99;\">Os c\u00f4njuges que decidirem organizar um casamento de inverno numa estufa ter\u00e3o a oportunidade de brincar al\u00e9m de todos os limites com as cores e sugest\u00f5es quentes t\u00edpicas desta esta\u00e7\u00e3o.<br \/>\nEmbora a escolha possa parecer incomum, a estufa do Dino possui uma s\u00e9rie de recursos que s\u00e3o perfeitos para tornar seu casamento de inverno m\u00e1gico.<br \/>\n<\/span><\/h3>\n<h3><em><span style=\"color: #ffcc00;\">O Jardim e o parque centen\u00e1rio de 4500 m\u00b2<\/span><\/em><\/h3>\n<table>\n<tbody>\n<tr>\n<td style=\"text-align: center;\" width=\"326\"><a href=\"https:\/\/villabornancini.it\/wp-content\/uploads\/2025\/05\/P5120003-scaled.jpg\"><img loading=\"lazy\" decoding=\"async\" class=\"alignnone wp-image-43778 size-medium\" src=\"https:\/\/villabornancini.it\/wp-content\/uploads\/2025\/05\/P5120003-300x225.jpg\" alt=\"\" width=\"300\" height=\"225\" srcset=\"https:\/\/villabornancini.it\/wp-content\/uploads\/2025\/05\/P5120003-300x225.jpg 300w, https:\/\/villabornancini.it\/wp-content\/uploads\/2025\/05\/P5120003-1024x768.jpg 1024w, https:\/\/villabornancini.it\/wp-content\/uploads\/2025\/05\/P5120003-768x576.jpg 768w, https:\/\/villabornancini.it\/wp-content\/uploads\/2025\/05\/P5120003-1536x1152.jpg 1536w, https:\/\/villabornancini.it\/wp-content\/uploads\/2025\/05\/P5120003-2048x1536.jpg 2048w, https:\/\/villabornancini.it\/wp-content\/uploads\/2025\/05\/P5120003-250x188.jpg 250w, https:\/\/villabornancini.it\/wp-content\/uploads\/2025\/05\/P5120003-550x413.jpg 550w, https:\/\/villabornancini.it\/wp-content\/uploads\/2025\/05\/P5120003-800x600.jpg 800w, https:\/\/villabornancini.it\/wp-content\/uploads\/2025\/05\/P5120003-240x180.jpg 240w, https:\/\/villabornancini.it\/wp-content\/uploads\/2025\/05\/P5120003-400x300.jpg 400w, https:\/\/villabornancini.it\/wp-content\/uploads\/2025\/05\/P5120003-667x500.jpg 667w, https:\/\/villabornancini.it\/wp-content\/uploads\/2025\/05\/P5120003-350x263.jpg 350w\" sizes=\"auto, (max-width: 300px) 100vw, 300px\" \/><\/a><\/td>\n<td width=\"326\"><a href=\"https:\/\/villabornancini.it\/wp-content\/uploads\/2023\/11\/231.jpg\"><img loading=\"lazy\" decoding=\"async\" class=\" alignnone wp-image-30476 size-medium\" src=\"https:\/\/villabornancini.it\/wp-content\/uploads\/2023\/11\/231-300x225.jpg\" alt=\"\" width=\"300\" height=\"225\" srcset=\"https:\/\/villabornancini.it\/wp-content\/uploads\/2023\/11\/231-300x225.jpg 300w, https:\/\/villabornancini.it\/wp-content\/uploads\/2023\/11\/231-350x263.jpg 350w, https:\/\/villabornancini.it\/wp-content\/uploads\/2023\/11\/231-768x576.jpg 768w, https:\/\/villabornancini.it\/wp-content\/uploads\/2023\/11\/231-250x188.jpg 250w, https:\/\/villabornancini.it\/wp-content\/uploads\/2023\/11\/231-550x413.jpg 550w, https:\/\/villabornancini.it\/wp-content\/uploads\/2023\/11\/231-800x600.jpg 800w, https:\/\/villabornancini.it\/wp-content\/uploads\/2023\/11\/231-240x180.jpg 240w, https:\/\/villabornancini.it\/wp-content\/uploads\/2023\/11\/231-400x300.jpg 400w, https:\/\/villabornancini.it\/wp-content\/uploads\/2023\/11\/231-667x500.jpg 667w, https:\/\/villabornancini.it\/wp-content\/uploads\/2023\/11\/231.jpg 1024w\" sizes=\"auto, (max-width: 300px) 100vw, 300px\" \/><\/a><\/td>\n<\/tr>\n<\/tbody>\n<\/table>\n<h3><em><span style=\"color: #ffcc00;\">Estacionamento privativo no final do parque<\/span><\/em><\/h3>\n<details>\n<summary><span style=\"color: #ff9900;\">Onde est\u00e1 localizado o estacionamento da Villa Bornancini?<\/span><\/summary>\n<p><span style=\"color: #ffcc99;\">Seguindo a estrada que acompanha a Igreja \"Via Guglielmo Marconi\" chega-se ao estacionamento privado localizado no final do parque.<\/span><br \/>\n&nbsp;<br \/>\n<a href=\"https:\/\/villabornancini.it\/wp-content\/uploads\/2026\/03\/ParkingPT.jpg\"><img loading=\"lazy\" decoding=\"async\" class=\"alignnone wp-image-47000 size-full\" src=\"https:\/\/villabornancini.it\/wp-content\/uploads\/2026\/03\/ParkingPT.jpg\" alt=\"\" width=\"925\" height=\"702\" srcset=\"https:\/\/villabornancini.it\/wp-content\/uploads\/2026\/03\/ParkingPT.jpg 925w, https:\/\/villabornancini.it\/wp-content\/uploads\/2026\/03\/ParkingPT-300x228.jpg 300w, https:\/\/villabornancini.it\/wp-content\/uploads\/2026\/03\/ParkingPT-768x583.jpg 768w, https:\/\/villabornancini.it\/wp-content\/uploads\/2026\/03\/ParkingPT-250x190.jpg 250w, https:\/\/villabornancini.it\/wp-content\/uploads\/2026\/03\/ParkingPT-550x417.jpg 550w, https:\/\/villabornancini.it\/wp-content\/uploads\/2026\/03\/ParkingPT-800x607.jpg 800w, https:\/\/villabornancini.it\/wp-content\/uploads\/2026\/03\/ParkingPT-237x180.jpg 237w, https:\/\/villabornancini.it\/wp-content\/uploads\/2026\/03\/ParkingPT-395x300.jpg 395w, https:\/\/villabornancini.it\/wp-content\/uploads\/2026\/03\/ParkingPT-659x500.jpg 659w\" sizes=\"auto, (max-width: 706px) 89vw, (max-width: 767px) 82vw, 740px\" \/><\/a><\/p>\n<\/details>\n<p>&nbsp;<\/p>\n<table>\n<tbody>\n<tr>\n<td style=\"text-align: center;\" width=\"326\"><a href=\"https:\/\/villabornancini.it\/wp-content\/uploads\/2023\/11\/IMG-20231120-WA0023.jpg\"><img loading=\"lazy\" decoding=\"async\" class=\" alignnone wp-image-30477 size-medium\" src=\"https:\/\/villabornancini.it\/wp-content\/uploads\/2023\/11\/IMG-20231120-WA0023-224x300.jpg\" alt=\"\" width=\"224\" height=\"300\" srcset=\"https:\/\/villabornancini.it\/wp-content\/uploads\/2023\/11\/IMG-20231120-WA0023-224x300.jpg 224w, https:\/\/villabornancini.it\/wp-content\/uploads\/2023\/11\/IMG-20231120-WA0023-350x468.jpg 350w, https:\/\/villabornancini.it\/wp-content\/uploads\/2023\/11\/IMG-20231120-WA0023-766x1024.jpg 766w, https:\/\/villabornancini.it\/wp-content\/uploads\/2023\/11\/IMG-20231120-WA0023-768x1027.jpg 768w, https:\/\/villabornancini.it\/wp-content\/uploads\/2023\/11\/IMG-20231120-WA0023-1149x1536.jpg 1149w, https:\/\/villabornancini.it\/wp-content\/uploads\/2023\/11\/IMG-20231120-WA0023-250x334.jpg 250w, https:\/\/villabornancini.it\/wp-content\/uploads\/2023\/11\/IMG-20231120-WA0023-550x735.jpg 550w, https:\/\/villabornancini.it\/wp-content\/uploads\/2023\/11\/IMG-20231120-WA0023-800x1069.jpg 800w, https:\/\/villabornancini.it\/wp-content\/uploads\/2023\/11\/IMG-20231120-WA0023-135x180.jpg 135w, https:\/\/villabornancini.it\/wp-content\/uploads\/2023\/11\/IMG-20231120-WA0023-374x500.jpg 374w, https:\/\/villabornancini.it\/wp-content\/uploads\/2023\/11\/IMG-20231120-WA0023.jpg 1532w\" sizes=\"auto, (max-width: 224px) 100vw, 224px\" \/><\/a><\/td>\n<td width=\"326\"><a href=\"https:\/\/villabornancini.it\/wp-content\/uploads\/2023\/11\/IMG-20231120-WA0019.jpg\"><img loading=\"lazy\" decoding=\"async\" class=\" alignnone wp-image-30478 size-medium\" src=\"https:\/\/villabornancini.it\/wp-content\/uploads\/2023\/11\/IMG-20231120-WA0019-224x300.jpg\" alt=\"\" width=\"224\" height=\"300\" srcset=\"https:\/\/villabornancini.it\/wp-content\/uploads\/2023\/11\/IMG-20231120-WA0019-224x300.jpg 224w, https:\/\/villabornancini.it\/wp-content\/uploads\/2023\/11\/IMG-20231120-WA0019-350x468.jpg 350w, https:\/\/villabornancini.it\/wp-content\/uploads\/2023\/11\/IMG-20231120-WA0019-766x1024.jpg 766w, https:\/\/villabornancini.it\/wp-content\/uploads\/2023\/11\/IMG-20231120-WA0019-768x1027.jpg 768w, https:\/\/villabornancini.it\/wp-content\/uploads\/2023\/11\/IMG-20231120-WA0019-1149x1536.jpg 1149w, https:\/\/villabornancini.it\/wp-content\/uploads\/2023\/11\/IMG-20231120-WA0019-250x334.jpg 250w, https:\/\/villabornancini.it\/wp-content\/uploads\/2023\/11\/IMG-20231120-WA0019-550x735.jpg 550w, https:\/\/villabornancini.it\/wp-content\/uploads\/2023\/11\/IMG-20231120-WA0019-800x1069.jpg 800w, https:\/\/villabornancini.it\/wp-content\/uploads\/2023\/11\/IMG-20231120-WA0019-135x180.jpg 135w, https:\/\/villabornancini.it\/wp-content\/uploads\/2023\/11\/IMG-20231120-WA0019-374x500.jpg 374w, https:\/\/villabornancini.it\/wp-content\/uploads\/2023\/11\/IMG-20231120-WA0019.jpg 1532w\" sizes=\"auto, (max-width: 224px) 100vw, 224px\" \/><\/a><\/td>\n<\/tr>\n<\/tbody>\n<\/table>\n<h3><span style=\"color: #ff9900;\">Essencialidade, aten\u00e7\u00e3o aos detalhes e profissionalismo s\u00e3o os elementos fundamentais que ir\u00e3o criar o leitmotiv do seu evento tendo em mente a filosofia comum: dar vida \u00e0s suas emo\u00e7\u00f5es e deixar todos aqueles que entram pelas portas da Villa Bornancini respirar a atmosfera de casa.<\/span><\/h3>\n<p>&nbsp;<\/p>\n<p style=\"text-align: center;\"><span style=\"color: #ffcc00;\"><a class=\"fasc-button fasc-size-medium fasc-type-glossy fasc-rounded-medium\" style=\"background-color: #045d80; color: #ebe40c;\" href=\"https:\/\/villabornancini.it\/chiedi-un-preventivo-per-il-tuo-evento\"><span style=\"color: #ffcc00;\">Solicite uma oferta para seu EVENTO<\/span><\/a><\/span><\/p>\n<p>&nbsp;<br \/>\n<a href=\"https:\/\/villabornancini.it\/wp-content\/uploads\/2023\/10\/DSC_3283-scaled.jpg\"><img loading=\"lazy\" decoding=\"async\" class=\"wp-image-29179 size-large aligncenter\" style=\"border: 10px groove #915205;\" src=\"https:\/\/villabornancini.it\/wp-content\/uploads\/2023\/10\/DSC_3283-1024x684.jpg\" alt=\"\" width=\"525\" height=\"351\" srcset=\"https:\/\/villabornancini.it\/wp-content\/uploads\/2023\/10\/DSC_3283-1024x684.jpg 1024w, https:\/\/villabornancini.it\/wp-content\/uploads\/2023\/10\/DSC_3283-scaled-350x234.jpg 350w, https:\/\/villabornancini.it\/wp-content\/uploads\/2023\/10\/DSC_3283-300x200.jpg 300w, https:\/\/villabornancini.it\/wp-content\/uploads\/2023\/10\/DSC_3283-768x513.jpg 768w, https:\/\/villabornancini.it\/wp-content\/uploads\/2023\/10\/DSC_3283-1536x1025.jpg 1536w, https:\/\/villabornancini.it\/wp-content\/uploads\/2023\/10\/DSC_3283-2048x1367.jpg 2048w\" sizes=\"auto, (max-width: 525px) 100vw, 525px\" \/><\/a><\/p>\n<p style=\"text-align: center;\"><span style=\"color: #ffcc00;\"><a class=\"fasc-button fasc-size-medium fasc-type-glossy fasc-rounded-medium\" style=\"background-color: #045d80; color: #ebe40c;\" target=\"_blank\" rel=\"noopener\" href=\"https:\/\/villabornancini.it\/wp-content\/uploads\/2023\/10\/Locandina-Villa-Bornancini-2023-Portoghese.pdf\"><span style=\"color: #ffcc00;\">Veja o Folheto<\/span><\/a><\/span><\/p>\n<table>\n<tbody>\n<tr>\n<td width=\"362\">&nbsp;<\/td>\n<\/tr>\n<\/tbody>\n<\/table>\n<p style=\"text-align: center;\"><span style=\"color: #ffcc00;\">Caso n\u00e3o pretenda utilizar um servi\u00e7o de buffet, poder\u00e1 escolher no nosso cat\u00e1logo as mesas e cadeiras da sua prefer\u00eancia com ou sem toalhas e lou\u00e7a.<\/span><\/p>\n<table>\n<tbody>\n<tr>\n<td width=\"362\">\n<p style=\"text-align: center;\"><span style=\"color: #ffcc00;\"><a class=\"fasc-button fasc-size-medium fasc-type-glossy fasc-rounded-medium\" style=\"background-color: #045d80; color: #ebe40c;\" href=\"https:\/\/villabornancini.it\/noleggio\"><span style=\"color: #ffcc00;\">Ver o Cat\u00e1logo<\/span><\/a><\/span><\/p>\n<\/td>\n<\/tr>\n<\/tbody>\n<\/table>\n<table>\n<tbody>\n<tr>\n<td style=\"text-align: center;\" width=\"349\">\n<h2><span style=\"color: #ffcc00;\">Aluguer de autocarros e vans<\/span><\/h2>\n<p><span style=\"color: #ffcc99;\">Est\u00e3o dispon\u00edveis todos os servi\u00e7os de transporte privado para chegar \u00e0 Villa Bornancini, desde carros com motorista ou miniautocarros de 8 lugares at\u00e9 autocarros executivos para viagens de longa dist\u00e2ncia.<\/span><\/td>\n<\/tr>\n<\/tbody>\n<\/table>\n<\/td>\n<\/tr>\n<\/tbody>\n<\/table>\n<p><a href=\"https:\/\/villabornancini.it\/wp-content\/uploads\/2026\/01\/badge-weddingawards_it_IT.png\"><img loading=\"lazy\" decoding=\"async\" class=\"alignnone wp-image-46980 size-thumbnail\" src=\"https:\/\/villabornancini.it\/wp-content\/uploads\/2026\/01\/badge-weddingawards_it_IT-150x150.png\" alt=\"\" width=\"150\" height=\"150\" srcset=\"https:\/\/villabornancini.it\/wp-content\/uploads\/2026\/01\/badge-weddingawards_it_IT-150x150.png 150w, https:\/\/villabornancini.it\/wp-content\/uploads\/2026\/01\/badge-weddingawards_it_IT-300x300.png 300w, https:\/\/villabornancini.it\/wp-content\/uploads\/2026\/01\/badge-weddingawards_it_IT-100x100.png 100w, https:\/\/villabornancini.it\/wp-content\/uploads\/2026\/01\/badge-weddingawards_it_IT-48x48.png 48w, https:\/\/villabornancini.it\/wp-content\/uploads\/2026\/01\/badge-weddingawards_it_IT-250x251.png 250w, https:\/\/villabornancini.it\/wp-content\/uploads\/2026\/01\/badge-weddingawards_it_IT-180x180.png 180w, https:\/\/villabornancini.it\/wp-content\/uploads\/2026\/01\/badge-weddingawards_it_IT-299x300.png 299w, https:\/\/villabornancini.it\/wp-content\/uploads\/2026\/01\/badge-weddingawards_it_IT.png 500w\" sizes=\"auto, (max-width: 150px) 100vw, 150px\" \/><\/a><\/p>\n<div>\n<div>\n<h3><span style=\"color: #ff9900;\">Avalia\u00e7\u00f5es em Matrimonio.com<\/span><\/h3>\n<\/div>\n<p><script src=\"https:\/\/cdn1.matrimonio.com\/js\/wp-widget.js?symfnw-IT73-1-20250723-002_www_m_\"><\/script><\/p>\n<div id=\"wp-widget-reviews\">\n<div id=\"wp-widget-preview\">Leggi <a href=\"https:\/\/www.matrimonio.com\/ville-matrimoni\/villa-bornancini--e82551\/opinioni\" rel=\"nofollow\">le nostre recensioni<\/a> a &nbsp;<br \/>\n<a href=\"https:\/\/www.matrimonio.com\" rel=\"nofollow\"><br \/>\n<img decoding=\"async\" src=\"https:\/\/cdn1.matrimonio.com\/assets\/img\/logos\/gen_logoHeader.svg\" height=\"20\"><br \/>\n<\/a><\/div>\n<\/div>\n<p><script>wpShowReviews(82551, \"black\");<\/script><br \/>\n<script type=\"text\/javascript\">var nibirumail_advice_text = 'villabornancini.it usa cookies para oferecer uma melhor experi\u00eancia de navega\u00e7\u00e3o. Ao usar nosso servi\u00e7o, voc\u00ea aceita o uso de cookies de acordo com nossa pol\u00edtica de cookies. <a href=\"https:\/\/villabornancini.it\/?page_id=1432&lang=pt\" target=\"_blank\">Descubra mais.<\/a>. <a href=\"javascript:;\" class=\"nibirumail_agreement\">Entendo.<\/a>';<\/script><br \/>\n<script type=\"text\/javascript\">var cookie_policy_url = 'https:\/\/villabornancini.it\/?page_id=1432&lang=pt';<\/script><br \/>\n<script type=\"text\/javascript\" src=\"https:\/\/nibirumail.com\/docs\/scripts\/nibirumail.cookie.min.js\"><\/script><\/p>","protected":false},"excerpt":{"rendered":"<p>Transformaremos seus sonhos em realidade Visitas Virtuais&nbsp;&nbsp;&nbsp;Reels&nbsp;&nbsp;&nbsp;Disposi\u00e7\u00e3o da mesas&nbsp;&nbsp;&nbsp;Servi\u00e7os de Buffet Recomendados&nbsp;&nbsp;&nbsp;Organizador de Casamentos&nbsp;&nbsp;&nbsp;Requisitos da SIAE A Villa Bornancini oferece aos seus clientes o aluguer de amplos e prestigiados espa\u00e7os interiores e exteriores oferecendo um servi\u00e7o de Organiza\u00e7\u00e3o de Casamentos Gra\u00e7as a um acordo com a C\u00e2mara Municipal de Cinto Caomaggiore, Villa Bornancini foi eleita &hellip; <\/p>\n<p class=\"link-more\"><a href=\"https:\/\/villabornancini.it\/pt\/wedding\" class=\"more-link\">Continuar a ler <span class=\"screen-reader-text\">\"<span style=\"color: #ffcc99;\">Casamento<\/span>&nbsp;&nbsp;&nbsp;&nbsp;&nbsp;&nbsp;  <img loading=\"lazy\" decoding=\"async\" class=\"alignnone wp-image-46980\" src=\"https:\/\/villabornancini.it\/wp-content\/uploads\/2026\/01\/badge-weddingawards_it_IT-150x150.png\" alt=\"\" width=\"90\" height=\"90\" srcset=\"https:\/\/villabornancini.it\/wp-content\/uploads\/2026\/01\/badge-weddingawards_it_IT-150x150.png 150w, https:\/\/villabornancini.it\/wp-content\/uploads\/2026\/01\/badge-weddingawards_it_IT-300x300.png 300w, https:\/\/villabornancini.it\/wp-content\/uploads\/2026\/01\/badge-weddingawards_it_IT-100x100.png 100w, https:\/\/villabornancini.it\/wp-content\/uploads\/2026\/01\/badge-weddingawards_it_IT-48x48.png 48w, https:\/\/villabornancini.it\/wp-content\/uploads\/2026\/01\/badge-weddingawards_it_IT-250x251.png 250w, https:\/\/villabornancini.it\/wp-content\/uploads\/2026\/01\/badge-weddingawards_it_IT-180x180.png 180w, https:\/\/villabornancini.it\/wp-content\/uploads\/2026\/01\/badge-weddingawards_it_IT-299x300.png 299w, https:\/\/villabornancini.it\/wp-content\/uploads\/2026\/01\/badge-weddingawards_it_IT.png 500w\" sizes=\"auto, (max-width: 90px) 100vw, 90px\" \/>\"<\/span><\/a><\/p>\n","protected":false},"author":1,"featured_media":0,"parent":0,"menu_order":0,"comment_status":"closed","ping_status":"closed","template":"","meta":{"footnotes":""},"class_list":["post-125","page","type-page","status-publish","hentry"],"_links":{"self":[{"href":"https:\/\/villabornancini.it\/pt\/wp-json\/wp\/v2\/pages\/125","targetHints":{"allow":["GET"]}}],"collection":[{"href":"https:\/\/villabornancini.it\/pt\/wp-json\/wp\/v2\/pages"}],"about":[{"href":"https:\/\/villabornancini.it\/pt\/wp-json\/wp\/v2\/types\/page"}],"author":[{"embeddable":true,"href":"https:\/\/villabornancini.it\/pt\/wp-json\/wp\/v2\/users\/1"}],"replies":[{"embeddable":true,"href":"https:\/\/villabornancini.it\/pt\/wp-json\/wp\/v2\/comments?post=125"}],"version-history":[{"count":185,"href":"https:\/\/villabornancini.it\/pt\/wp-json\/wp\/v2\/pages\/125\/revisions"}],"predecessor-version":[{"id":856,"href":"https:\/\/villabornancini.it\/pt\/wp-json\/wp\/v2\/pages\/125\/revisions\/856"}],"wp:attachment":[{"href":"https:\/\/villabornancini.it\/pt\/wp-json\/wp\/v2\/media?parent=125"}],"curies":[{"name":"wp","href":"https:\/\/api.w.org\/{rel}","templated":true}]}}