{"id":40724,"date":"2025-03-12T19:04:38","date_gmt":"2025-03-12T18:04:38","guid":{"rendered":"https:\/\/villabornancini.it\/?page_id=40724"},"modified":"2026-04-19T13:37:44","modified_gmt":"2026-04-19T11:37:44","slug":"sedie-e-coprisedie","status":"publish","type":"page","link":"https:\/\/villabornancini.it\/pt\/sedie-e-coprisedie","title":{"rendered":"Cadeiras e Capas para Cadeiras"},"content":{"rendered":"<p><\/p>\n<h3><span style=\"color: #ffcc00;\">As cadeiras, fabricadas com materiais de elevada qualidade, destacam-se pelo seu estilo e funcionalidade, enquanto as capas para cadeiras se adaptam a cada ocasi\u00e3o, real\u00e7ando o ambiente com simplicidade e requinte.<\/span><\/h3>\n<p><span style=\"color: #ffcc00;\"><a class=\"fasc-button fasc-size-medium fasc-type-glossy fasc-rounded-medium\" style=\"background-color: #045d80; color: #ebe40c;\" href=\"https:\/\/villabornancini.it\/noleggio\"><span style=\"color: #ffcc00;\">Regressar ao Aluguel<\/span><\/a><\/span><br \/>\n&nbsp;<\/p>\n<h1><span style=\"color: #ffcc99;\">Cadeiras<\/span><\/h1>\n<table>\n<tbody>\n<tr>\n<td width=\"214\">\n<p><figure id=\"attachment_40727\" aria-describedby=\"caption-attachment-40727\" style=\"width: 200px\" class=\"wp-caption alignnone\"><a href=\"https:\/\/villabornancini.it\/wp-content\/uploads\/2025\/03\/sedia-monet-bianca-decapata.webp\"><img loading=\"lazy\" decoding=\"async\" class=\"wp-image-40727\" src=\"https:\/\/villabornancini.it\/wp-content\/uploads\/2025\/03\/sedia-monet-bianca-decapata-300x300.webp\" alt=\"\" width=\"200\" height=\"200\" srcset=\"https:\/\/villabornancini.it\/wp-content\/uploads\/2025\/03\/sedia-monet-bianca-decapata-300x300.webp 300w, https:\/\/villabornancini.it\/wp-content\/uploads\/2025\/03\/sedia-monet-bianca-decapata-250x250.webp 250w, https:\/\/villabornancini.it\/wp-content\/uploads\/2025\/03\/sedia-monet-bianca-decapata-100x100.webp 100w, https:\/\/villabornancini.it\/wp-content\/uploads\/2025\/03\/sedia-monet-bianca-decapata-350x350.webp 350w, https:\/\/villabornancini.it\/wp-content\/uploads\/2025\/03\/sedia-monet-bianca-decapata-150x150.webp 150w, https:\/\/villabornancini.it\/wp-content\/uploads\/2025\/03\/sedia-monet-bianca-decapata-768x768.webp 768w, https:\/\/villabornancini.it\/wp-content\/uploads\/2025\/03\/sedia-monet-bianca-decapata-48x48.webp 48w, https:\/\/villabornancini.it\/wp-content\/uploads\/2025\/03\/sedia-monet-bianca-decapata-550x550.webp 550w, https:\/\/villabornancini.it\/wp-content\/uploads\/2025\/03\/sedia-monet-bianca-decapata-800x800.webp 800w, https:\/\/villabornancini.it\/wp-content\/uploads\/2025\/03\/sedia-monet-bianca-decapata-180x180.webp 180w, https:\/\/villabornancini.it\/wp-content\/uploads\/2025\/03\/sedia-monet-bianca-decapata-500x500.webp 500w, https:\/\/villabornancini.it\/wp-content\/uploads\/2025\/03\/sedia-monet-bianca-decapata.webp 1000w\" sizes=\"auto, (max-width: 200px) 100vw, 200px\" \/><\/a><figcaption id=\"caption-attachment-40727\" class=\"wp-caption-text\"><span style=\"color: #ffcc00;\">Cadeira Monet branca \u20ac. 9<\/span><br \/>COD: S0003<\/figcaption><\/figure><\/td>\n<td width=\"214\">\n<p><figure id=\"attachment_40728\" aria-describedby=\"caption-attachment-40728\" style=\"width: 200px\" class=\"wp-caption alignnone\"><a href=\"https:\/\/villabornancini.it\/wp-content\/uploads\/2025\/03\/sedia-cross-in-legno-di-noce.webp\"><img loading=\"lazy\" decoding=\"async\" class=\"wp-image-40728\" src=\"https:\/\/villabornancini.it\/wp-content\/uploads\/2025\/03\/sedia-cross-in-legno-di-noce-300x300.webp\" alt=\"\" width=\"200\" height=\"200\" srcset=\"https:\/\/villabornancini.it\/wp-content\/uploads\/2025\/03\/sedia-cross-in-legno-di-noce-300x300.webp 300w, https:\/\/villabornancini.it\/wp-content\/uploads\/2025\/03\/sedia-cross-in-legno-di-noce-250x250.webp 250w, https:\/\/villabornancini.it\/wp-content\/uploads\/2025\/03\/sedia-cross-in-legno-di-noce-100x100.webp 100w, https:\/\/villabornancini.it\/wp-content\/uploads\/2025\/03\/sedia-cross-in-legno-di-noce-350x350.webp 350w, https:\/\/villabornancini.it\/wp-content\/uploads\/2025\/03\/sedia-cross-in-legno-di-noce-150x150.webp 150w, https:\/\/villabornancini.it\/wp-content\/uploads\/2025\/03\/sedia-cross-in-legno-di-noce-768x768.webp 768w, https:\/\/villabornancini.it\/wp-content\/uploads\/2025\/03\/sedia-cross-in-legno-di-noce-48x48.webp 48w, https:\/\/villabornancini.it\/wp-content\/uploads\/2025\/03\/sedia-cross-in-legno-di-noce-550x550.webp 550w, https:\/\/villabornancini.it\/wp-content\/uploads\/2025\/03\/sedia-cross-in-legno-di-noce-800x800.webp 800w, https:\/\/villabornancini.it\/wp-content\/uploads\/2025\/03\/sedia-cross-in-legno-di-noce-180x180.webp 180w, https:\/\/villabornancini.it\/wp-content\/uploads\/2025\/03\/sedia-cross-in-legno-di-noce-500x500.webp 500w, https:\/\/villabornancini.it\/wp-content\/uploads\/2025\/03\/sedia-cross-in-legno-di-noce.webp 1000w\" sizes=\"auto, (max-width: 200px) 100vw, 200px\" \/><\/a><figcaption id=\"caption-attachment-40728\" class=\"wp-caption-text\"><span style=\"color: #ffcc00;\">Cadeira Cross \u20ac. 8,50<\/span><br \/>COD: S0008<\/figcaption><\/figure><\/td>\n<td width=\"214\">\n<p><figure id=\"attachment_40729\" aria-describedby=\"caption-attachment-40729\" style=\"width: 200px\" class=\"wp-caption alignnone\"><a href=\"https:\/\/villabornancini.it\/wp-content\/uploads\/2025\/03\/sedia-chiavari-bianca.webp\"><img loading=\"lazy\" decoding=\"async\" class=\"wp-image-40729\" src=\"https:\/\/villabornancini.it\/wp-content\/uploads\/2025\/03\/sedia-chiavari-bianca-300x300.webp\" alt=\"\" width=\"200\" height=\"200\" srcset=\"https:\/\/villabornancini.it\/wp-content\/uploads\/2025\/03\/sedia-chiavari-bianca-300x300.webp 300w, https:\/\/villabornancini.it\/wp-content\/uploads\/2025\/03\/sedia-chiavari-bianca-250x250.webp 250w, https:\/\/villabornancini.it\/wp-content\/uploads\/2025\/03\/sedia-chiavari-bianca-100x100.webp 100w, https:\/\/villabornancini.it\/wp-content\/uploads\/2025\/03\/sedia-chiavari-bianca-350x350.webp 350w, https:\/\/villabornancini.it\/wp-content\/uploads\/2025\/03\/sedia-chiavari-bianca-150x150.webp 150w, https:\/\/villabornancini.it\/wp-content\/uploads\/2025\/03\/sedia-chiavari-bianca-768x768.webp 768w, https:\/\/villabornancini.it\/wp-content\/uploads\/2025\/03\/sedia-chiavari-bianca-48x48.webp 48w, https:\/\/villabornancini.it\/wp-content\/uploads\/2025\/03\/sedia-chiavari-bianca-550x550.webp 550w, https:\/\/villabornancini.it\/wp-content\/uploads\/2025\/03\/sedia-chiavari-bianca-800x800.webp 800w, https:\/\/villabornancini.it\/wp-content\/uploads\/2025\/03\/sedia-chiavari-bianca-180x180.webp 180w, https:\/\/villabornancini.it\/wp-content\/uploads\/2025\/03\/sedia-chiavari-bianca-500x500.webp 500w, https:\/\/villabornancini.it\/wp-content\/uploads\/2025\/03\/sedia-chiavari-bianca.webp 1000w\" sizes=\"auto, (max-width: 200px) 100vw, 200px\" \/><\/a><figcaption id=\"caption-attachment-40729\" class=\"wp-caption-text\"><span style=\"color: #ffcc00;\">Cadeira Chiavarina Branca \u20ac. 5<\/span><br \/>COD: S0007<\/figcaption><\/figure><\/td>\n<\/tr>\n<tr>\n<td width=\"214\">\n<p><figure id=\"attachment_40730\" aria-describedby=\"caption-attachment-40730\" style=\"width: 200px\" class=\"wp-caption alignnone\"><a href=\"https:\/\/villabornancini.it\/wp-content\/uploads\/2025\/03\/sedia-parigina-bianca.webp\"><img loading=\"lazy\" decoding=\"async\" class=\"wp-image-40730\" src=\"https:\/\/villabornancini.it\/wp-content\/uploads\/2025\/03\/sedia-parigina-bianca-300x300.webp\" alt=\"\" width=\"200\" height=\"200\" srcset=\"https:\/\/villabornancini.it\/wp-content\/uploads\/2025\/03\/sedia-parigina-bianca-300x300.webp 300w, https:\/\/villabornancini.it\/wp-content\/uploads\/2025\/03\/sedia-parigina-bianca-250x250.webp 250w, https:\/\/villabornancini.it\/wp-content\/uploads\/2025\/03\/sedia-parigina-bianca-100x100.webp 100w, https:\/\/villabornancini.it\/wp-content\/uploads\/2025\/03\/sedia-parigina-bianca-350x350.webp 350w, https:\/\/villabornancini.it\/wp-content\/uploads\/2025\/03\/sedia-parigina-bianca-150x150.webp 150w, https:\/\/villabornancini.it\/wp-content\/uploads\/2025\/03\/sedia-parigina-bianca-768x768.webp 768w, https:\/\/villabornancini.it\/wp-content\/uploads\/2025\/03\/sedia-parigina-bianca-48x48.webp 48w, https:\/\/villabornancini.it\/wp-content\/uploads\/2025\/03\/sedia-parigina-bianca-550x550.webp 550w, https:\/\/villabornancini.it\/wp-content\/uploads\/2025\/03\/sedia-parigina-bianca-800x800.webp 800w, https:\/\/villabornancini.it\/wp-content\/uploads\/2025\/03\/sedia-parigina-bianca-180x180.webp 180w, https:\/\/villabornancini.it\/wp-content\/uploads\/2025\/03\/sedia-parigina-bianca-500x500.webp 500w, https:\/\/villabornancini.it\/wp-content\/uploads\/2025\/03\/sedia-parigina-bianca.webp 1000w\" sizes=\"auto, (max-width: 200px) 100vw, 200px\" \/><\/a><figcaption id=\"caption-attachment-40730\" class=\"wp-caption-text\"><span style=\"color: #ffcc00;\">Cadeira parisiense branca \u20ac. 8,50<\/span><br \/>COD: S0006<\/figcaption><\/figure><\/td>\n<td width=\"214\">\n<p><figure id=\"attachment_40731\" aria-describedby=\"caption-attachment-40731\" style=\"width: 200px\" class=\"wp-caption alignnone\"><a href=\"https:\/\/villabornancini.it\/wp-content\/uploads\/2025\/03\/sedia-luna-ferro-battuto.webp\"><img loading=\"lazy\" decoding=\"async\" class=\"wp-image-40731\" src=\"https:\/\/villabornancini.it\/wp-content\/uploads\/2025\/03\/sedia-luna-ferro-battuto-300x300.webp\" alt=\"\" width=\"200\" height=\"200\" srcset=\"https:\/\/villabornancini.it\/wp-content\/uploads\/2025\/03\/sedia-luna-ferro-battuto-300x300.webp 300w, https:\/\/villabornancini.it\/wp-content\/uploads\/2025\/03\/sedia-luna-ferro-battuto-250x250.webp 250w, https:\/\/villabornancini.it\/wp-content\/uploads\/2025\/03\/sedia-luna-ferro-battuto-100x100.webp 100w, https:\/\/villabornancini.it\/wp-content\/uploads\/2025\/03\/sedia-luna-ferro-battuto-350x350.webp 350w, https:\/\/villabornancini.it\/wp-content\/uploads\/2025\/03\/sedia-luna-ferro-battuto-150x150.webp 150w, https:\/\/villabornancini.it\/wp-content\/uploads\/2025\/03\/sedia-luna-ferro-battuto-768x768.webp 768w, https:\/\/villabornancini.it\/wp-content\/uploads\/2025\/03\/sedia-luna-ferro-battuto-48x48.webp 48w, https:\/\/villabornancini.it\/wp-content\/uploads\/2025\/03\/sedia-luna-ferro-battuto-550x550.webp 550w, https:\/\/villabornancini.it\/wp-content\/uploads\/2025\/03\/sedia-luna-ferro-battuto-800x800.webp 800w, https:\/\/villabornancini.it\/wp-content\/uploads\/2025\/03\/sedia-luna-ferro-battuto-180x180.webp 180w, https:\/\/villabornancini.it\/wp-content\/uploads\/2025\/03\/sedia-luna-ferro-battuto-500x500.webp 500w, https:\/\/villabornancini.it\/wp-content\/uploads\/2025\/03\/sedia-luna-ferro-battuto.webp 1000w\" sizes=\"auto, (max-width: 200px) 100vw, 200px\" \/><\/a><figcaption id=\"caption-attachment-40731\" class=\"wp-caption-text\"><span style=\"color: #ffcc00;\">Cadeira em ferro forjado \u20ac. 5<\/span><br \/>COD: S0005<\/figcaption><\/figure><\/td>\n<td width=\"214\">\n<p><figure id=\"attachment_40732\" aria-describedby=\"caption-attachment-40732\" style=\"width: 200px\" class=\"wp-caption alignnone\"><a href=\"https:\/\/villabornancini.it\/wp-content\/uploads\/2025\/03\/sedia-chiavari-effetto-nera.webp\"><img loading=\"lazy\" decoding=\"async\" class=\"wp-image-40732\" src=\"https:\/\/villabornancini.it\/wp-content\/uploads\/2025\/03\/sedia-chiavari-effetto-nera-300x300.webp\" alt=\"\" width=\"200\" height=\"200\" srcset=\"https:\/\/villabornancini.it\/wp-content\/uploads\/2025\/03\/sedia-chiavari-effetto-nera-300x300.webp 300w, https:\/\/villabornancini.it\/wp-content\/uploads\/2025\/03\/sedia-chiavari-effetto-nera-250x250.webp 250w, https:\/\/villabornancini.it\/wp-content\/uploads\/2025\/03\/sedia-chiavari-effetto-nera-100x100.webp 100w, https:\/\/villabornancini.it\/wp-content\/uploads\/2025\/03\/sedia-chiavari-effetto-nera-350x350.webp 350w, https:\/\/villabornancini.it\/wp-content\/uploads\/2025\/03\/sedia-chiavari-effetto-nera-150x150.webp 150w, https:\/\/villabornancini.it\/wp-content\/uploads\/2025\/03\/sedia-chiavari-effetto-nera-768x768.webp 768w, https:\/\/villabornancini.it\/wp-content\/uploads\/2025\/03\/sedia-chiavari-effetto-nera-48x48.webp 48w, https:\/\/villabornancini.it\/wp-content\/uploads\/2025\/03\/sedia-chiavari-effetto-nera-550x550.webp 550w, https:\/\/villabornancini.it\/wp-content\/uploads\/2025\/03\/sedia-chiavari-effetto-nera-800x800.webp 800w, https:\/\/villabornancini.it\/wp-content\/uploads\/2025\/03\/sedia-chiavari-effetto-nera-180x180.webp 180w, https:\/\/villabornancini.it\/wp-content\/uploads\/2025\/03\/sedia-chiavari-effetto-nera-500x500.webp 500w, https:\/\/villabornancini.it\/wp-content\/uploads\/2025\/03\/sedia-chiavari-effetto-nera.webp 1000w\" sizes=\"auto, (max-width: 200px) 100vw, 200px\" \/><\/a><figcaption id=\"caption-attachment-40732\" class=\"wp-caption-text\"><span style=\"color: #ffcc00;\">Cadeira Chiavarina preta \u20ac. 5<\/span><br \/>COD: SC0002-1<\/figcaption><\/figure><\/td>\n<\/tr>\n<\/tbody>\n<\/table>\n<h1><span style=\"color: #ffcc99;\">Capas para cadeiras<\/span><\/h1>\n<table style=\"height: 298px;\" width=\"856\">\n<tbody>\n<tr>\n<td width=\"160\">\n<p><figure id=\"attachment_40748\" aria-describedby=\"caption-attachment-40748\" style=\"width: 200px\" class=\"wp-caption alignnone\"><a href=\"https:\/\/villabornancini.it\/wp-content\/uploads\/2025\/03\/coprisedia-avorio.webp\"><img loading=\"lazy\" decoding=\"async\" class=\"wp-image-40748\" src=\"https:\/\/villabornancini.it\/wp-content\/uploads\/2025\/03\/coprisedia-avorio.webp\" alt=\"\" width=\"200\" height=\"200\" srcset=\"https:\/\/villabornancini.it\/wp-content\/uploads\/2025\/03\/coprisedia-avorio.webp 1000w, https:\/\/villabornancini.it\/wp-content\/uploads\/2025\/03\/coprisedia-avorio-250x250.webp 250w, https:\/\/villabornancini.it\/wp-content\/uploads\/2025\/03\/coprisedia-avorio-100x100.webp 100w, https:\/\/villabornancini.it\/wp-content\/uploads\/2025\/03\/coprisedia-avorio-350x350.webp 350w, https:\/\/villabornancini.it\/wp-content\/uploads\/2025\/03\/coprisedia-avorio-300x300.webp 300w, https:\/\/villabornancini.it\/wp-content\/uploads\/2025\/03\/coprisedia-avorio-150x150.webp 150w, https:\/\/villabornancini.it\/wp-content\/uploads\/2025\/03\/coprisedia-avorio-768x768.webp 768w, https:\/\/villabornancini.it\/wp-content\/uploads\/2025\/03\/coprisedia-avorio-48x48.webp 48w, https:\/\/villabornancini.it\/wp-content\/uploads\/2025\/03\/coprisedia-avorio-550x550.webp 550w, https:\/\/villabornancini.it\/wp-content\/uploads\/2025\/03\/coprisedia-avorio-800x800.webp 800w, https:\/\/villabornancini.it\/wp-content\/uploads\/2025\/03\/coprisedia-avorio-180x180.webp 180w, https:\/\/villabornancini.it\/wp-content\/uploads\/2025\/03\/coprisedia-avorio-500x500.webp 500w\" sizes=\"auto, (max-width: 200px) 100vw, 200px\" \/><\/a><figcaption id=\"caption-attachment-40748\" class=\"wp-caption-text\"><span style=\"color: #ffcc00;\">Capa de cadeira marfim<\/span><br \/>COD: CS00001<\/figcaption><\/figure><\/td>\n<td width=\"160\">\n<p><figure id=\"attachment_40750\" aria-describedby=\"caption-attachment-40750\" style=\"width: 200px\" class=\"wp-caption alignnone\"><a href=\"https:\/\/villabornancini.it\/wp-content\/uploads\/2025\/03\/cuscino-nero-per-sedia-chiavari.webp\"><img loading=\"lazy\" decoding=\"async\" class=\"wp-image-40750\" src=\"https:\/\/villabornancini.it\/wp-content\/uploads\/2025\/03\/cuscino-nero-per-sedia-chiavari.webp\" alt=\"\" width=\"200\" height=\"200\" srcset=\"https:\/\/villabornancini.it\/wp-content\/uploads\/2025\/03\/cuscino-nero-per-sedia-chiavari.webp 1000w, https:\/\/villabornancini.it\/wp-content\/uploads\/2025\/03\/cuscino-nero-per-sedia-chiavari-250x250.webp 250w, https:\/\/villabornancini.it\/wp-content\/uploads\/2025\/03\/cuscino-nero-per-sedia-chiavari-100x100.webp 100w, https:\/\/villabornancini.it\/wp-content\/uploads\/2025\/03\/cuscino-nero-per-sedia-chiavari-350x350.webp 350w, https:\/\/villabornancini.it\/wp-content\/uploads\/2025\/03\/cuscino-nero-per-sedia-chiavari-300x300.webp 300w, https:\/\/villabornancini.it\/wp-content\/uploads\/2025\/03\/cuscino-nero-per-sedia-chiavari-150x150.webp 150w, https:\/\/villabornancini.it\/wp-content\/uploads\/2025\/03\/cuscino-nero-per-sedia-chiavari-768x768.webp 768w, https:\/\/villabornancini.it\/wp-content\/uploads\/2025\/03\/cuscino-nero-per-sedia-chiavari-48x48.webp 48w, https:\/\/villabornancini.it\/wp-content\/uploads\/2025\/03\/cuscino-nero-per-sedia-chiavari-550x550.webp 550w, https:\/\/villabornancini.it\/wp-content\/uploads\/2025\/03\/cuscino-nero-per-sedia-chiavari-800x800.webp 800w, https:\/\/villabornancini.it\/wp-content\/uploads\/2025\/03\/cuscino-nero-per-sedia-chiavari-180x180.webp 180w, https:\/\/villabornancini.it\/wp-content\/uploads\/2025\/03\/cuscino-nero-per-sedia-chiavari-500x500.webp 500w\" sizes=\"auto, (max-width: 200px) 100vw, 200px\" \/><\/a><figcaption id=\"caption-attachment-40750\" class=\"wp-caption-text\"><span style=\"color: #ffcc00;\">Almofada branca ou preta para cadeira Chiavari \u20ac. 1.60<\/span><br \/>COD: CS00004\/5<\/figcaption><\/figure><\/td>\n<td width=\"160\">\n<p><figure id=\"attachment_40751\" aria-describedby=\"caption-attachment-40751\" style=\"width: 200px\" class=\"wp-caption alignnone\"><a href=\"https:\/\/villabornancini.it\/wp-content\/uploads\/2025\/03\/cuscino-burro-per-sedia-ferro-battuto.webp\"><img loading=\"lazy\" decoding=\"async\" class=\"wp-image-40751\" src=\"https:\/\/villabornancini.it\/wp-content\/uploads\/2025\/03\/cuscino-burro-per-sedia-ferro-battuto-300x300.webp\" alt=\"\" width=\"200\" height=\"200\" srcset=\"https:\/\/villabornancini.it\/wp-content\/uploads\/2025\/03\/cuscino-burro-per-sedia-ferro-battuto-300x300.webp 300w, https:\/\/villabornancini.it\/wp-content\/uploads\/2025\/03\/cuscino-burro-per-sedia-ferro-battuto-250x250.webp 250w, https:\/\/villabornancini.it\/wp-content\/uploads\/2025\/03\/cuscino-burro-per-sedia-ferro-battuto-100x100.webp 100w, https:\/\/villabornancini.it\/wp-content\/uploads\/2025\/03\/cuscino-burro-per-sedia-ferro-battuto-350x350.webp 350w, https:\/\/villabornancini.it\/wp-content\/uploads\/2025\/03\/cuscino-burro-per-sedia-ferro-battuto-150x150.webp 150w, https:\/\/villabornancini.it\/wp-content\/uploads\/2025\/03\/cuscino-burro-per-sedia-ferro-battuto-768x768.webp 768w, https:\/\/villabornancini.it\/wp-content\/uploads\/2025\/03\/cuscino-burro-per-sedia-ferro-battuto-48x48.webp 48w, https:\/\/villabornancini.it\/wp-content\/uploads\/2025\/03\/cuscino-burro-per-sedia-ferro-battuto-550x550.webp 550w, https:\/\/villabornancini.it\/wp-content\/uploads\/2025\/03\/cuscino-burro-per-sedia-ferro-battuto-800x800.webp 800w, https:\/\/villabornancini.it\/wp-content\/uploads\/2025\/03\/cuscino-burro-per-sedia-ferro-battuto-180x180.webp 180w, https:\/\/villabornancini.it\/wp-content\/uploads\/2025\/03\/cuscino-burro-per-sedia-ferro-battuto-500x500.webp 500w, https:\/\/villabornancini.it\/wp-content\/uploads\/2025\/03\/cuscino-burro-per-sedia-ferro-battuto.webp 1000w\" sizes=\"auto, (max-width: 200px) 100vw, 200px\" \/><\/a><figcaption id=\"caption-attachment-40751\" class=\"wp-caption-text\"><span style=\"color: #ffcc00;\">Almofada manteiga para cadeira em ferro forjado \u20ac. 1.20<\/span><br \/>COD: CS00003<\/figcaption><\/figure><\/td>\n<\/tr>\n<\/tbody>\n<\/table>\n<p><script type=\"text\/javascript\">var nibirumail_advice_text = 'villabornancini.it usa cookies para oferecer uma melhor experi\u00eancia de navega\u00e7\u00e3o. Ao usar nosso servi\u00e7o, voc\u00ea aceita o uso de cookies de acordo com nossa pol\u00edtica de cookies. <a href=\"https:\/\/villabornancini.it\/?page_id=1432&lang=pt\" target=\"_blank\">Descubra mais.<\/a>. <a href=\"javascript:;\" class=\"nibirumail_agreement\">Entendo.<\/a>';<\/script><br \/>\n<script type=\"text\/javascript\">var cookie_policy_url = 'https:\/\/villabornancini.it\/?page_id=1432&lang=pt';<\/script><br \/>\n<script type=\"text\/javascript\" src=\"https:\/\/nibirumail.com\/docs\/scripts\/nibirumail.cookie.min.js\"><\/script><\/p>","protected":false},"excerpt":{"rendered":"<p>As cadeiras, fabricadas com materiais de elevada qualidade, destacam-se pelo seu estilo e funcionalidade, enquanto as capas para cadeiras se adaptam a cada ocasi\u00e3o, real\u00e7ando o ambiente com simplicidade e requinte. Regressar ao Aluguel &nbsp; Cadeiras Capas para cadeiras<\/p>\n","protected":false},"author":1,"featured_media":0,"parent":0,"menu_order":0,"comment_status":"closed","ping_status":"closed","template":"","meta":{"footnotes":""},"class_list":["post-40724","page","type-page","status-publish","hentry"],"_links":{"self":[{"href":"https:\/\/villabornancini.it\/pt\/wp-json\/wp\/v2\/pages\/40724","targetHints":{"allow":["GET"]}}],"collection":[{"href":"https:\/\/villabornancini.it\/pt\/wp-json\/wp\/v2\/pages"}],"about":[{"href":"https:\/\/villabornancini.it\/pt\/wp-json\/wp\/v2\/types\/page"}],"author":[{"embeddable":true,"href":"https:\/\/villabornancini.it\/pt\/wp-json\/wp\/v2\/users\/1"}],"replies":[{"embeddable":true,"href":"https:\/\/villabornancini.it\/pt\/wp-json\/wp\/v2\/comments?post=40724"}],"version-history":[{"count":8,"href":"https:\/\/villabornancini.it\/pt\/wp-json\/wp\/v2\/pages\/40724\/revisions"}],"predecessor-version":[{"id":47092,"href":"https:\/\/villabornancini.it\/pt\/wp-json\/wp\/v2\/pages\/40724\/revisions\/47092"}],"wp:attachment":[{"href":"https:\/\/villabornancini.it\/pt\/wp-json\/wp\/v2\/media?parent=40724"}],"curies":[{"name":"wp","href":"https:\/\/api.w.org\/{rel}","templated":true}]}}